{"id":98,"date":"2021-10-02T22:53:58","date_gmt":"2021-10-02T20:53:58","guid":{"rendered":"http:\/\/regionplus.cz\/chuchle\/?page_id=98"},"modified":"2026-02-10T21:05:59","modified_gmt":"2026-02-10T20:05:59","slug":"absenger-frantisek","status":"publish","type":"page","link":"https:\/\/regionplus.cz\/chuchle\/vyznamne-osobnosti\/absenger-frantisek\/","title":{"rendered":"Absenger Franti\u0161ek"},"content":{"rendered":"<p>17. 2. 1873 &#8211; 27. 1. 1974<\/p>\n<p>V \u010dp. 14 nedaleko \u017eelezni\u010dn\u00edho p\u0159ejezdu, v dom\u011b, kter\u00e9mu se p\u0159ed mnoha lety p\u0159ezd\u00edvalo \u201eVila Olga\u201c, \u017eil po mnoho let, dnes ji\u017e legend\u00e1rn\u00ed Franti\u0161ek Absenger, snad jedin\u00fd chuchelsk\u00fd ob\u010dan n\u011bmeck\u00e9 n\u00e1rodnosti, nebyl po druh\u00e9 sv\u011btov\u00e9 v\u00e1lce odsunut\u00fd do N\u011bmecka.<\/p>\n<p>Narodil se 17. \u00fanora 1873 na Pra\u017esk\u00e9m hrad\u011b. Cel\u00fd sv\u016fj \u017eivot se coby profesor hudby v\u011bnoval tomuto um\u011bn\u00ed. Byl zn\u00e1m i v zahrani\u010d\u00ed, nap\u0159\u00edklad ve \u0160v\u00fdcarsku, kde ur\u010ditou dobu p\u016fsobil jako dirigent. V d\u016fchodov\u00e9m v\u011bku se nakonec usadil v Chuchli. Zde byl v\u00e1\u017een\u00fdm ob\u010danem, proto\u017ee m\u00edstn\u00ed ob\u010dany dou\u010doval n\u011bm\u010dinu. P\u0159esto i o n\u011bm se za\u010daly hned v kv\u011btnu 1945 \u0161\u00ed\u0159it \u0159e\u010di, \u017ee byl vid\u011bn v eses\u00e1ck\u00e9 uniform\u011b, ale v\u011bt\u0161ina chuchelsk\u00fdch ob\u010dan\u016f se za n\u011bj postavila. V\u017edy\u0165 mnoz\u00ed si pamatovali, \u017ee krom\u011b v\u00fduky jazyka, mnoha lidem z obce ve v\u00e1lce pomohl, \u017ee to byl pr\u00e1v\u011b on, kdo je\u0161t\u011b p\u0159ed z\u00e1kazem Sokola zakopal na sv\u00e9 zahrad\u011b historick\u00fd prapor, kter\u00fd v roce 1937 p\u0159i p\u0159\u00edle\u017eitosti 30. v\u00fdro\u010d\u00ed m\u00edstn\u00ed jednoty vytvo\u0159ily \u010dlenky Sokola. Nakonec tich\u00fdm sv\u011bdkem je pr\u00e1v\u011b onen prapor, kter\u00fd dodnes na sob\u011b nese stopy po ulo\u017een\u00ed v zemi a jen\u017e je p\u0159i v\u00fdznamn\u00fdch sokolsk\u00fdch ud\u00e1lostech mo\u017eno vid\u011bt v m\u00edstn\u00ed sokolovn\u011b.<\/p>\n<p>Pro sv\u016fj v\u00fdrazn\u00fd zjev se uplatnil v komparsu v barrandovsk\u00fdch filmov\u00fdch ateli\u00e9rech, nap\u0159. ve filmu <a href=\"https:\/\/www.csfd.cz\/film\/23438-kam-cert-nemuze\/prehled\/\" target=\"_blank\" rel=\"noopener\">Kam \u010dert nem\u016f\u017ee (1959).<\/a><\/p>\n<p><a href=\"http:\/\/regionplus.cz\/chuchle\/wp-content\/uploads\/sites\/2\/2021\/12\/absenger-kam_cert.jpg\"><img loading=\"lazy\" decoding=\"async\" class=\"aligncenter size-full wp-image-348\" src=\"http:\/\/regionplus.cz\/chuchle\/wp-content\/uploads\/sites\/2\/2021\/12\/absenger-kam_cert.jpg\" alt=\"\" width=\"800\" height=\"600\" srcset=\"https:\/\/regionplus.cz\/chuchle\/wp-content\/uploads\/sites\/2\/2021\/12\/absenger-kam_cert.jpg 800w, https:\/\/regionplus.cz\/chuchle\/wp-content\/uploads\/sites\/2\/2021\/12\/absenger-kam_cert-300x225.jpg 300w, https:\/\/regionplus.cz\/chuchle\/wp-content\/uploads\/sites\/2\/2021\/12\/absenger-kam_cert-768x576.jpg 768w, https:\/\/regionplus.cz\/chuchle\/wp-content\/uploads\/sites\/2\/2021\/12\/absenger-kam_cert-400x300.jpg 400w, https:\/\/regionplus.cz\/chuchle\/wp-content\/uploads\/sites\/2\/2021\/12\/absenger-kam_cert-160x120.jpg 160w\" sizes=\"auto, (max-width: 800px) 100vw, 800px\" \/><\/a><\/p>\n<p style=\"text-align: center;\">Franti\u0161ek Absenger po boku here\u010dky Jany Hlav\u00e1\u010dov\u00e9<\/p>\n<p>Franti\u0161ek Absenger se nakonec z\u00a0Chuchle odst\u011bhoval a sv\u016fj dlouh\u00fd \u017eivot do\u017eil v\u00a0Rej\u0161tejn\u011b na \u0160umav\u011b. Jeho p\u016fvodn\u00ed soused\u00e9 v\u0161ak na n\u011bj nezapomn\u011bli a tak, kdy\u017e v\u00a0roce 1973 slavil sv\u00e9 st\u00e9 narozeniny, p\u0159ijeli mu k\u00a0nim blahop\u0159\u00e1t i p\u0159edstavitel\u00e9 z\u00a0chuchelsk\u00e9ho n\u00e1rodn\u00edho v\u00fdboru. Za necel\u00fd rok na to, 27. ledna 1974 Franti\u0161ek Absenger zem\u0159el.<\/p>\n<p><a href=\"http:\/\/regionplus.cz\/chuchle\/wp-content\/uploads\/sites\/2\/2026\/02\/frantisek-absenger-16-8-2024.jpg\"><img loading=\"lazy\" decoding=\"async\" class=\"aligncenter size-full wp-image-1246\" src=\"http:\/\/regionplus.cz\/chuchle\/wp-content\/uploads\/sites\/2\/2026\/02\/frantisek-absenger-16-8-2024.jpg\" alt=\"\" width=\"600\" height=\"1067\" srcset=\"https:\/\/regionplus.cz\/chuchle\/wp-content\/uploads\/sites\/2\/2026\/02\/frantisek-absenger-16-8-2024.jpg 600w, https:\/\/regionplus.cz\/chuchle\/wp-content\/uploads\/sites\/2\/2026\/02\/frantisek-absenger-16-8-2024-169x300.jpg 169w, https:\/\/regionplus.cz\/chuchle\/wp-content\/uploads\/sites\/2\/2026\/02\/frantisek-absenger-16-8-2024-576x1024.jpg 576w\" sizes=\"auto, (max-width: 600px) 100vw, 600px\" \/><\/a><\/p>\n<p style=\"text-align: center;\">Hrob v Rej\u0161tejn\u011b (16. 8. 2024)<\/p>\n<p><a href=\"http:\/\/regionplus.cz\/chuchle\/wp-content\/uploads\/sites\/2\/2026\/02\/frantisek-absenger-16-8-2024detail-nahrobni-desky.jpg\"><img loading=\"lazy\" decoding=\"async\" class=\"aligncenter size-full wp-image-1247\" src=\"http:\/\/regionplus.cz\/chuchle\/wp-content\/uploads\/sites\/2\/2026\/02\/frantisek-absenger-16-8-2024detail-nahrobni-desky.jpg\" alt=\"\" width=\"366\" height=\"606\" srcset=\"https:\/\/regionplus.cz\/chuchle\/wp-content\/uploads\/sites\/2\/2026\/02\/frantisek-absenger-16-8-2024detail-nahrobni-desky.jpg 366w, https:\/\/regionplus.cz\/chuchle\/wp-content\/uploads\/sites\/2\/2026\/02\/frantisek-absenger-16-8-2024detail-nahrobni-desky-181x300.jpg 181w\" sizes=\"auto, (max-width: 366px) 100vw, 366px\" \/><\/a><\/p>\n<p style=\"text-align: center;\">Detail n\u00e1hrobn\u00ed desky (16. 8. 2024)<\/p>\n<p>&nbsp;<\/p>\n","protected":false},"excerpt":{"rendered":"<p>17. 2. 1873 &#8211; 27. 1. 1974 V \u010dp. 14 nedaleko \u017eelezni\u010dn\u00edho p\u0159ejezdu, v dom\u011b, kter\u00e9mu se p\u0159ed mnoha lety p\u0159ezd\u00edvalo \u201eVila Olga\u201c, \u017eil po mnoho let, dnes ji\u017e legend\u00e1rn\u00ed Franti\u0161ek Absenger, snad jedin\u00fd chuchelsk\u00fd ob\u010dan n\u011bmeck\u00e9 n\u00e1rodnosti, nebyl po &hellip; <a href=\"https:\/\/regionplus.cz\/chuchle\/vyznamne-osobnosti\/absenger-frantisek\/\">Cel\u00fd p\u0159\u00edsp\u011bvek <span class=\"meta-nav\">&rarr;<\/span><\/a><\/p>\n","protected":false},"author":1,"featured_media":0,"parent":96,"menu_order":0,"comment_status":"closed","ping_status":"closed","template":"","meta":{"footnotes":""},"class_list":["post-98","page","type-page","status-publish","hentry"],"_links":{"self":[{"href":"https:\/\/regionplus.cz\/chuchle\/wp-json\/wp\/v2\/pages\/98","targetHints":{"allow":["GET"]}}],"collection":[{"href":"https:\/\/regionplus.cz\/chuchle\/wp-json\/wp\/v2\/pages"}],"about":[{"href":"https:\/\/regionplus.cz\/chuchle\/wp-json\/wp\/v2\/types\/page"}],"author":[{"embeddable":true,"href":"https:\/\/regionplus.cz\/chuchle\/wp-json\/wp\/v2\/users\/1"}],"replies":[{"embeddable":true,"href":"https:\/\/regionplus.cz\/chuchle\/wp-json\/wp\/v2\/comments?post=98"}],"version-history":[{"count":5,"href":"https:\/\/regionplus.cz\/chuchle\/wp-json\/wp\/v2\/pages\/98\/revisions"}],"predecessor-version":[{"id":1248,"href":"https:\/\/regionplus.cz\/chuchle\/wp-json\/wp\/v2\/pages\/98\/revisions\/1248"}],"up":[{"embeddable":true,"href":"https:\/\/regionplus.cz\/chuchle\/wp-json\/wp\/v2\/pages\/96"}],"wp:attachment":[{"href":"https:\/\/regionplus.cz\/chuchle\/wp-json\/wp\/v2\/media?parent=98"}],"curies":[{"name":"wp","href":"https:\/\/api.w.org\/{rel}","templated":true}]}}