{"id":702,"date":"2023-06-15T00:22:39","date_gmt":"2023-06-14T22:22:39","guid":{"rendered":"http:\/\/regionplus.cz\/chuchle\/?page_id=702"},"modified":"2023-09-09T23:22:03","modified_gmt":"2023-09-09T21:22:03","slug":"zagler-jan","status":"publish","type":"page","link":"https:\/\/regionplus.cz\/chuchle\/vyznamne-osobnosti\/zagler-jan\/","title":{"rendered":"Z\u00e1gler Jan"},"content":{"rendered":"<p><a href=\"http:\/\/regionplus.cz\/chuchle\/wp-content\/uploads\/sites\/2\/2023\/06\/dostihy_zagler_piggott.jpg\"><img loading=\"lazy\" decoding=\"async\" class=\"alignleft size-medium wp-image-700\" src=\"http:\/\/regionplus.cz\/chuchle\/wp-content\/uploads\/sites\/2\/2023\/06\/dostihy_zagler_piggott-300x213.jpg\" alt=\"\" width=\"300\" height=\"213\" srcset=\"https:\/\/regionplus.cz\/chuchle\/wp-content\/uploads\/sites\/2\/2023\/06\/dostihy_zagler_piggott-300x213.jpg 300w, https:\/\/regionplus.cz\/chuchle\/wp-content\/uploads\/sites\/2\/2023\/06\/dostihy_zagler_piggott-423x300.jpg 423w, https:\/\/regionplus.cz\/chuchle\/wp-content\/uploads\/sites\/2\/2023\/06\/dostihy_zagler_piggott.jpg 479w\" sizes=\"auto, (max-width: 300px) 100vw, 300px\" \/><\/a>\u017divotn\u00ed osudy Jana Z\u00e1glera jsou neodmysliteln\u011b spojeny s Velkou Chuchl\u00ed. Jeho tat\u00ednek byl popul\u00e1rn\u00ed \u017eokej, maminka zase hr\u00e1la v Chuchli ochotnick\u00e9 divadlo, a tak nen\u00ed divu, \u017ee od d\u011btstv\u00ed t\u00edhnul k ob\u011bma aktivit\u00e1m. Na z\u00e1vodi\u0161ti byl jako doma, stal se mil\u00e1\u010dkem a v m\u00edstn\u00edch \u017eokej\u016f a tak\u00e9 si st\u0159ihl i n\u011bkolik d\u011btsk\u00fdch rol\u00ed v ochotnick\u00e9m divadle m\u00edstn\u00edch hasi\u010d\u016f. Kultura mu byla ostatn\u011b velmi bl\u00edzk\u00e1, v r\u00e1mci m\u00edstn\u00ed organizace Svazu \u010desk\u00e9 ml\u00e1de\u017ee se stal \u010dlenem estr\u00e1dn\u00edho souboru a zde p\u016fsobil v letech 1956 \u2013 1966. Soubor se v roce 1960 p\u0159ejmenoval na Kolektiv satiry (KOS) a jeho \u010dlenov\u00e9 s p\u0159evzat\u00fdmi i vlastn\u00edmi p\u0159edstaven\u00edmi hr\u00e1li nejen v Chuchli ale i po cel\u00e9 republice a \u00fa\u010dastnili se \u0159ady sout\u011b\u017e\u00ed. V otcov\u00fdch stop\u00e1ch Jan Z\u00e1gler tedy nepokra\u010doval. Vyu\u010dil se fotografem na U\u010d\u0148ovsk\u00e9 \u0161kole m\u00edstn\u00edho hospod\u00e1\u0159stv\u00ed v D\u011b\u010d\u00edn\u011b. Po vyu\u010den\u00ed do roku 1964 pracoval ve fotoslu\u017eb\u011b na Zbraslavi. Mo\u017en\u00e1 i d\u00edky n\u011bmu vzniklo v t\u00e9 dob\u011b n\u011bkolik pohlednic Velk\u00e9 Chuchle. Pak pracoval v \u010cKD Praha a od roku 1977 ve fotoodd\u011blen\u00ed Vojensk\u00e9ho projektov\u00e9ho \u00fastavu v Praze. \u00a0V roce 1992 se stal zam\u011bstnancem tisk\u00e1rny \u00dastavu jadern\u00fdch informac\u00ed na Zbraslavi, kde pracoval 10 let, ne\u017e ode\u0161el do d\u016fchodu.<\/p>\n<p>P\u0159esto\u017ee se Jan Z\u00e1gler dostih\u016fm profesion\u00e1ln\u011b nev\u011bnoval, poda\u0159ilo se mu \u010dasem z\u00edskat amat\u00e9rskou licenci. Na chuchelsk\u00e9m z\u00e1vodi\u0161ti jste ho mohli vid\u011bt v\u00a0letech 1969 \u2013 1973. V\u00a0dostihov\u00fdch ro\u010denk\u00e1ch je zaznamen\u00e1no, \u017ee vyhr\u00e1l dva dostihy. V\u00a0druh\u00e9 polovin\u011b osmdes\u00e1t\u00fdch let minul\u00e9ho stolet\u00ed za\u010dal slou\u017eit jako c\u00edlov\u00fd rozhod\u010d\u00ed a od roku 1993 po n\u00e1sleduj\u00edc\u00edch v\u00edce ne\u017e dvacet let jako \u010dlen dostihov\u00e9 komise. Dostihy pat\u0159ily k\u00a0jeho \u017eivotu, jako velk\u00fd pam\u011btn\u00edk o nich dok\u00e1zal vypr\u00e1v\u011bt poutav\u011b cel\u00e9 hodiny. A nejen \u017ee vypr\u00e1v\u011bl, tak\u00e9 o nich psal do dostihov\u00fdch i region\u00e1ln\u00edch periodik.<\/p>\n<p>Od sv\u00e9ho narozen\u00ed pat\u0159il neodmysliteln\u011b do chuchelsk\u00e9ho ve\u0159ejn\u00e9ho \u017eivota. Jeho vliv byl nejpatrn\u011bj\u0161\u00ed od roku 1990, kdy byl opakovan\u011b zvolen do chuchelsk\u00e9ho zastupitelstva a dokonce p\u016fsobil n\u011bkolik volebn\u00edch obdob\u00ed i ve funkci m\u00edstostarosty m\u011bstsk\u00e9 \u010d\u00e1sti Praha \u2013 Velk\u00e1 Chuchle. Jako p\u0159edseda \u0161kolsk\u00e9 a kulturn\u00ed komise v\u00fdrazn\u011b podporoval z\u00e1kladn\u00ed a mate\u0159skou \u0161kolu, dostihov\u00e9 u\u010dili\u0161t\u011b, knihovnu, \u010dinnost m\u00edstn\u00edch spolk\u016f a byl i u vzniku Chuchelsk\u00e9ho zpravodaje v\u00a0roce 1995 &#8211; byl \u010dlenem redak\u010dn\u00ed rady a redakce a prakticky do posledn\u00edch chvil sv\u00e9ho \u017eivota s\u00a0redakc\u00ed tak\u00e9 spolupracoval. Coby profesion\u00e1ln\u00ed fotograf nezap\u0159el sv\u00e9 \u0159emeslo a byl poctiv\u00fdm dokument\u00e1torem chuchelsk\u00e9ho d\u011bn\u00ed. Nav\u00edc v\u00a0letech 1999 \u2013 2005 zaji\u0161\u0165oval provoz chuchelsk\u00e9ho Infokan\u00e1lu kabelov\u00e9 televize. Jeho dvacetiminutov\u00e9 po\u0159ady, kter\u00e9 se pravideln\u011b objevovaly na chuchelsk\u00fdch televizn\u00edch obrazovk\u00e1ch, se dodnes zachovaly na dvaceti videokazet\u00e1ch a jsou d\u016fle\u017eit\u00fdm sv\u011bdectv\u00edm doby (legend\u00e1rn\u00ed je mj. jeho po\u0159ad o povodni v\u00a0roce 2002). \u00a0Dal\u0161\u00ed nezapomenutelnou rovinou Jana Z\u00e1glera je jeho hasi\u010dsk\u00e1 \u010dinnost. Byl dlouholet\u00fdm \u010dlenem chuchelsk\u00e9ho sboru dobrovoln\u00fdch hasi\u010d\u016f, kde mj. \u00a0vykon\u00e1val funkci starosty sboru.<\/p>\n<p>Do chuchelsk\u00e9 pam\u011bti se Jan Z\u00e1gler zapsal p\u0159edev\u0161\u00edm pro sv\u016fj v\u011b\u010dn\u00fd optimismus, milou a p\u0159\u00e1telskou povahu. Zem\u0159el 3. \u010dervna 2023 a je poh\u0159ben na chuchelsk\u00e9m h\u0159bitov\u011b.<\/p>\n<p>&nbsp;<\/p>\n<p>Infomace o \u00famrt\u00ed:<\/p>\n<p>1) <a href=\"http:\/\/regionplus.cz\/chuchle\/2023\/06\/15\/vzpominka-na-jana-zaglera\/\">Vzpom\u00ednka na Jana Z\u00e1glera<\/a><\/p>\n<p>2) <a href=\"https:\/\/dostihy.fitmin.cz\/domaci-dostihove-deni\/zemrel-jan-zagler-byvalemu-amaterskemu-jezdci-pozdeji-dlouholetemu-clenu-dostihovych-komisi-bylo-82-let.html?highlight=WyJ6XHUwMGUxZ2xlciJd\">Zem\u0159el Jan Z\u00e1gler. B\u00fdval\u00e9mu amat\u00e9rsk\u00e9mu jezdci, pozd\u011bji dlouholet\u00e9mu \u010dlenu Dostihov\u00fdch komis\u00ed, bylo 82 let<\/a>(9. 9. 2023)<\/p>\n","protected":false},"excerpt":{"rendered":"<p>\u017divotn\u00ed osudy Jana Z\u00e1glera jsou neodmysliteln\u011b spojeny s Velkou Chuchl\u00ed. Jeho tat\u00ednek byl popul\u00e1rn\u00ed \u017eokej, maminka zase hr\u00e1la v Chuchli ochotnick\u00e9 divadlo, a tak nen\u00ed divu, \u017ee od d\u011btstv\u00ed t\u00edhnul k ob\u011bma aktivit\u00e1m. Na z\u00e1vodi\u0161ti byl jako doma, stal se &hellip; <a href=\"https:\/\/regionplus.cz\/chuchle\/vyznamne-osobnosti\/zagler-jan\/\">Cel\u00fd p\u0159\u00edsp\u011bvek <span class=\"meta-nav\">&rarr;<\/span><\/a><\/p>\n","protected":false},"author":1,"featured_media":0,"parent":96,"menu_order":0,"comment_status":"closed","ping_status":"closed","template":"","meta":{"footnotes":""},"class_list":["post-702","page","type-page","status-publish","hentry"],"_links":{"self":[{"href":"https:\/\/regionplus.cz\/chuchle\/wp-json\/wp\/v2\/pages\/702","targetHints":{"allow":["GET"]}}],"collection":[{"href":"https:\/\/regionplus.cz\/chuchle\/wp-json\/wp\/v2\/pages"}],"about":[{"href":"https:\/\/regionplus.cz\/chuchle\/wp-json\/wp\/v2\/types\/page"}],"author":[{"embeddable":true,"href":"https:\/\/regionplus.cz\/chuchle\/wp-json\/wp\/v2\/users\/1"}],"replies":[{"embeddable":true,"href":"https:\/\/regionplus.cz\/chuchle\/wp-json\/wp\/v2\/comments?post=702"}],"version-history":[{"count":6,"href":"https:\/\/regionplus.cz\/chuchle\/wp-json\/wp\/v2\/pages\/702\/revisions"}],"predecessor-version":[{"id":720,"href":"https:\/\/regionplus.cz\/chuchle\/wp-json\/wp\/v2\/pages\/702\/revisions\/720"}],"up":[{"embeddable":true,"href":"https:\/\/regionplus.cz\/chuchle\/wp-json\/wp\/v2\/pages\/96"}],"wp:attachment":[{"href":"https:\/\/regionplus.cz\/chuchle\/wp-json\/wp\/v2\/media?parent=702"}],"curies":[{"name":"wp","href":"https:\/\/api.w.org\/{rel}","templated":true}]}}