{"id":691,"date":"2023-05-30T22:07:40","date_gmt":"2023-05-30T20:07:40","guid":{"rendered":"http:\/\/regionplus.cz\/chuchle\/?page_id=691"},"modified":"2023-05-30T22:16:07","modified_gmt":"2023-05-30T20:16:07","slug":"zili-v-chuchli","status":"publish","type":"page","link":"https:\/\/regionplus.cz\/chuchle\/vyznamne-osobnosti\/zili-v-chuchli\/","title":{"rendered":"\u017dili v Chuchli"},"content":{"rendered":"<p><strong>Arno\u0161t Godlflam<\/strong> &#8211; herec v letech cca 2003 &#8211; 2010 \u017eil s man\u017eelkou Petrou \u0160t\u011btinovou &#8211; Goldflamovou ve Velk\u00e9 Chuchli. B\u011bhem sv\u00e9ho pobytu se \u00fa\u010dastnil ve\u0159ejn\u00e9ho \u017eivota, nap\u0159. v porot\u011b m\u00edstn\u00edho kola Pra\u017esk\u00e9ho poetick\u00e9ho setk\u00e1n\u00ed v Z\u0160 Charlotty Masarykov\u00e9 (2007). Je\u0161t\u011b v roce 2014 podpo\u0159il svoj\u00ed \u00fa\u010dast\u00ed velikono\u010dn\u00ed akci chuchelsk\u00fdch ochotn\u00edk\u016f (viz Chuchelsk\u00fd zpravodaj 3-4\/2014).<\/p>\n<p><strong>Ljuba Sko\u0159epov\u00e1<\/strong> &#8211; here\u010dka, dlouh\u00e1 l\u00e9ta vlastnila chatu na Lahovsk\u00e9. Ve\u0159ejn\u00e9ho \u017eivota v Chuchli se ne\u00fa\u010dastnila, bylo j\u00ed ale mo\u017en\u00e9 spat\u0159it v autobusu nebo cestou na Hv\u011bzd\u00e1rnu.<\/p>\n<p><em>&#8222;Mnoho \u010dasu v\u0161ak str\u00e1v\u00edm na zahrad\u011b tady v Praze nad Chuchl\u00ed, ke kter\u00e9 se jde t\u0159i \u010dtvrt\u011b hodiny p\u011b\u0161ky do prudk\u00e9ho kopce. Kdy\u017e jsem tuto zahr\u00e1dku kdysi dostala k pron\u00e1jmu, nach\u00e1zelo se tam jen tvrd\u00e9 j\u00edlovit\u00e9 pole. Cokoliv jsem tam zasadila, musela jsem o to urputn\u011b pe\u010dovat a t\u0159eba i j\u00edt do toho kopce s kybl\u00edkem vody, aby to nezahynulo. A to jsem je\u0161t\u011b nem\u011bla auto. Byla to pekeln\u00e1 d\u0159ina. Zasadila jsem tu se sv\u00fdm tat\u00ednkem o\u0159e\u0161\u00e1k, kter\u00fd jsem pojmenovala Ferda a tak\u00e9 meru\u0148ku M\u00e1\u0148u. Oba stromy mn\u011b d\u011blaj\u00ed radost. Jsem jejich m\u00e1ma. Ka\u017ed\u00fd rok maj\u00ed spoustu plod\u016f. Taky s nimi mluv\u00edm &#8211; o t\u011bch debat\u00e1ch jsem psala i ve sv\u00fdch kn\u00ed\u017ek\u00e1ch &#8211; a ty stromy se mi odm\u011b\u0148uj\u00ed t\u00edm, \u017ee bohat\u011b plod\u00ed. Ned\u00e1vno se bohu\u017eel stalo, \u017ee jsem p\u0159i\u0161la na zahradu (kam st\u00e1le chod\u00edm p\u011b\u0161ky), a spat\u0159ila jsem j\u00e1mu a p\u0159e\u0159ezan\u00e9 a zmrza\u010den\u00e9 ko\u0159eny toho o\u0159e\u0161\u00e1ku. Bylo mi z toho na nic a ptala jsem se d\u011bln\u00edk\u016f, kte\u0159\u00ed tu kopali, jestli to bylo nutn\u00e9, ale oni se mnou nemluvili.\u00a0 Potom j\u00e1mu sice zasypali, ale j\u00e1 m\u00e1m strach, \u017ee o\u0159e\u0161\u00e1k zahyne. M\u00e1 poni\u010denou p\u016flku ko\u0159en\u016f. Asi to nevydr\u017e\u00ed. Ob\u00e1v\u00e1m se, aby Ferdovo vol\u00e1n\u00ed o pomoc, kter\u00e9 vyjde v nov\u00e9 knize, nevy\u0161lo naplano.&#8220;<\/em><\/p>\n<p><a href=\"https:\/\/www.pozitivni-noviny.cz\/cz\/clanek-2006120715\">2006: Pozitivn\u00ed noviny: \u017divot je r\u00e9bus\u00a0<\/a><\/p>\n<p>Kniha: Divotvorn\u00fd sv\u011bt Ljuby Sko\u0159epov\u00e9, Praha 2006<\/p>\n","protected":false},"excerpt":{"rendered":"<p>Arno\u0161t Godlflam &#8211; herec v letech cca 2003 &#8211; 2010 \u017eil s man\u017eelkou Petrou \u0160t\u011btinovou &#8211; Goldflamovou ve Velk\u00e9 Chuchli. B\u011bhem sv\u00e9ho pobytu se \u00fa\u010dastnil ve\u0159ejn\u00e9ho \u017eivota, nap\u0159. v porot\u011b m\u00edstn\u00edho kola Pra\u017esk\u00e9ho poetick\u00e9ho setk\u00e1n\u00ed v Z\u0160 Charlotty Masarykov\u00e9 (2007). &hellip; <a href=\"https:\/\/regionplus.cz\/chuchle\/vyznamne-osobnosti\/zili-v-chuchli\/\">Cel\u00fd p\u0159\u00edsp\u011bvek <span class=\"meta-nav\">&rarr;<\/span><\/a><\/p>\n","protected":false},"author":1,"featured_media":0,"parent":96,"menu_order":0,"comment_status":"closed","ping_status":"closed","template":"","meta":{"footnotes":""},"class_list":["post-691","page","type-page","status-publish","hentry"],"_links":{"self":[{"href":"https:\/\/regionplus.cz\/chuchle\/wp-json\/wp\/v2\/pages\/691","targetHints":{"allow":["GET"]}}],"collection":[{"href":"https:\/\/regionplus.cz\/chuchle\/wp-json\/wp\/v2\/pages"}],"about":[{"href":"https:\/\/regionplus.cz\/chuchle\/wp-json\/wp\/v2\/types\/page"}],"author":[{"embeddable":true,"href":"https:\/\/regionplus.cz\/chuchle\/wp-json\/wp\/v2\/users\/1"}],"replies":[{"embeddable":true,"href":"https:\/\/regionplus.cz\/chuchle\/wp-json\/wp\/v2\/comments?post=691"}],"version-history":[{"count":3,"href":"https:\/\/regionplus.cz\/chuchle\/wp-json\/wp\/v2\/pages\/691\/revisions"}],"predecessor-version":[{"id":694,"href":"https:\/\/regionplus.cz\/chuchle\/wp-json\/wp\/v2\/pages\/691\/revisions\/694"}],"up":[{"embeddable":true,"href":"https:\/\/regionplus.cz\/chuchle\/wp-json\/wp\/v2\/pages\/96"}],"wp:attachment":[{"href":"https:\/\/regionplus.cz\/chuchle\/wp-json\/wp\/v2\/media?parent=691"}],"curies":[{"name":"wp","href":"https:\/\/api.w.org\/{rel}","templated":true}]}}