{"id":611,"date":"2023-04-18T15:20:24","date_gmt":"2023-04-18T13:20:24","guid":{"rendered":"http:\/\/regionplus.cz\/chuchle\/?page_id=611"},"modified":"2023-10-10T22:47:56","modified_gmt":"2023-10-10T20:47:56","slug":"obecna-skola","status":"publish","type":"page","link":"https:\/\/regionplus.cz\/chuchle\/skoly\/obecna-skola\/","title":{"rendered":"Obecn\u00e1 \u0161kola"},"content":{"rendered":"<p><em><span style=\"color: #0000ff;\">\u201eJeliko\u017e v Mariansk\u00fdch l\u00e1zn\u00edch v m\u00edst\u011b Mal\u00e9 Chuchli, n\u00e1bo\u017eensk\u00fd fond panstv\u00ed Zbraslavsk\u00e9ho, a\u017e doposud \u017e\u00e1dn\u00fd u\u010ditel ustanoven nen\u00ed a d\u00edtky m\u00edsta Mal\u00e9 Chuchle i s d\u00edtkami Velk\u00e9 Chuchle bez vychov\u00e1n\u00ed a vyu\u010dov\u00e1n\u00ed vyr\u016fstaj\u00ed, proto\u017ee od ka\u017ed\u00e9 \u0161koly vzd\u00e1leny jsou, aby takov\u00e9 nav\u0161t\u011bvovati mohly, tak jsem j\u00e1, n\u00ed\u017eepsan\u00fd pra\u017esk\u00fd m\u011b\u0161\u0165an, v p\u0159esv\u011bd\u010den\u00ed, \u017ee u\u010din\u00edm dobr\u00fd skutek ku blahu \u010dlov\u011b\u010denstva a zvl\u00e1\u0161t\u011b nevinn\u00e9 ml\u00e1de\u017ee odhodlal jsem se \u0161kolu zalo\u017eiti\u2026\u201c<\/span> <\/em><\/p>\n<p style=\"text-align: right;\">Z nada\u010dn\u00ed listiny Anton\u00edna Augusta Ullricha 1811<\/p>\n<p><strong>Vlastn\u00ed d\u011bjiny chuchelsk\u00fdch \u0161kol se za\u010daly ps\u00e1t a\u017e o \u010dty\u0159i roky pozd\u011bji &#8211; v roce 1815, kdy byla n\u00e1kladem zbraslavsk\u00e9ho panstv\u00ed, ob\u010dan\u016f Mal\u00e9 a Velk\u00e9 Chuchle a pra\u017esk\u00e9ho m\u011b\u0161\u0165ana a sl\u00e1dka Anton\u00edna Augusta Ullricha postavena v\u00a0centru Mal\u00e9 Chuchle, nedaleko kostela Narozen\u00ed Panny Marie \u0161koln\u00ed budova.<\/strong> Kuri\u00f3zn\u00ed bylo, \u017ee chuchelsk\u00e1 jednot\u0159\u00eddka (slavnostn\u011b vysv\u011bcen\u00e1 26. \u010dervna 1816) byla postavena na m\u00edst\u011b n\u011bkdej\u0161\u00edho h\u0159bitova, kter\u00fd byl p\u0159esunut do lesa ke kostelu sv. Jana Nepomuck\u00e9ho. Prvn\u00edm u\u010ditelem byl Anton\u00edn Sk\u0159iv\u00e1nek, dal\u0161\u00edmi pak nap\u0159. Franti\u0161ek Vesel\u00fd, b\u011bhem jeho\u017e u\u010ditelov\u00e1n\u00ed do\u0161lo k nep\u0159edv\u00eddateln\u00e9 ud\u00e1losti \u2013 29. z\u00e1\u0159\u00ed 1859 byla \u0161koln\u00ed budova po\u0161kozena p\u0159\u00edvalem vody sm\u011brem od Slivence, a to takov\u00fdm zp\u016fsobem, \u017ee <em>\u201e&#8230; i jalovice v chl\u00e9v\u011b \u0161koln\u00ed budovy se utopila &#8230;\u201c<\/em> a u\u010ditel Vesel\u00fd tak utrp\u011bl zna\u010dnou \u0161kodu. Oprava budovy si vy\u017e\u00e1dala n\u00e1klad 218 zlat\u00fdch, kter\u00fd ze sv\u00e9ho zaplatili chuchel\u0161t\u00ed ob\u010dan\u00e9.<\/p>\n<p>Vedle u\u010ditele m\u011bla v chuchelsk\u00e9m \u0161kolstv\u00ed d\u016fle\u017eitou roli m\u00edstn\u00ed \u0161koln\u00ed rada. Poprv\u00e9 se o n\u00ed dozv\u00edd\u00e1me v roce 1872. Tvo\u0159ili ji \u010dlenov\u00e9 podle z\u00e1kona Jan P\u0159\u00edhoda &#8211; roln\u00edk z Velk\u00e9 Chuchle a toho \u010dasu starosta, Josef Suk coby spr\u00e1vce \u0161koly a zbraslavsk\u00fd far\u00e1\u0159 Franti\u0161ek Trankler a dal\u0161\u00ed \u010dlenov\u00e9 Josef Li\u0161ka &#8211; roln\u00edk z Velk\u00e9 Chuchle, Jan B\u00edl\u00fd &#8211; roln\u00edk z Mal\u00e9 Chuchle. \u0160koln\u00ed rada byla od t\u00e9to doby volena ka\u017ed\u00e9 t\u0159i roky a jej\u00ed \u00falohou bylo dohl\u00ed\u017eet na chod a pot\u0159eby \u0161koly.<\/p>\n<p>V roce 1873 byl tak p\u0159i \u0161kole ustaven z \u010dlen\u016f rady v\u00fdbor pro z\u0159\u00edzen\u00ed \u0161koln\u00ed knihovny, kter\u00fd rozhodl o uspo\u0159\u00e1d\u00e1n\u00ed dobro\u010dinn\u00e9ho plesu ve prosp\u011bch tohoto z\u00e1m\u011bru. Ples se za velk\u00e9ho z\u00e1jmu dom\u00e1c\u00edch i p\u0159espoln\u00edch uskute\u010dnil v s\u00e1le l\u00e1ze\u0148sk\u00e9 restaurace Jana Petr\u00e1\u010dka, k tanci a poslechu hr\u00e1la hudba c. k. vojensk\u00e9ho pluku barona Mamuly a \u010dist\u00fd v\u00fdnos \u010dinil celkem 70 zlat\u00fdch, za kter\u00e9 byla zakoupena velk\u00e1 sk\u0159\u00ed\u0148 a v\u00edce ne\u017e sto knih r\u016fznorod\u00e9ho charakteru a je\u0161t\u011b zbyly v\u00edce ne\u017e dv\u011b des\u00edtky zlat\u00fdch ulo\u017een\u00e9 v pra\u017esk\u00e9 spo\u0159iteln\u011b, z jejich\u017e \u00farok\u016f m\u011bly b\u00fdt ka\u017edoro\u010dn\u011b dokupov\u00e1ny nov\u00e9 knihy.<\/p>\n<p>Proto\u017ee se po\u010det obyvatel Mal\u00e9 a Velk\u00e9 Chuchle neust\u00e1le zvy\u0161oval, usnesla se v roce 1880 se m\u00edstn\u00ed \u0161koln\u00ed rada a\u00a0 navrhla chuchelsk\u00e9mu zastupitelstvu, aby \u0161koln\u00ed budovu nechalo roz\u0161\u00ed\u0159it tak, \u017ee by v p\u0159\u00edzem\u00ed byly byty \u0159\u00edd\u00edc\u00edho u\u010ditele a podu\u010ditele a v prvn\u00edm pat\u0159e dv\u011b t\u0159\u00eddy. Do prvn\u00edho patra bylo nutn\u00e9 vybudovat schodi\u0161t\u011b a zde se nab\u00eddli dal\u0161\u00ed z mnoha mecen\u00e1\u0161\u016f a podporovatel\u016f chuchelsk\u00e9 \u0161koly \u2013 man\u017eel\u00e9 Ferdinand a Johana \u010cul\u00edkovi, majitel\u00e9 hostince v \u010dp. 6, kte\u0159\u00ed v\u011bnovali pozemek, na n\u011bm\u017e bylo uveden\u00e9 schodi\u0161t\u011b vybudov\u00e1no. Ve ve\u0159ejn\u00e9 dra\u017eb\u011b byla zak\u00e1zka v hodnot\u011b 5765 zlat\u00fdch a 21 krejcar\u016f zad\u00e1na staviteli Bohumilu Hole\u010dkovi z Vr\u0161ovic. Stavba byla zah\u00e1jena 17. kv\u011btna 1881 a sv\u00e9mu \u00fa\u010delu za\u010dala slou\u017eit v z\u00e1\u0159\u00ed t\u00e9ho\u017e roku. V dob\u011b stavby se \u0161kola (v\u010detn\u011b bytu \u0159\u00edd\u00edc\u00edho u\u010ditele) p\u0159esunula do hostince \u201eU \u010cesk\u00e9 koruny.\u201c\u00a0 \u0160kola byla posv\u011bcena 4. z\u00e1\u0159\u00ed 1881 zbraslavsk\u00fdm far\u00e1\u0159em a na sv\u00e9m m\u00edst\u011b stoj\u00ed ve sv\u00e9 podob\u011b a\u017e dosud. Otev\u0159en\u00ed budovy je pops\u00e1no v\u00a0kronice \u0161koly:<\/p>\n<p>P\u0159esn\u011b t\u0159iat\u0159icet let p\u016fsobil ve zdej\u0161\u00ed \u0161kole Vladim\u00edr P\u0159ib\u00edk. V t\u00e9 dob\u011b do \u0161koly doch\u00e1zelo kolem 170 d\u011bt\u00ed, a proto\u017ee to bylo hodn\u011b, byla \u0161kola v\u00a0roce 1896 roz\u0161\u00ed\u0159ena na trojt\u0159\u00eddn\u00ed. Nov\u00e1 t\u0159\u00edda byla upravena z\u00a0p\u016fvodn\u00edho bytu \u0159\u00edd\u00edc\u00edho u\u010ditele v\u00a0p\u0159\u00edzem\u00ed \u0161koln\u00ed budovy.<\/p>\n<p>\u0160koln\u00ed rok v\u017edy za\u010d\u00ednal a kon\u010dil slavnostn\u00ed m\u0161\u00ed svatou v nedalek\u00e9m kostele. Pravideln\u00fdmi akcemi t\u00e9 doby byly oslavy jubile\u00ed panovnick\u00e9 rodiny nebo p\u0159edpr\u00e1zdninov\u00e9 v\u00fdlety do okol\u00ed za vydatn\u00e9 pomoci rodi\u010d\u016f a l\u00e1ze\u0148sk\u00fdch host\u016f nebo zkou\u0161ky z n\u00e1bo\u017eenstv\u00ed. \u010cast\u00fdm jevem byly tak\u00e9 r\u016fzn\u00e9 epidemie, nap\u0159\u00edklad spalni\u010dky a z\u00e1\u0161krt, kdy dokonce musela b\u00fdt \u0161kola n\u011bkolikr\u00e1t v roce uzav\u0159ena. Mnoho d\u011bt\u00ed v\u00a0t\u00e9 dob\u011b dost\u00e1valo tak\u00e9 \u00falevu z vyu\u010dov\u00e1n\u00ed z d\u016fvodu poln\u00edch prac\u00ed.<\/p>\n<p>V roce 1906 byla otev\u0159ena pobo\u010dka \u0161koly v \u010dp. 3 a \u0161kola se tak stala de facto \u010dty\u0159t\u0159\u00eddn\u00ed. Tento stav trval a\u017e do roku 1933, kdy byla ve Velk\u00e9 Chuchli postavena nov\u00e1 \u0161kola a z malochuchelsk\u00e9 \u0161koly se stala op\u011bt dvojt\u0159\u00eddn\u00ed s p\u011bti ro\u010dn\u00edky \u0161koln\u00ed doch\u00e1zky. V roce 1941 byla pak \u0161kola zm\u011bn\u011bna na jednot\u0159\u00eddn\u00ed s osmi \u0161koln\u00edmi roky. To ji\u017e zde jako \u0159\u00edd\u00edc\u00ed u\u010ditelka p\u016fsobila legend\u00e1rn\u00ed Anna Koupilov\u00e1 (u\u010ditelsk\u00e9mu povol\u00e1n\u00ed se v Mal\u00e9 Chuchli v\u011bnovala pln\u00fdch 27 let).<\/p>\n<p>Po II. sv\u011btov\u00e9 v\u00e1lce m\u011bla \u0161kola r\u00e1z jednot\u0159\u00eddky s p\u011bti ro\u010dn\u00edky a od roku 1948 byla pak s p\u0159\u00edva\u017ekem \u201en\u00e1rodn\u00ed\u201c. Od 13. \u00fanora 1951 byla v\u0161ak \u0161kola organizov\u00e1na op\u011bt jako dvout\u0159\u00eddn\u00ed.<\/p>\n<p>Ve \u0161koln\u00edm roce 1951\u20131952 \u017e\u00e1ci zv\u00edt\u011bzili v celopra\u017esk\u00e9 sout\u011b\u017ei ve sb\u011bru surovin \u2013 za prvn\u00ed pololet\u00ed nasb\u00edrali 11,173 tuny a v druh\u00e9m dokonce 14,925 tuny. Od \u0161koln\u00edho roku 1956\u20131957 doch\u00e1zeli \u017e\u00e1ci 5. ro\u010dn\u00edku celot\u00fddenn\u011b do Z\u0160 Vltavsk\u00e1 na Sm\u00edchov\u011b, \u0161kola jako samostatn\u00e1 jednotka zanikla v roce 1963, kdy byly v\u0161echny d\u011bti p\u0159evedeny do Z\u0160 Vltavsk\u00e1.<\/p>\n","protected":false},"excerpt":{"rendered":"<p>\u201eJeliko\u017e v Mariansk\u00fdch l\u00e1zn\u00edch v m\u00edst\u011b Mal\u00e9 Chuchli, n\u00e1bo\u017eensk\u00fd fond panstv\u00ed Zbraslavsk\u00e9ho, a\u017e doposud \u017e\u00e1dn\u00fd u\u010ditel ustanoven nen\u00ed a d\u00edtky m\u00edsta Mal\u00e9 Chuchle i s d\u00edtkami Velk\u00e9 Chuchle bez vychov\u00e1n\u00ed a vyu\u010dov\u00e1n\u00ed vyr\u016fstaj\u00ed, proto\u017ee od ka\u017ed\u00e9 \u0161koly vzd\u00e1leny jsou, aby &hellip; <a href=\"https:\/\/regionplus.cz\/chuchle\/skoly\/obecna-skola\/\">Cel\u00fd p\u0159\u00edsp\u011bvek <span class=\"meta-nav\">&rarr;<\/span><\/a><\/p>\n","protected":false},"author":1,"featured_media":0,"parent":231,"menu_order":0,"comment_status":"closed","ping_status":"closed","template":"","meta":{"footnotes":""},"class_list":["post-611","page","type-page","status-publish","hentry"],"_links":{"self":[{"href":"https:\/\/regionplus.cz\/chuchle\/wp-json\/wp\/v2\/pages\/611","targetHints":{"allow":["GET"]}}],"collection":[{"href":"https:\/\/regionplus.cz\/chuchle\/wp-json\/wp\/v2\/pages"}],"about":[{"href":"https:\/\/regionplus.cz\/chuchle\/wp-json\/wp\/v2\/types\/page"}],"author":[{"embeddable":true,"href":"https:\/\/regionplus.cz\/chuchle\/wp-json\/wp\/v2\/users\/1"}],"replies":[{"embeddable":true,"href":"https:\/\/regionplus.cz\/chuchle\/wp-json\/wp\/v2\/comments?post=611"}],"version-history":[{"count":1,"href":"https:\/\/regionplus.cz\/chuchle\/wp-json\/wp\/v2\/pages\/611\/revisions"}],"predecessor-version":[{"id":612,"href":"https:\/\/regionplus.cz\/chuchle\/wp-json\/wp\/v2\/pages\/611\/revisions\/612"}],"up":[{"embeddable":true,"href":"https:\/\/regionplus.cz\/chuchle\/wp-json\/wp\/v2\/pages\/231"}],"wp:attachment":[{"href":"https:\/\/regionplus.cz\/chuchle\/wp-json\/wp\/v2\/media?parent=611"}],"curies":[{"name":"wp","href":"https:\/\/api.w.org\/{rel}","templated":true}]}}