{"id":499,"date":"2022-05-08T16:13:46","date_gmt":"2022-05-08T14:13:46","guid":{"rendered":"http:\/\/regionplus.cz\/chuchle\/?page_id=499"},"modified":"2022-05-08T18:58:57","modified_gmt":"2022-05-08T16:58:57","slug":"felix-jiri","status":"publish","type":"page","link":"https:\/\/regionplus.cz\/chuchle\/vyznamne-osobnosti\/felix-jiri\/","title":{"rendered":"Felix Ji\u0159\u00ed"},"content":{"rendered":"<p>RNDr. Ji\u0159\u00ed Felix\u00a0 je zn\u00e1m\u00fd \u010desk\u00fd zoolog a populariz\u00e1tor p\u0159\u00edrodn\u00edch v\u011bd, jeho\u017e \u017eivot byl neodmysliteln\u011b spjat s pra\u017eskou zoologickou zahradou.<\/p>\n<p>Narodil\u00a0 se 22. \u00fanora 1929 ve Velk\u00e9 Chuchli. Po maturit\u011b na re\u00e1ln\u00e9m gymn\u00e1ziu se p\u0159ihl\u00e1sil ke studiu zoologie na p\u0159\u00edrodov\u011bdeck\u00e9 fakult\u011b UK v Praze, kde v roce 1953 ukon\u010dil studium. T\u00e9ho\u017e roku nastoupil do pra\u017esk\u00e9 zoologick\u00e9 zahrady. Pat\u0159il ke generaci zoolog\u016f, kter\u00e1 po\u010d\u00e1tkem 50. let minul\u00e9ho stolet\u00ed zah\u00e1jila realizaci nov\u00e9 etapy pra\u017esk\u00e9 zoologick\u00e9 zahrady zalo\u017eenou na chovatelsk\u00e9 a odborn\u00e9 \u00farovni. V zoologick\u00e9 zahrad\u011b vyst\u0159\u00eddal \u0159adu r\u016fzn\u00fdch funkc\u00ed od provozn\u00edho zoologa, p\u0159es osv\u011bt\u00e1\u0159e a\u017e po zoologick\u00e9ho n\u00e1m\u011bstka.<\/p>\n<p>V dob\u011b od 25. ledna do 15. \u010dervna 1990 vykon\u00e1val funkci zastupuj\u00edc\u00edho \u0159editele a d\u00edky jeho p\u0159irozen\u00e9 autorit\u011b a schopnosti posuzovat v\u011bci s realistick\u00fdm nadhledem p\u0159ekonala pra\u017esk\u00e1 zoologick\u00e1 zahrada toto slo\u017eit\u00e9 obdob\u00ed bez probl\u00e9m\u016f. Do d\u016fchodu ode\u0161el definitivn\u011b v roce 2004.<\/p>\n<p>Ji\u0159\u00ed Felix byl vynikaj\u00edc\u00edm populariz\u00e1torem a autorem mnoha zaj\u00edmav\u00fdch p\u0159\u00edrodov\u011bdn\u00fdch knih pro d\u011bti ml\u00e1de\u017e, nap\u0159. Do zoo zadn\u00edmi vr\u00e1tky, P\u0159\u00edb\u011bhy z pra\u017esk\u00e9ho zoa nebo V\u0161edn\u00ed den v pra\u017esk\u00e9 zoo. Zvl\u00e1\u0161tn\u00ed zm\u00ednky si zaslou\u017e\u00ed jeho encyklopedick\u00e1 \u010dinnost v nakladatelstv\u00ed Artia, jednotliv\u00e9 tituly o evropsk\u00e9 i sv\u011btov\u00e9 faun\u011b se do\u010dkaly vyd\u00e1n\u00ed v mnoha sv\u011btov\u00fdch jazyc\u00edch.<\/p>\n<p style=\"text-align: left;\">Zem\u0159el v Praze v ned\u011bli 3. srpna 2008.<\/p>\n<p style=\"text-align: right;\">(Text byl zpracov\u00e1n z nekrologu, kter\u00fd vydala ZOO Praha.)<\/p>\n<p>\u017dil na adrese: Pod Ak\u00e1ty 101, Velk\u00e1 Chuchle<\/p>\n<p><strong>Publikace (\u010desk\u00e1 vyd\u00e1n\u00ed zv\u00fdrazn\u011bna \u010derven\u011b)<\/strong><\/p>\n<p><strong><span style=\"color: #ff0000;\">Pta\u010d\u00ed krou\u017eky (1955)<\/span><\/strong><br \/>\n<strong><span style=\"color: #ff0000;\">P\u0159\u00edb\u011bhy z pra\u017esk\u00e9 zoologick\u00e9 zahrady (1955)<\/span><\/strong><br \/>\n<strong><span style=\"color: #ff0000;\">Nov\u00e9 p\u0159\u00edb\u011bhy z pra\u017esk\u00e9ho zoa (1956)<\/span><\/strong><br \/>\n<strong><span style=\"color: #ff0000;\">N\u00e1v\u0161t\u011bvou u zv\u00ed\u0159\u00e1tek: pro p\u0159ed\u0161koln\u00ed v\u011bk (1957)<\/span><\/strong><br \/>\n<strong><span style=\"color: #ff0000;\">Ob\u0159i mezi zv\u00ed\u0159aty (1959)<\/span><\/strong><br \/>\n<strong><span style=\"color: #ff0000;\">Do zoo zadn\u00edmi vr\u00e1tky (1961)<\/span><\/strong><br \/>\nAbenteuer im Zoo (1961) spoluator Ji\u0159\u00ed Holasem<br \/>\nNeue Abenteuer im Zoo (1963) spoluator s Ji\u0159\u00ed Holasem<br \/>\nEin Tier f\u00fcr mich: 25 Tiere zum Selberpflegen (1969)<br \/>\n<strong><span style=\"color: #ff0000;\">Do, o, kolem zoo: pro nejmen\u0161\u00ed (1970), spoluator Ji\u0159\u00ed Binek<\/span><\/strong><br \/>\n<strong><span style=\"color: #ff0000;\">Zv\u00ed\u0159ata nad propast\u00ed (1971), spoluator Ji\u0159\u00ed Volf<\/span><\/strong><br \/>\nThieme\u2019s Grote Natuurgids: De Planten- en Dierenwereld van Nederland, West- en Midden-Europa (1972)<br \/>\n<strong><span style=\"color: #ff0000;\">P\u0159\u00edb\u011bhy z pra\u017esk\u00e9 zoo (1972)<\/span><\/strong><br \/>\nDer grosse Naturf\u00fchrer: unsere Tier- und Pflanzenwelt (1972), spoluauto\u0159i J. Toman, K. Hisek<br \/>\n<span style=\"color: #ff0000;\"><strong>Exoti\u010dt\u00ed pt\u00e1ci v kleci (1972)<\/strong><\/span><br \/>\nVogels van de vrije lucht (1973)<br \/>\nV\u00f6gel in Garten und Feld (1973)<br \/>\nWoodland and hill birds : eggs and nests : a color guide to familiar (1974)<br \/>\nV\u00f6gel in Wald und Gebirge (1974)<br \/>\nTropische Vogelatlas : Alles over kameren voli\u00e8revogels (1974)<br \/>\nPtaki pokojowe (1974)<br \/>\nPlants and Animals (1974)<br \/>\nLes oiseaux des bois et des montagnes (1974)<br \/>\nDer grosse Naturf\u00fchrer : Unsere Tier-und Pflanzenwelt (1974)<br \/>\nGarden and field birds : eggs and nests (1974)<br \/>\nFaune d\u2019Europe (1974)<br \/>\nDyr og vaekster (1974), spoluautor J. Toman<br \/>\n<span style=\"color: #ff0000;\"><strong>M\u016fj str\u00fd\u010dek \u0160ahraz\u00e1d (1974) &#8211; knihovni\u010dka \u010dasopisu ABC<\/strong><\/span><br \/>\nV\u00f6gel an Seen und Fl\u00fcssen (1975)<br \/>\nV\u00e5ra djur och v\u00e4xter (1975), spoluautor J. Toman<br \/>\nSea and Coastal Birds : Eggs and nests (1975)<br \/>\n<strong><span style=\"color: #ff0000;\">Pt\u00e1ci v zahrad\u011b a na poli (1975)<\/span><\/strong><br \/>\n<strong><span style=\"color: #ff0000;\">Pt\u00e1ci v les\u00edch a horsk\u00fdch oblastech (1975)<\/span><\/strong><br \/>\n<strong><span style=\"color: #ff0000;\">Hadi (1975)<\/span><\/strong><br \/>\nMarshland and freshwater birds: a colour guide to familiar (1975)<br \/>\nThe Hamlyn animal encyclopedia (1975)<br \/>\nFauna van Europa (1975)<br \/>\nV\u00f6gel an K\u00fcsten und Meeren (1976)<br \/>\n<strong><span style=\"color: #ff0000;\">Pt\u00e1ci luk, ba\u017ein a vod (1976)<\/span><\/strong><br \/>\nJoka kodin luonnonopas (1976), spoluautor J. Toman<br \/>\nLes oiseaux des mers et des rivages (1977)<br \/>\n<span style=\"color: #ff0000;\"><strong>Je\u0161t\u011b \u017eij\u00ed (1977)<\/strong><\/span><br \/>\nDas grosse Vogelbuch in Farbe (1977)<br \/>\nFugle ved s\u00f8, \u00e5 og mose (1977)<br \/>\n<strong><span style=\"color: #ff0000;\">Evropsk\u00e1 fauna (1977)<\/span><\/strong><br \/>\nThieme\u2019s grote natuurgids : De planten- en dierenwereld van Nederland, West- en Midden-Europa (1978), spoluato\u0159i J. Toman a K. Hisek<br \/>\n<span style=\"color: #ff0000;\"><strong>P\u0159\u00edrodou krok za krokem (1978), spoluautor Jan Toman<\/strong><\/span><br \/>\nOiseaux des Pays d\u2019Europe (1978)<br \/>\nThe illustrated book of birds (1978)<br \/>\n<span style=\"color: #ff0000;\"><strong>Hadi (1978)<\/strong><\/span><br \/>\nDen store naturh\u00e5ndboka (1979), spoluautor J. Toman<br \/>\n<span style=\"color: #ff0000;\"><strong>Papou\u0161ci (1979)<\/strong><\/span><br \/>\nGu\u00eda b\u00e1sica de la flora y fauna de Europa (1979), spoluautor J. Toman<br \/>\nGrande Atlante degli Uccelli Europei (1979)<br \/>\nZvierat\u00e1 nad priepas\u0165ou (1980), spoluautor Ji\u0159\u00ed Volf<br \/>\nTidens stora bok om Europas f\u00e5gler (1980)<br \/>\nGuide du promeneur dans la nature (1980)<br \/>\nFaune d\u2019Am\u00e9rique (1980)<br \/>\n<span style=\"color: #ff0000;\"><strong>Ba\u017eanti a ostatn\u00ed hrabav\u00ed (1980)<\/strong><\/span><br \/>\nWoodland and hill birds : eggs and nests : a colour guide to familiar (1981)<br \/>\nA term\u00e9szet k\u00e9pekben: K\u00f6rnyezet\u00fcnk n\u00f6v\u00e9ny &#8211; \u00e9s \u00e1llatvil\u00e1ga (1981), spoluautor J. Toman<br \/>\nMarshland and freshwater birds : a colour guide to familiar (1981)<br \/>\n<span style=\"color: #ff0000;\"><strong>Hadi (1981)<\/strong><\/span><br \/>\nGuide du promeneur dans la nature (1981), spoluautor J. Toman<br \/>\nWoodland and hill birds : eggs and nests : a colour guide to familiar (1982)<br \/>\n<span style=\"color: #ff0000;\"><strong>V\u0161edn\u00ed den v pra\u017esk\u00e9 ZOO (1983), spoluauto\u0159i Z. Veselovsk\u00fd a J. Volf<\/strong><\/span><br \/>\nK\u00edgy\u00f3k (1983)<br \/>\nFaune et Flore d\u2019Europe (1983), spoluautor Jan T\u0159\u00edska<br \/>\n<span style=\"color: #ff0000;\"><strong>Speci\u00e1ln\u00ed zoologie 1 : u\u010debn\u00ed text pro 1. ro\u010d. stud. oboru chovatel cizokrajn\u00fdch zv\u00ed\u0159at (1984), jako spoluautor s Alenou Veselovskou<\/strong><\/span><br \/>\nFaune des cinq continents (1984)<br \/>\nTierwelt Australiens und der Antarktis (1986)<br \/>\nDieren over de hele wereld (1986)<br \/>\nKoko perheen suuri lintukirja (1987)<br \/>\nFaune d\u2019Asie (1987)<br \/>\n<span style=\"color: #ff0000;\"><strong>Je\u0161t\u011b\u0159i (1988)<\/strong><\/span><br \/>\nFaune d\u2019Australie et des Mers du Sud (1988)<br \/>\n<span style=\"color: #ff0000;\"><strong>Chovatelstv\u00ed cizokrajn\u00fdch zv\u00ed\u0159at 4 : u\u010debn\u00ed text pro 4. ro\u010d. SOU, stud. oboru chovatel cizokrajn\u00fdch zv\u00ed\u0159at (1989), jako spoluautor s Lu\u010fkem Dobrorukou<\/strong><\/span><br \/>\nAves de los Pa\u00edses de Europa (1989)<br \/>\n<span style=\"color: #ff0000;\"><strong>V\u0161edn\u00ed den v pra\u017esk\u00e9 ZOO: pro \u010dten\u00e1\u0159e od 9 let (1990), spoluauto\u0159i Z. Veselovsk\u00fd, J. Volf<\/strong><\/span><br \/>\nTierwelt Europas in Farbe (1990)<br \/>\n<span style=\"color: #ff0000;\"><strong>Je\u017e\u010d\u00ed pov\u00edd\u00e1n\u00ed (1990), spoluautor s Ljubou \u0160t\u00edplovou<\/strong><\/span><br \/>\nGuide du promeneur dans la nature (1991), spoluautor J. Toman<br \/>\n<span style=\"color: #ff0000;\"><strong>60 let pra\u017esk\u00e9 ZOO (1991) spoluauto\u0159i Zden\u011bk Veselovsk\u00fd, Ji\u0159\u00ed Volf<\/strong><\/span><br \/>\n<span style=\"color: #ff0000;\"><strong>Savci &#8211; na\u0161i nejbli\u017e\u0161\u00ed p\u0159\u00edbuzn\u00ed (1994)<\/strong><\/span><br \/>\n<span style=\"color: #ff0000;\"><strong>Na\u0161\u00ed p\u0159\u00edrodou krok za krokem. Zv\u00ed\u0159ata (1995)<\/strong><\/span><br \/>\n<span style=\"color: #ff0000;\"><strong>Zv\u00ed\u0159ata Evropy (1996)<\/strong><\/span><br \/>\n<span style=\"color: #ff0000;\"><strong>Zv\u00ed\u0159ata Ameriky (1997)<\/strong><\/span><br \/>\n<span style=\"color: #ff0000;\"><strong>Zv\u00ed\u0159ata Afriky (1997)<\/strong><\/span><br \/>\n<span style=\"color: #ff0000;\"><strong>Zv\u00ed\u0159ata Austr\u00e1lie (1998)<\/strong><\/span><br \/>\n<span style=\"color: #ff0000;\"><strong>Zv\u00ed\u0159ata Asie (1998)<\/strong><\/span><br \/>\nPlants and animals (1998), spoluautor Jan Toman<br \/>\nDas grosse Naturlexikon. V\u00f6gel (1998)<br \/>\n<strong><span style=\"color: #ff0000;\">Zv\u00ed\u0159ata sv\u011bta (1999)<\/span><\/strong><br \/>\n<strong><span style=\"color: #ff0000;\">Pt\u00e1ci zahrad a pol\u00ed (2000)<\/span><\/strong><br \/>\n<strong><span style=\"color: #ff0000;\">Pt\u00e1ci mo\u0159sk\u00fdch pob\u0159e\u017e\u00ed (2000)<\/span><\/strong><br \/>\n<strong><span style=\"color: #ff0000;\">Pt\u00e1ci mok\u0159ad\u016f a vod (2000)<\/span><\/strong><br \/>\n<strong><span style=\"color: #ff0000;\">Pt\u00e1ci les\u016f a hor (2000)<\/span><\/strong><br \/>\n<strong><span style=\"color: #ff0000;\">P\u0159\u00edrodou krok za krokem. Zv\u00ed\u0159ata (2000)<\/span><\/strong><br \/>\n<strong><span style=\"color: #ff0000;\">Atlas zv\u00ed\u0159at: encyklopedie o \u017eivot\u011b obratlovc\u016f (2000)<\/span><\/strong><br \/>\n<strong><span style=\"color: #ff0000;\">Zv\u00ed\u0159ata Evropy (2001)<\/span><\/strong><br \/>\n<strong><span style=\"color: #ff0000;\">Atlas zv\u00ed\u0159at : encyklopedie o \u017eivot\u011b obratlovc\u016f (2004)<\/span><\/strong><br \/>\n<strong><span style=\"color: #ff0000;\">Nov\u00e9 p\u0159\u00edb\u011bhy z pra\u017esk\u00e9 zoo (2007)<\/span><\/strong><br \/>\n<strong><span style=\"color: #ff0000;\">Atlas zv\u00ed\u0159at : encyklopedie o \u017eivot\u011b obratlovc\u016f (2007)<\/span><\/strong><br \/>\n<strong><span style=\"color: #ff0000;\">Pt\u00e1ci : zahrad a pol\u00ed, luk, les\u016f a hor, mok\u0159ad\u016f a vod, mo\u0159sk\u00fdch pob\u0159e\u017e\u00ed (2011)<\/span><\/strong><\/p>\n<p style=\"text-align: right;\">(Bibliografie je zpracov\u00e1na k 8. 5. 2022)<\/p>\n<p>&nbsp;<\/p>\n<p>&nbsp;<\/p>\n<p><strong>Ji\u0159\u00ed Felix v m\u00e9di\u00edch:<\/strong><\/p>\n<p>\u017diva 1\/2004: 75 let Ji\u0159\u00edho Felixe<\/p>\n<p><a href=\"http:\/\/regionplus.cz\/chuchle\/wp-content\/uploads\/sites\/2\/2022\/05\/ziva-1-2004.jpg\"><img loading=\"lazy\" decoding=\"async\" class=\"aligncenter size-full wp-image-504\" src=\"http:\/\/regionplus.cz\/chuchle\/wp-content\/uploads\/sites\/2\/2022\/05\/ziva-1-2004.jpg\" alt=\"\" width=\"640\" height=\"395\" srcset=\"https:\/\/regionplus.cz\/chuchle\/wp-content\/uploads\/sites\/2\/2022\/05\/ziva-1-2004.jpg 640w, https:\/\/regionplus.cz\/chuchle\/wp-content\/uploads\/sites\/2\/2022\/05\/ziva-1-2004-300x185.jpg 300w, https:\/\/regionplus.cz\/chuchle\/wp-content\/uploads\/sites\/2\/2022\/05\/ziva-1-2004-486x300.jpg 486w\" sizes=\"auto, (max-width: 640px) 100vw, 640px\" \/><\/a><\/p>\n<p>\u010cT24: <a href=\"https:\/\/www.ceskatelevize.cz\/porady\/10116288585-archiv-ct24\/222411058210011\/\" target=\"_blank\" rel=\"noopener\">Archiv \u010cT 24 &#8211; Co za\u017eila pra\u017esk\u00e1 ZOO (premi\u00e9ra 7. 5. 2022), \u010das 13:20<\/a><\/p>\n<p><a href=\"http:\/\/regionplus.cz\/chuchle\/wp-content\/uploads\/sites\/2\/2022\/05\/jiri_felix_1995.png\"><img loading=\"lazy\" decoding=\"async\" class=\"aligncenter size-full wp-image-502\" src=\"http:\/\/regionplus.cz\/chuchle\/wp-content\/uploads\/sites\/2\/2022\/05\/jiri_felix_1995.png\" alt=\"\" width=\"640\" height=\"360\" srcset=\"https:\/\/regionplus.cz\/chuchle\/wp-content\/uploads\/sites\/2\/2022\/05\/jiri_felix_1995.png 640w, https:\/\/regionplus.cz\/chuchle\/wp-content\/uploads\/sites\/2\/2022\/05\/jiri_felix_1995-300x169.png 300w, https:\/\/regionplus.cz\/chuchle\/wp-content\/uploads\/sites\/2\/2022\/05\/jiri_felix_1995-500x281.png 500w\" sizes=\"auto, (max-width: 640px) 100vw, 640px\" \/><\/a><\/p>\n<p>&nbsp;<\/p>\n","protected":false},"excerpt":{"rendered":"<p>RNDr. Ji\u0159\u00ed Felix\u00a0 je zn\u00e1m\u00fd \u010desk\u00fd zoolog a populariz\u00e1tor p\u0159\u00edrodn\u00edch v\u011bd, jeho\u017e \u017eivot byl neodmysliteln\u011b spjat s pra\u017eskou zoologickou zahradou. Narodil\u00a0 se 22. \u00fanora 1929 ve Velk\u00e9 Chuchli. Po maturit\u011b na re\u00e1ln\u00e9m gymn\u00e1ziu se p\u0159ihl\u00e1sil ke studiu zoologie na p\u0159\u00edrodov\u011bdeck\u00e9 &hellip; <a href=\"https:\/\/regionplus.cz\/chuchle\/vyznamne-osobnosti\/felix-jiri\/\">Cel\u00fd p\u0159\u00edsp\u011bvek <span class=\"meta-nav\">&rarr;<\/span><\/a><\/p>\n","protected":false},"author":1,"featured_media":0,"parent":96,"menu_order":0,"comment_status":"closed","ping_status":"closed","template":"","meta":{"footnotes":""},"class_list":["post-499","page","type-page","status-publish","hentry"],"_links":{"self":[{"href":"https:\/\/regionplus.cz\/chuchle\/wp-json\/wp\/v2\/pages\/499","targetHints":{"allow":["GET"]}}],"collection":[{"href":"https:\/\/regionplus.cz\/chuchle\/wp-json\/wp\/v2\/pages"}],"about":[{"href":"https:\/\/regionplus.cz\/chuchle\/wp-json\/wp\/v2\/types\/page"}],"author":[{"embeddable":true,"href":"https:\/\/regionplus.cz\/chuchle\/wp-json\/wp\/v2\/users\/1"}],"replies":[{"embeddable":true,"href":"https:\/\/regionplus.cz\/chuchle\/wp-json\/wp\/v2\/comments?post=499"}],"version-history":[{"count":5,"href":"https:\/\/regionplus.cz\/chuchle\/wp-json\/wp\/v2\/pages\/499\/revisions"}],"predecessor-version":[{"id":506,"href":"https:\/\/regionplus.cz\/chuchle\/wp-json\/wp\/v2\/pages\/499\/revisions\/506"}],"up":[{"embeddable":true,"href":"https:\/\/regionplus.cz\/chuchle\/wp-json\/wp\/v2\/pages\/96"}],"wp:attachment":[{"href":"https:\/\/regionplus.cz\/chuchle\/wp-json\/wp\/v2\/media?parent=499"}],"curies":[{"name":"wp","href":"https:\/\/api.w.org\/{rel}","templated":true}]}}