{"id":309,"date":"2021-11-14T22:54:36","date_gmt":"2021-11-14T21:54:36","guid":{"rendered":"http:\/\/regionplus.cz\/chuchle\/?page_id=309"},"modified":"2022-04-10T22:09:34","modified_gmt":"2022-04-10T20:09:34","slug":"kaspar-jan","status":"publish","type":"page","link":"https:\/\/regionplus.cz\/chuchle\/vyznamne-osobnosti\/kaspar-jan\/","title":{"rendered":"Ka\u0161par Jan"},"content":{"rendered":"<p><span style=\"color: #ff0000;\">3. kv\u011btna 1911 se uskute\u010dnil legend\u00e1rn\u00ed d\u00e1lkov\u00fd let Jana Ka\u0161para z Pardubic do Chuchle, ud\u00e1lost, kter\u00e1 se zapsala do d\u011bjin \u010desk\u00e9ho letectv\u00ed. V\u00fdznam potvrzuje i fakt, \u017ee letadlo, se kter\u00fdm Jan Ka\u0161par let\u011bl (letoun Bleriot) je trvalou sou\u010d\u00e1st\u00ed dopravn\u00ed haly N\u00e1rodn\u00edho technick\u00e9ho muzea na Letn\u00e9.<\/span><\/p>\n<p><strong>Ing. Jan Ka\u0161par (1883 \u2013 1927)<\/strong> poch\u00e1zel z\u00a0Pardubic, kde vystudoval re\u00e1ln\u00e9 gymn\u00e1zium. Z\u00e1jem o techniku potvrdil t\u00edm, \u017ee ve sv\u00fdch 17 letech u\u017e m\u011bl sv\u016fj vlastn\u00ed motocykl a zaj\u00edmal se o v\u0161e, co souviselo s\u00a0motory. Pozd\u011bji se \u00fa\u010dastnil automobilov\u00fdch z\u00e1vod\u016f, vyzkou\u0161el j\u00edzdu na motorov\u00e9m \u010dlunu a zaj\u00edmal se o letectv\u00ed. Se sv\u00fdm bratrancem Ing. Ev\u017eenem \u010cih\u00e1kem zkou\u0161eli sestavit letadla vlastn\u00ed konstrukce. Kdy\u017e se mu s\u00a0letadlem nepoda\u0159ilo vzl\u00e9tnout, koupil si zm\u00edn\u011bn\u00e9ho Bleriota. Konkr\u00e9tn\u011b \u0161lo o typ Bleriot XI. S\u00a0n\u00edm pak uspo\u0159\u00e1dal n\u011bkolik ve\u0159ejn\u00fdch produkc\u00ed, aby pozd\u011bji p\u0159istoupil k\u00a0d\u00e1lkov\u00fdm let\u016fm.<\/p>\n<p>V\u011bd\u011bl, kam let\u00ed, proto\u017ee se do Chuchle p\u0159ijel pod\u00edvat o den d\u0159\u00edve, aby si prohl\u00e9dl, kde bude p\u0159ist\u00e1vat. Onoho kv\u011btnov\u00e9ho dne startoval v\u00a06:15 r\u00e1no v\u00a0Pardubic\u00edch. Vzd\u00e1lenost 121 km p\u0159ekonal za 92 minut ve v\u00fd\u0161ce asi 800 m a pobl\u00ed\u017e chuchelsk\u00e9ho z\u00e1vodi\u0161t\u011b p\u0159ist\u00e1l v\u00a07:47 hod. Tolik data z\u00a0Wikipedie.<\/p>\n<p>Samoz\u0159ejm\u011b, \u017ee Ka\u0161para zespoda jistila doprovodn\u00e1 vozidla a byla zaji\u0161t\u011bna slu\u017eba u telefon\u016f v\u00a0m\u011bstech po trase.\u00a0 Letadlo let\u011blo rychle, a tak Ka\u0161par musel na doprovod \u010dekat. P\u0159ed letadlem mu k\u00a0\u00fasp\u011bchu pogratulovali chuchelsk\u00fd starosta Li\u0161ka a tov\u00e1rn\u00edk Josef Prokop. Brzy dorazili Ev\u017een \u010c\u00edh\u00e1k s\u00a0otcem Jana Ka\u0161para. Aviatick\u00e1 spole\u010dnost se n\u00e1sledn\u011b odebrala do hospody U \u010dern\u00e9ho kon\u011b na N\u00e1rodn\u00ed t\u0159\u00edd\u011b a n\u00e1sledn\u011b do kostela Nejsv\u011bt\u011bj\u0161\u00ed Trojice ve Sp\u00e1len\u00e9 ulici. Ka\u0161par toti\u017e p\u0159ilet\u011bl na svatbu sv\u00e9ho kamar\u00e1da Jaroslava Langa\u2026 A letadlo? Bylo pak n\u00e1sleduj\u00edc\u00ed t\u0159i dny vystaveno na \u017dof\u00edn\u011b, kde poutalo pozornost Pra\u017ean\u016f.<\/p>\n<p>Jan Ka\u0161par v\u00a0d\u00e1lkov\u00fdch letech pokra\u010doval, nem\u00e9n\u011b slavn\u00fdm byl jeho let z\u00a0M\u011bln\u00edka do Chuchle (6. prosince 1911). V\u00a0letadle byl tehdy poprv\u00e9 pasa\u017e\u00e9r \u2013 redaktor N\u00e1rodn\u00ed politiky Jaroslav Kalva. O \u010dty\u0159i dny pozd\u011bji se v\u00a0Chuchli konal leteck\u00fd den s\u00a0t\u0159emi lety, kde op\u011bt let\u011bl Ka\u0161par s\u00a0redaktorem Kalvou. Redaktor Vil\u00e9m Heinz po\u0159\u00eddil za letu prvn\u00ed fotografie. P\u0159i t\u0159et\u00edm letu let\u011bl s Kristianem hrab\u011btem Thunem, synem m\u00edstodr\u017eitele kr\u00e1lovstv\u00ed \u010cesk\u00e9ho, ale pro \u0161kyt\u00e1n\u00ed motoru rad\u0161i okam\u017eit\u011b p\u0159ist\u00e1l.<\/p>\n<p>Chuchle byla tehdy centrem \u010desk\u00e9 aviatiky, nel\u00e9tal zde jenom Ka\u0161par, ale o tom zase n\u011bkdy p\u0159\u00ed\u0161t\u011b. Z\u00e1v\u011brem je t\u0159eba p\u0159ipomenout smutn\u00fd osudy slavn\u00e9ho letce. Po smrti sv\u00e9ho otce l\u00e9t\u00e1n\u00ed na\u010das zanechal. V\u00a0dob\u011b 1. sv\u011btov\u00e9 v\u00e1lky slou\u017eil jako technik v\u00a0leteck\u00e9m \u00fatvaru, po v\u00e1lce kr\u00e1tce p\u016fsobil ve st\u00e1tn\u00ed spr\u00e1v\u011b, a pak se pokou\u0161el \u017eivit obchodov\u00e1n\u00edm s\u00a0d\u0159evem. Zadlu\u017eil se a 2. b\u0159ezna 1927 sp\u00e1chal ve sv\u00e9 kancel\u00e1\u0159i sebevra\u017edu.<\/p>\n<p><span style=\"color: #ff0000;\"><strong>Tip na v\u00fdlet:<\/strong><\/span> <a href=\"https:\/\/pardubice.rozhlas.cz\/vyberte-si-stroj-usednete-do-kokpitu-a-prolette-se-treba-nad-alpami-8718724\" target=\"_blank\" rel=\"noopener\">Leteck\u00e9 muzeum Ing. Jana Ka\u0161para v Pardubic\u00edch<\/a> (muzeum bylo otev\u0159eno v roce 2018 a zam\u011b\u0159uje se na osudy slavn\u00e9ho letce, k vid\u011bn\u00ed je funk\u010dn\u00ed replika slavn\u00e9ho Bl\u00e9riotu)<\/p>\n<p><span style=\"color: #ff0000;\"><strong>Tip na v\u00fdlet: <\/strong><\/span><a href=\"https:\/\/www.ntm.cz\/\">N\u00e1rodn\u00ed technick\u00e9 muzeum v Praze<\/a> (v dopravn\u00ed hale je vystaven origin\u00e1ln\u00ed stroj Bl\u00e9riot, na kter\u00e9m p\u0159ilet\u011bl Jan Ka\u0161par do Chuchle, v expozici je \u0159ada zm\u00ednek o na\u0161\u00ed obci)<\/p>\n","protected":false},"excerpt":{"rendered":"<p>3. kv\u011btna 1911 se uskute\u010dnil legend\u00e1rn\u00ed d\u00e1lkov\u00fd let Jana Ka\u0161para z Pardubic do Chuchle, ud\u00e1lost, kter\u00e1 se zapsala do d\u011bjin \u010desk\u00e9ho letectv\u00ed. V\u00fdznam potvrzuje i fakt, \u017ee letadlo, se kter\u00fdm Jan Ka\u0161par let\u011bl (letoun Bleriot) je trvalou sou\u010d\u00e1st\u00ed dopravn\u00ed haly &hellip; <a href=\"https:\/\/regionplus.cz\/chuchle\/vyznamne-osobnosti\/kaspar-jan\/\">Cel\u00fd p\u0159\u00edsp\u011bvek <span class=\"meta-nav\">&rarr;<\/span><\/a><\/p>\n","protected":false},"author":1,"featured_media":0,"parent":96,"menu_order":0,"comment_status":"closed","ping_status":"closed","template":"","meta":{"footnotes":""},"class_list":["post-309","page","type-page","status-publish","hentry"],"_links":{"self":[{"href":"https:\/\/regionplus.cz\/chuchle\/wp-json\/wp\/v2\/pages\/309","targetHints":{"allow":["GET"]}}],"collection":[{"href":"https:\/\/regionplus.cz\/chuchle\/wp-json\/wp\/v2\/pages"}],"about":[{"href":"https:\/\/regionplus.cz\/chuchle\/wp-json\/wp\/v2\/types\/page"}],"author":[{"embeddable":true,"href":"https:\/\/regionplus.cz\/chuchle\/wp-json\/wp\/v2\/users\/1"}],"replies":[{"embeddable":true,"href":"https:\/\/regionplus.cz\/chuchle\/wp-json\/wp\/v2\/comments?post=309"}],"version-history":[{"count":3,"href":"https:\/\/regionplus.cz\/chuchle\/wp-json\/wp\/v2\/pages\/309\/revisions"}],"predecessor-version":[{"id":491,"href":"https:\/\/regionplus.cz\/chuchle\/wp-json\/wp\/v2\/pages\/309\/revisions\/491"}],"up":[{"embeddable":true,"href":"https:\/\/regionplus.cz\/chuchle\/wp-json\/wp\/v2\/pages\/96"}],"wp:attachment":[{"href":"https:\/\/regionplus.cz\/chuchle\/wp-json\/wp\/v2\/media?parent=309"}],"curies":[{"name":"wp","href":"https:\/\/api.w.org\/{rel}","templated":true}]}}