{"id":271,"date":"2021-10-03T00:03:44","date_gmt":"2021-10-02T22:03:44","guid":{"rendered":"http:\/\/regionplus.cz\/chuchle\/?page_id=271"},"modified":"2022-01-20T15:57:05","modified_gmt":"2022-01-20T14:57:05","slug":"knihovna","status":"publish","type":"page","link":"https:\/\/regionplus.cz\/chuchle\/kultura\/knihovna\/","title":{"rendered":"Knihovna"},"content":{"rendered":"<p><strong>Obecn\u00ed knihovna ve Velk\u00e9 Chuchli vznikla 27. \u00fanora 1921, kdy bylo rozhodnuto slou\u010dit v\u0161echny spolkov\u00e9 knihovny. Nejv\u00edce svazk\u016f p\u0159itom m\u011bla knihovna Sboru dobrovoln\u00fdch hasi\u010d\u016f (zalo\u017een\u00e1\u00a0 v\u00a0roce 1904) , kter\u00e1 se tak v\u00a0\u010dervnu t\u00e9ho\u017e roku stala z\u00e1kladem nov\u00e9 knihovny um\u00edst\u011bn\u00e9 v obecn\u00edm \u00fa\u0159ad\u011b (v \u010dp. 6). Z dal\u0161\u00edch zpr\u00e1v v kronice je patrn\u00e9, \u017ee 25. b\u0159ezna 1922 bylo pro obecn\u00ed knihovnu zakoupeno deset svazk\u016f Brehmova \u017divota zv\u00ed\u0159at. <\/strong><\/p>\n<p>Prvn\u00edm knihovn\u00edkem byl jmenov\u00e1n obecn\u00ed \u00fa\u0159edn\u00edk a nad\u0161en\u00fd \u010dlen Sboru dobrovoln\u00fdch hasi\u010d\u016f Eduard Jen\u00ed\u010dek. Po\u010d\u00e1tkem kv\u011btna 1925 jej pak nahradil penzista Josef Luk\u00e1\u0161. A\u017e v roce 1928, na n\u00e1vrh knihovn\u00ed rady bylo rozhodnuto, \u017ee se bude za p\u016fj\u010dov\u00e1n\u00ed knih z obecn\u00ed knihovny vyb\u00edrat 5 K\u010d ro\u010dn\u011b.<\/p>\n<p>V roce 1935, kdy byl objekt obecn\u00edho \u00fa\u0159adu zbour\u00e1n, byla knihovna p\u0159esunuta do obecn\u00edho domku \u010dp. 7 (tzv. Kresovny). V roce 1936 se nejprve o knihovnu staral pan Tarant (uv\u00e1d\u00ed se, \u017ee v\u00a0knihovn\u011b bylo celkem 958 svazk\u016f). Pozd\u011bji byl na jeho m\u00edsto jmenov\u00e1n pan Vondr\u00e1\u010dek. V\u00a0t\u00e9 dob\u011b byla tak\u00e9 knihovna poprv\u00e9 poji\u0161t\u011bna proti vloup\u00e1n\u00ed a po\u017e\u00e1r\u016fm. V\u00a0roce 1939 byl nov\u00fdm knihovn\u00edkem jmenov\u00e1n Franti\u0161ek Satek.<\/p>\n<p>&nbsp;<\/p>\n<p><strong>Knihovna po v\u00e1lce<\/strong><\/p>\n<p>Celkem bez \u00fahony p\u0159e\u010dkala knihovna druhou sv\u011btovou v\u00e1lku a v roce 1947 m\u011bla na po\u010d\u00e1tku p\u016fj\u010dovac\u00edho obdob\u00ed celkem 2 955 knih. V kronice se tehdy psalo, \u017ee <em>\u201eTato obecn\u00ed knihovna je jednou z nejv\u011bt\u0161\u00edch knihoven venkovsk\u00fdch.\u201c<\/em> V pades\u00e1t\u00fdch letech se o knihovnu staral u\u010ditel Karel \u0160merhovsk\u00fd. V\u00a0roce 1953 se uva\u017eovalo o p\u0159em\u00edst\u011bn\u00ed knihovny, nebo\u0165, jak bylo uvedeno, <em>\u201em\u00edstnosti jsou velmi vlhk\u00e9, a to knih\u00e1m velmi \u0161kod\u00ed.\u201c<\/em><\/p>\n<p>Ze statistick\u00fdch \u00fadaj\u016f lze uv\u00e9st, \u017ee v roce 1954 m\u011bla knihovna 2 600 svazk\u016f knih, \u010dten\u00e1\u0159\u016f v\u00a0n\u00ed bylo zaps\u00e1no 115 z toho 46 d\u011bt\u00ed. D\u00e1le v \u010d\u00edt\u00e1rn\u011b bylo vystaveno deset \u010dasopis\u016f z toho \u010dty\u0159i v rusk\u00e9m jazyce. V roce 1958 ji\u017e m\u011bla knihovna 3 508 svazk\u016f s\u00a0t\u00edm, \u017ee po\u010det \u010dten\u00e1\u0159\u016f o poklesl, bylo zaps\u00e1no pouh\u00fdch 89 \u010dten\u00e1\u0159\u016f.<\/p>\n<p>&nbsp;<\/p>\n<p><strong>Knihovna sou\u010d\u00e1st\u00ed m\u011bstsk\u00e9 knihovny<\/strong><\/p>\n<p>V roce 1968, v\u00a0souvislosti s\u00a0p\u0159ipojen\u00edm Velk\u00e9 Chuchle ku\u00a0Praze, z\u00edskala m\u00edstn\u00ed lidov\u00e1 knihovna metodickou podporu pra\u017esk\u00e9 m\u011bstsk\u00e9 knihovny. Do s\u00edt\u011b M\u011bstsk\u00e9 knihovny Praha v\u0161ak byla integrov\u00e1na a\u017e v\u00a0roce 1985 (pod \u010d\u00edslem 31) na rozd\u00edl od sousedn\u00edch knihoven ve Slivenci, Radot\u00edn\u011b nebo na Zbraslavi (tyto knihovny jsou dosud ve spr\u00e1v\u011b \u00fa\u0159ad\u016f m\u011bstsk\u00fdch \u010d\u00e1st\u00ed). P\u0159ed sametovou revoluc\u00ed \u010dten\u00e1\u0159i za knihami doch\u00e1zel do prvn\u00edho patra chuchelsk\u00e9 radnice, tou dobou byla knihovnic\u00ed Lily Ne\u010desan\u00e1.<\/p>\n<p>&nbsp;<\/p>\n<p><strong>Po sametov\u00e9 revoluci<\/strong><\/p>\n<p>v\u00a0roce 1994 se z\u00a0d\u016fvodu zvy\u0161uj\u00edc\u00ed agendy m\u00edstn\u00edho \u00fa\u0159adu knihovna p\u0159esunula do suter\u00e9nu (dne\u0161n\u00ed ordinace praktick\u00e9ho l\u00e9ka\u0159e) a kone\u010dn\u011b ve dnech 20. b\u0159ezna a\u017e 30. dubna 1996 byly knihy p\u0159est\u011bhov\u00e1ny do prvn\u00edho patra nov\u011b postaven\u00e9ho Klubov\u00e9ho domu (\u010dp. 7), kde byla nov\u00e1 knihovna 6. kv\u011btna slavnostn\u011b otev\u0159ena a p\u016fsob\u00ed dodnes. Ve fondu knihovny v t\u00e9 dob\u011b bylo 7862 svazk\u016f knih, kter\u00e9 si p\u016fj\u010dovalo 228 \u010dten\u00e1\u0159\u016f. Knihovnic\u00ed byla Jana Kl\u00edmov\u00e1.<\/p>\n<p>&nbsp;<\/p>\n<p><strong>Ve v\u00edru ud\u00e1lost\u00ed<\/strong><\/p>\n<p>V\u00a0roce 1998 se ujala pr\u00e1ce knihovnice Marie Zike\u0161ov\u00e1, kter\u00e9 se poda\u0159ilo vedle mnoha akc\u00ed pro d\u011bti uspo\u0159\u00e1dat \u0159adu kulturn\u00edch akc\u00ed pro ve\u0159ejnost: 20. kv\u011btna 1999 se konala Beseda nad kronikou spojen\u00e1 s\u00a0v\u00fdstavkou dokument\u016f z\u00a0historie obce, od 26. do 3. kv\u011btna 2001 v\u00a0r\u00e1mci oslav 80. v\u00fdro\u010d\u00ed vzniku knihovny prob\u011bhla v\u00fdstava plastik malochuchelsk\u00e9 v\u00fdtvarnice V\u011bry R\u016f\u017ei\u010dkov\u00e9-Bejrov\u00e9, na podzim pak v\u00fdstava Tom\u00e1\u0161e Hrom\u00e1dky a Martina C\u00e1pa s\u00a0n\u00e1zvem \u201eSl\u00e1va chuchelsk\u00fdch dostih\u016f,\u201c v\u011bnovan\u00e1 95. v\u00fdro\u010d\u00ed dostihov\u00e9ho z\u00e1vodi\u0161t\u011b.<\/p>\n<p>V\u00a0z\u00e1\u0159\u00ed 2002 nastoupila na knihovnick\u00e9 m\u00edsto Eva Hrdli\u010dkov\u00e1, kter\u00e1 pokra\u010dovala v\u00a0bohat\u00fdch kulturn\u011b-spole\u010densk\u00fdch aktivit\u00e1ch. Ve spolupr\u00e1ci s\u00a0m\u00edstn\u00edmi hasi\u010di zde ve dnech 15. \u2013 30. \u0159\u00edjna 2003 uspo\u0159\u00e1dala v\u00fdstavu ke 110. v\u00fdro\u010d\u00ed sboru a od 10. prosince do 28. \u00fanora 2004 v\u00fdstavku o Jaroslavu Foglarovi. Na ja\u0159e se konala prvn\u00ed Noc s\u00a0Andersenem, kterou s\u00a0\u00fasp\u011bchem zopakovala Eva Hrdli\u010dkov\u00e1 i n\u00e1sleduj\u00edc\u00ed rok. Pak n\u00e1sledovalo obdob\u00ed, kdy byla knihovna bez st\u00e1l\u00e9ho knihovn\u00edka, a\u017e bylo rozhodnuto o jej\u00edm za\u0159azen\u00ed mezi automatizovan\u00e9 pobo\u010dky M\u011bstsk\u00e9 knihovny Praha. K\u00a0tomu do\u0161lo p\u0159i slavnostn\u00edm znovuotev\u0159en\u00ed knihovny po technick\u00e9 p\u0159est\u00e1vce 22. kv\u011btna 2007. Chuchelsk\u00e1 knihovna se stala 33 pln\u011b automatizovanou knihovnou na \u00fazem\u00ed hlavn\u00edho m\u011bsta. Pracovn\u00edci knihovny p\u0159edstavili novinky, mezi kter\u00e9 tehdy pat\u0159ila dv\u011b po\u010d\u00edta\u010dov\u00e1 m\u00edsta s trval\u00fdm p\u0159ipojen\u00edm k internetu i celopra\u017esk\u00e9mu katalogu M\u011bstsk\u00e9 knihovny Praha a syst\u00e9mu Koni\u00e1\u0161, prost\u0159ednictv\u00edm kter\u00e9ho je dosud mo\u017en\u00e9 nejen vyhled\u00e1vat knihy, ale tak\u00e9 je rezervovat a objedn\u00e1vat. Automatizovan\u00e1 je tak\u00e9 registrace \u010dten\u00e1\u0159\u016f a v\u00fdp\u016fj\u010dek. Novou st\u00e1lou knihovnic\u00ed se stala Antonie Jel\u00ednkov\u00e1, kter\u00e1 nav\u00e1zala na aktivity sv\u00fdch p\u0159edch\u016fdc\u016f celou \u0159adou akc\u00ed pro d\u011bt\u00ed (mj. obnovila Noc s\u00a0Andersenem) a nav\u00e1zala spolupr\u00e1ci \u00fazkou spolupr\u00e1ci s\u00a0mate\u0159skou a z\u00e1kladn\u00ed \u0161kolou. \u017d\u00e1ci obou \u0161kol zde v\u00a0n\u00e1sleduj\u00edc\u00edch letech absolvovali celou \u0159adu vzd\u011bl\u00e1vac\u00edch akc\u00ed a her. Nap\u0159. v\u00a0roce 2010 knihovnice ve statistice vyk\u00e1zala 44 besed, p\u0159edn\u00e1\u0161ek a setk\u00e1n\u00ed. Do knihovny doch\u00e1zelo 315 \u010dten\u00e1\u0159\u016f a zapsalo se 44 nov\u00fdch z\u00e1jemc\u016f o kni\u017en\u00ed v\u00fdp\u016fj\u010dky. 23. \u010dervna 2010 se zde konal slavnostn\u00ed k\u0159est knihy Mal\u00e1 a Velk\u00e1 Chuchle.<\/p>\n<p>V\u00a0roce 2011 knihovna oslavila 90. v\u00fdro\u010d\u00ed sv\u00e9ho vzniku. Od 5. dubna do 5. kv\u011btna zde prob\u011bhla v\u00fdstava, kde byly vystaveny historick\u00e9 i sou\u010dasn\u00e9 fotografie z\u00a0knihovny a jej\u00edch akc\u00ed, uk\u00e1zky v\u00fdrobk\u016f d\u011bt\u00ed ze sout\u011b\u017e\u00ed a z v\u00fdtvarn\u00fdch d\u00edlni\u010dek, knihy o Mal\u00e9 a Velk\u00e9 Chuchli a jej\u00edm okol\u00ed z fondu M\u011bstsk\u00e9 knihovny v Praze a elektronick\u00e1 \u010dte\u010dka knih s digit\u00e1ln\u00edmi dokumenty o Mal\u00e9 a Velk\u00e9 Chuchli. Vzhledem k\u00a0tomu, \u017ee v\u00a0n\u00e1sleduj\u00edc\u00edch letech hrozilo omezen\u00ed slu\u017eeb knihovny, za\u010dalo chuchelsk\u00e9 zastupitelstvo podporovat jej\u00ed provoz \u010d\u00e1stkou 50 tis. K\u010d ro\u010dn\u011b.<\/p>\n<p>V letech 2014\u20132016 byla knihovnic\u00ed Michaela Sochorov\u00e1-\u0160ke\u0159\u00edkov\u00e1. Z v\u00fdznamn\u00fdch\u00a0 akc\u00ed roku 2016 lze p\u0159ipomenout \u010dten\u00ed z knih Old\u0159i\u0161ky Ciprov\u00e9, kter\u00e9 d\u011btem z mate\u0159sk\u00e9 a z\u00e1kladn\u00ed \u0161koly zprost\u0159edkovala ilustr\u00e1torka knih Lenka N\u011bmcov\u00e1 a vedouc\u00ed knihovny spolu s pan\u00ed N\u011bmcovou zorganizovaly vymalov\u00e1n\u00ed chodby ke knihovn\u011b, kter\u00e9 obstarali<br \/>\n\u017e\u00e1ci 6.A ze z\u00e1kladn\u00ed \u0161koly.<br \/>\nV roce 2017 pro\u0161la knihovna vizu\u00e1ln\u00ed prom\u011bnou. Reg\u00e1ly nahradil prostor pro<br \/>\nv\u0161echny, kte\u0159\u00ed r\u00e1di tr\u00e1v\u00ed v knihovn\u011b sv\u016fj \u010das \u2013 se stoln\u00edmi hrami a sedac\u00edm pytlem. V z\u00e1v\u011bru roku 2017 se novou knihovnic\u00ed stala Tereza Mat\u00e1skov\u00e1.<\/p>\n<p>Chuchelsk\u00e1 knihovna je nejstar\u0161\u00ed a dnes ji\u017e prakticky jedinou kulturn\u00ed instituc\u00ed v\u00a0na\u0161\u00ed m\u011bstsk\u00e9 \u010d\u00e1sti. B\u011bhem uplynul\u00e9 stovky let se n\u011bkolikr\u00e1t st\u011bhovala a pro\u0161la celou \u0159adou zm\u011bn. Dnes nen\u00ed jenom m\u00edstem p\u016fj\u010dov\u00e1n\u00ed knih a \u010dasopis\u016f, ale tak\u00e9 prostorem, kde se sch\u00e1zej\u00ed soused\u00e9 v\u0161ech v\u011bkov\u00fdch kategori\u00ed, kde se kon\u00e1 cel\u00e1 \u0159ada akc\u00ed pro ve\u0159ejnost.<\/p>\n<p>Mgr. Tom\u00e1\u0161 Hrom\u00e1dka<\/p>\n<p>kronik\u00e1\u0159 m\u011bstsk\u00e9 \u010d\u00e1sti Praha-Velk\u00e1 Chuchle<\/p>\n<p>&nbsp;<\/p>\n<p><span style=\"color: #ff0000;\"><strong>Knihovna v\u00a0Mal\u00e9 Chuchli je o n\u011bco mlad\u0161\u00ed<\/strong><\/span><\/p>\n<p>Svoji knihovnu m\u011bla i Mal\u00e1 Chuchle, kde byla\u00a01. \u0159\u00edjna 1927 otev\u0159ena pobo\u010dka m\u011bstsk\u00e9 knihovny. O jej\u00edm provozu m\u00e1me velmi m\u00e1lo zpr\u00e1v, jist\u00e9 je, \u017ee knihovnu s\u00a0po\u0159adov\u00fdm \u010d\u00edslem 46 v\u00a0roce 1952 nahradil bibliobus, kter\u00fd do Mal\u00e9 Chuchle pravideln\u011b zaj\u00ed\u017ed\u011bl a\u017e do roku 1979.<\/p>\n<p><strong><span style=\"color: #ff0000;\">Oslava 100. v\u00fdro\u010d\u00ed knihovny<\/span><\/strong><\/p>\n<p>24. listopadu 2021 oslavila chuchelsk\u00e1 pobo\u010dka M\u011bstsk\u00e9 knihovny v Praze 100. v\u00fdro\u010d\u00ed sv\u00e9ho vzniku. Stalo se tak ve form\u011b liter\u00e1rn\u00edho po\u0159adu, kter\u00fd se konal v komunitn\u00ed kav\u00e1rn\u011b Rodinn\u00e9ho centra Chuchle v are\u00e1lu K8. Hostem, kter\u00e9ho p\u0159iv\u00edtala knihovnice Tereza Mat\u00e1skov\u00e1, byla spisovatelka Jana Renner. V autorsk\u00e9m \u010dten\u00ed v komorn\u00edm prost\u0159ed\u00ed kav\u00e1rny p\u0159edstavila svoji knihu Prvn\u00ed, state\u010dn\u00e9, jedine\u010dn\u00e9. \u00a0\u00da\u010dastn\u00edci se mohli zaposlouchat do osud\u016f v\u00fdznamn\u00fdch \u017een, jejich\u017e osudy se mohly protnout s Velkou Chuchl\u00ed \u2013 dostihov\u00e9 jezdkyn\u011b Laty Brandisov\u00e9, dcery prvn\u00edho \u010deskoslovensk\u00e9ho prezidenta Alice Masarykov\u00e9 nebo l\u00e9ka\u0159ky, spisovatelky a politi\u010dky Jaroslavy Moserov\u00e9 a sou\u010dasn\u011b se zamyslet nad postaven\u00edm \u017een v na\u0161\u00ed spole\u010dnosti.<\/p>\n","protected":false},"excerpt":{"rendered":"<p>Obecn\u00ed knihovna ve Velk\u00e9 Chuchli vznikla 27. \u00fanora 1921, kdy bylo rozhodnuto slou\u010dit v\u0161echny spolkov\u00e9 knihovny. Nejv\u00edce svazk\u016f p\u0159itom m\u011bla knihovna Sboru dobrovoln\u00fdch hasi\u010d\u016f (zalo\u017een\u00e1\u00a0 v\u00a0roce 1904) , kter\u00e1 se tak v\u00a0\u010dervnu t\u00e9ho\u017e roku stala z\u00e1kladem nov\u00e9 knihovny um\u00edst\u011bn\u00e9 v &hellip; <a href=\"https:\/\/regionplus.cz\/chuchle\/kultura\/knihovna\/\">Cel\u00fd p\u0159\u00edsp\u011bvek <span class=\"meta-nav\">&rarr;<\/span><\/a><\/p>\n","protected":false},"author":1,"featured_media":0,"parent":265,"menu_order":0,"comment_status":"closed","ping_status":"closed","template":"","meta":{"footnotes":""},"class_list":["post-271","page","type-page","status-publish","hentry"],"_links":{"self":[{"href":"https:\/\/regionplus.cz\/chuchle\/wp-json\/wp\/v2\/pages\/271","targetHints":{"allow":["GET"]}}],"collection":[{"href":"https:\/\/regionplus.cz\/chuchle\/wp-json\/wp\/v2\/pages"}],"about":[{"href":"https:\/\/regionplus.cz\/chuchle\/wp-json\/wp\/v2\/types\/page"}],"author":[{"embeddable":true,"href":"https:\/\/regionplus.cz\/chuchle\/wp-json\/wp\/v2\/users\/1"}],"replies":[{"embeddable":true,"href":"https:\/\/regionplus.cz\/chuchle\/wp-json\/wp\/v2\/comments?post=271"}],"version-history":[{"count":4,"href":"https:\/\/regionplus.cz\/chuchle\/wp-json\/wp\/v2\/pages\/271\/revisions"}],"predecessor-version":[{"id":329,"href":"https:\/\/regionplus.cz\/chuchle\/wp-json\/wp\/v2\/pages\/271\/revisions\/329"}],"up":[{"embeddable":true,"href":"https:\/\/regionplus.cz\/chuchle\/wp-json\/wp\/v2\/pages\/265"}],"wp:attachment":[{"href":"https:\/\/regionplus.cz\/chuchle\/wp-json\/wp\/v2\/media?parent=271"}],"curies":[{"name":"wp","href":"https:\/\/api.w.org\/{rel}","templated":true}]}}