{"id":263,"date":"2021-10-03T00:02:28","date_gmt":"2021-10-02T22:02:28","guid":{"rendered":"http:\/\/regionplus.cz\/chuchle\/?page_id=263"},"modified":"2024-06-25T15:12:52","modified_gmt":"2024-06-25T13:12:52","slug":"dalsi-spolky","status":"publish","type":"page","link":"https:\/\/regionplus.cz\/chuchle\/spolky\/dalsi-spolky\/","title":{"rendered":"Dal\u0161\u00ed spolky"},"content":{"rendered":"<p><strong>N\u00e1rodn\u00ed jednota po\u0161umavsk\u00e1 pro Malou Chuchli a okol\u00ed<\/strong><\/p>\n<p>M\u00edstn\u00ed odbor spolku, jeho\u017e \u00fa\u010delem bylo podle stanov p\u0159isp\u00edvat k\u00a0n\u00e1rodn\u00edmu, kulturn\u00edmu a hmotn\u00e9mu zveleben\u00ed kr\u00e1lovstv\u00ed \u010cesk\u00e9ho a povznesen\u00ed hospod\u00e1\u0159stv\u00ed v\u00a0z\u00e1padn\u00edm, ji\u017en\u00edm a jihov\u00fdchodn\u00edm pohrani\u010d\u00ed \u010cech, vznikla v\u00a0Mal\u00e9 Chuchli ustavuj\u00edc\u00ed valnou hromadou 13. prosince 1896 z\u00a0iniciativy zdej\u0161\u00ed \u010cten\u00e1\u0159sk\u00e9 besedy. Sv\u00e9 z\u00e1jmy prosazovala zejm\u00e9na prost\u0159ednictv\u00edm ve\u0159ejn\u00fdch sb\u00edrek spojen\u00fdch s\u00a0divadeln\u00edmi p\u0159edstaven\u00edmi a jin\u00fdmi ve\u0159ejn\u00fdmi akcemi. Bohat\u00e1 byla rovn\u011b\u017e spolkov\u00e1 knihovna.<\/p>\n<p>Po vzniku \u010ceskoslovenska byly stanovy spolku upraveny ve prosp\u011bch prohlouben\u00ed n\u00e1rodn\u00edho uv\u011bdom\u011bn\u00ed a podpo\u0159e \u010desk\u00e9ho obyvatelstva v\u00a0n\u00e1rodnostn\u011b sm\u00ed\u0161en\u00fdch oblastech nov\u00e9 republiky.\u00a0 Je\u0161t\u011b 12.3.1939 sehr\u00e1li herci v\u00a0hostinci Anny Hor\u00e1kov\u00e9 (\u010dp.25) ve prosp\u011bch N\u00e1rodn\u00ed pomoci p\u0159edstaven\u00ed \u017danka ze slunn\u00e9ho domu od Bo\u017eeny Rajsk\u00e9 \u2013 Smol\u00edkov\u00e9.\u00a0 Za m\u011bs\u00edc pozd\u011bji byla slou\u010dena spolu s\u00a0dal\u0161\u00edmi spolky do N\u00e1rodn\u00ed matice p\u0159i N\u00e1rodn\u00ed rad\u011b \u010desk\u00e9 a jej\u00ed \u010dinnost postupn\u011b utlumov\u00e1na, a i tato organizace byla\u00a0 15. \u010dervna 1943 v\u00fdnosem \u0159\u00ed\u0161sk\u00e9ho ministra zcela zru\u0161ena.<\/p>\n<p>Obnovy se N\u00e1rodn\u00ed jednota po\u0161umavsk\u00e1 do\u010dkala hned po v\u00e1lce. P\u0159i valn\u00e9 hromad\u011b byli 23.6.1945 do v\u00fdboru zvoleni: V\u00e1clav Trojan (p\u0159edseda), Josef Fikl (m\u00edstop\u0159edseda), Alois Valenta, V\u00e1clav B\u00e1rta, Josef Mal\u00fd, V\u00e1clav \u0158\u00edpa (jednatel), Alois Sedl\u00e1\u010dek (pokladn\u00edk) a Jan Vejvoda (spr\u00e1vce domu). O rok pozd\u011bji\u00a0 se konala slavnostn\u00ed oslava pades\u00e1t\u00e9ho v\u00fdro\u010d\u00ed jednoty.\u00a0 P\u0159i\u0161el\u00a0 \u00fanor 1948, v pra\u017esk\u00e9m\u00a0\u00fast\u0159ed\u00ed jednoty vznikl ak\u010dn\u00ed v\u00fdbor, kter\u00fd\u00a0 16.11.1948 M\u00edstn\u00ed odbor N\u00e1rodn\u00ed jednoty po\u0161umavsk\u00e9 pro Malou Chuchli a okol\u00ed rozpustil. T\u00edm se uzav\u0159ela i historie ochotnick\u00e9ho divadla v\u00a0Mal\u00e9 Chuchli.<\/p>\n<p>&nbsp;<\/p>\n","protected":false},"excerpt":{"rendered":"<p>N\u00e1rodn\u00ed jednota po\u0161umavsk\u00e1 pro Malou Chuchli a okol\u00ed M\u00edstn\u00ed odbor spolku, jeho\u017e \u00fa\u010delem bylo podle stanov p\u0159isp\u00edvat k\u00a0n\u00e1rodn\u00edmu, kulturn\u00edmu a hmotn\u00e9mu zveleben\u00ed kr\u00e1lovstv\u00ed \u010cesk\u00e9ho a povznesen\u00ed hospod\u00e1\u0159stv\u00ed v\u00a0z\u00e1padn\u00edm, ji\u017en\u00edm a jihov\u00fdchodn\u00edm pohrani\u010d\u00ed \u010cech, vznikla v\u00a0Mal\u00e9 Chuchli ustavuj\u00edc\u00ed valnou hromadou 13. &hellip; <a href=\"https:\/\/regionplus.cz\/chuchle\/spolky\/dalsi-spolky\/\">Cel\u00fd p\u0159\u00edsp\u011bvek <span class=\"meta-nav\">&rarr;<\/span><\/a><\/p>\n","protected":false},"author":1,"featured_media":0,"parent":241,"menu_order":0,"comment_status":"closed","ping_status":"closed","template":"","meta":{"footnotes":""},"class_list":["post-263","page","type-page","status-publish","hentry"],"_links":{"self":[{"href":"https:\/\/regionplus.cz\/chuchle\/wp-json\/wp\/v2\/pages\/263","targetHints":{"allow":["GET"]}}],"collection":[{"href":"https:\/\/regionplus.cz\/chuchle\/wp-json\/wp\/v2\/pages"}],"about":[{"href":"https:\/\/regionplus.cz\/chuchle\/wp-json\/wp\/v2\/types\/page"}],"author":[{"embeddable":true,"href":"https:\/\/regionplus.cz\/chuchle\/wp-json\/wp\/v2\/users\/1"}],"replies":[{"embeddable":true,"href":"https:\/\/regionplus.cz\/chuchle\/wp-json\/wp\/v2\/comments?post=263"}],"version-history":[{"count":2,"href":"https:\/\/regionplus.cz\/chuchle\/wp-json\/wp\/v2\/pages\/263\/revisions"}],"predecessor-version":[{"id":1083,"href":"https:\/\/regionplus.cz\/chuchle\/wp-json\/wp\/v2\/pages\/263\/revisions\/1083"}],"up":[{"embeddable":true,"href":"https:\/\/regionplus.cz\/chuchle\/wp-json\/wp\/v2\/pages\/241"}],"wp:attachment":[{"href":"https:\/\/regionplus.cz\/chuchle\/wp-json\/wp\/v2\/media?parent=263"}],"curies":[{"name":"wp","href":"https:\/\/api.w.org\/{rel}","templated":true}]}}