{"id":243,"date":"2021-10-02T23:53:11","date_gmt":"2021-10-02T21:53:11","guid":{"rendered":"http:\/\/regionplus.cz\/chuchle\/?page_id=243"},"modified":"2025-05-22T19:56:14","modified_gmt":"2025-05-22T17:56:14","slug":"sbor-dobrovolnych-hasicu","status":"publish","type":"page","link":"https:\/\/regionplus.cz\/chuchle\/spolky\/sbor-dobrovolnych-hasicu\/","title":{"rendered":"Sbor dobrovoln\u00fdch hasi\u010d\u016f"},"content":{"rendered":"<p><span style=\"color: #ff0000;\"><strong><a href=\"http:\/\/regionplus.cz\/chuchle\/wp-content\/uploads\/sites\/2\/2025\/05\/sdh-chuchle-logo.png\"><img loading=\"lazy\" decoding=\"async\" class=\"alignleft  wp-image-1125\" src=\"http:\/\/regionplus.cz\/chuchle\/wp-content\/uploads\/sites\/2\/2025\/05\/sdh-chuchle-logo.png\" alt=\"\" width=\"175\" height=\"162\" \/><\/a>Sbor dobrovoln\u00fdch hasi\u010d\u016f ve Velk\u00e9 Chuchli<\/strong> <\/span>vznikl z\u00e1sluhou m\u00edstn\u00edch ob\u010dan\u016f Maty\u00e1\u0161e Ou\u0159ady, Jaroslava P\u0159\u00edhody, V\u00e1clava Li\u0161ky, Anton\u00edna Ma\u0161ka, Josefa Hole\u010dka a Josefa Kl\u00e1na 23. dubna 1893, kdy byla v hostinci \u201eU Hole\u010dk\u016f\u201c svol\u00e1na ustavuj\u00edc\u00ed valn\u00e1 hromada. Prvn\u00edm starostou se stal Anton\u00edn Ma\u0161ek, velitelem Maty\u00e1\u0161 Ou\u0159ada a jednatelem Josef Hole\u010dek. Na ustavuj\u00edc\u00ed sch\u016fzi se do sboru p\u0159ihl\u00e1silo celkem 55 \u010dlen\u016f.<\/p>\n<p>Ji\u017e od sv\u00fdch prvopo\u010d\u00e1tku spolupracoval tento sbor se zdej\u0161\u00edm obecn\u00edm \u00fa\u0159adem, kter\u00fd pro hasi\u010de zakoupil n\u00e1\u0159ad\u00ed a v\u00fdstroj. Spolkovou m\u00edstnost m\u011bli p\u016fvodn\u011b hasi\u010di v\u00a0restauraci \u201eU Hole\u010dk\u016f\u201c, pozd\u011bji se p\u0159esunuli do hasi\u010dsk\u00e9 zbrojnice, v\u00a0dnes ji\u017e neexistuj\u00edc\u00ed budov\u011b obecn\u00edho \u00fa\u0159adu na N\u00e1m\u011bst\u00ed Chuchelsk\u00fdch bojovn\u00edk\u016f.<\/p>\n<p>Ji\u017e 16. \u010dervence 1893, tedy t\u0159i m\u011bs\u00edce od sv\u00e9ho vzniku, p\u0159ipravil sbor prvn\u00ed ve\u0159ejn\u00e9 cvi\u010den\u00ed, v\u00a0z\u00e1\u0159i se pak v Kr\u010di z\u00fa\u010dastnil sjezdu pra\u017esk\u00e9 \u017eupy a v tomto roce zasahoval hned p\u0159i \u010dty\u0159ech po\u017e\u00e1rech v\u00a0obci i nedalek\u00e9m Slivenci.<\/p>\n<p>\u010cinnost sboru nebyla spojena jen se cvi\u010den\u00edm a prevenc\u00ed, ale z\u00e1sluhou m\u00edstn\u00edch hasi\u010d\u016f vznikla v\u00a0Chuchli dlouholet\u00e1 plesov\u00e1 tradice. Prvn\u00ed ples se zde konal hned v\u00a0n\u00e1sleduj\u00edc\u00edm roce po zalo\u017een\u00ed sboru, 14. ledna. D\u00e1le v\u00a0roce 1907 zalo\u017eili \u201eFond pomoci pro zesnul\u00e9\u201c, v\u00a0roce 1910 vznikla sborov\u00e1 knihovna, kter\u00e1 se o jeden\u00e1ct let pozd\u011bji stala z\u00e1kladem pro knihovnu obecn\u00ed. V\u00a0t\u00e9m\u017ee roce, 19. \u010dervna, se v\u00a0Chuchli konal sjezd hasi\u010dsk\u00e9 \u017eupy \u201eKaz\u00edn\u201c. V\u00a0t\u00e9 dob\u011b m\u011bl sbor 66 \u010dlen\u016f.<\/p>\n<p>\u010c\u00e1ste\u010dn\u00fd \u00fatlum pro hasi\u010de nastal v\u00a0letech prvn\u00ed sv\u011btov\u00e9 v\u00e1lky, kdy bylo mnoho \u010dlen\u016f tohoto sboru nuceno odej\u00edt na frontu. Nov\u00fd \u201ev\u00edtr\u201c v\u00a0pr\u00e1ci chuchelsk\u00fdch hasi\u010d\u016f \u201ezav\u00e1l\u201c a\u017e po vzniku \u010ceskoslovensk\u00e9 republiky. V\u00a0roce 1921 byl je\u0161t\u011b zalo\u017een odbor pro samarit\u00e1ny a o dva roky pozd\u011bji, kdy ve sboru bylo p\u0159ihl\u00e1\u0161eno 94 \u010dlen\u016f, z\u00a0nich\u017e bylo i n\u011bkolik \u017een, bylo zalo\u017eeno \u201ejino\u0161sk\u00e9 dru\u017estvo\u201c. Z\u00e1rove\u0148 v\u00a0tomto roce vstoupil cel\u00fd sbor do \u010ceskoslovensk\u00e9ho \u010derven\u00e9ho k\u0159\u00ed\u017ee. \u0158ada \u010dlen\u016f sboru vstoupila tak\u00e9 do chuchelsk\u00e9ho divadeln\u00edho spolku J. K. Tyl.<\/p>\n<p>V\u00a0roce 1928 se \u010dlenov\u00e9 sboru z\u00fa\u010dastnili jubilejn\u00edho sjezdu \u010deskoslovensk\u00e9ho hasi\u010dstva, kde podle n\u00e1vrhu Jana Vorl\u00ed\u010dka cvi\u010dili se sekerkami a prostn\u00e1 se \u017eeb\u0159\u00edky.<\/p>\n<p>V\u00a0roce 1932 bylo v hasi\u010dsk\u00e9m sboru ji\u017e 332 chuchelsk\u00fdch ob\u010dan\u016f a p\u0159im\u011b\u0159en\u011b s\u00a0t\u00edm, se pomalu zlep\u0161ovalo i vybaven\u00ed sboru. V\u00a0roce 1934 byla zakoupena dvoukolov\u00e1 st\u0159\u00edka\u010dka a o rok pozd\u011bji pak pro jej\u00ed dopravu i automobil, kter\u00fd po rekonstrukci slou\u017eil jako sanitka, s\u00a0n\u00ed\u017e se od roku 1936 jezdilo tak\u00e9 k\u00a0\u00faraz\u016fm na dostihov\u00e9 z\u00e1vodi\u0161t\u011b.<\/p>\n<p>Zdej\u0161\u00ed hasi\u010dsk\u00fd sbor pracoval i v\u00a0prvn\u00edch letech 2. sv\u011btov\u00e9 v\u00e1lky, a to tak, \u017ee dokonce v\u00a0roce 1940 byl zalo\u017een dramatick\u00fd odbor, kter\u00fd sv\u00e1 p\u0159edstaven\u00ed hr\u00e1l v\u00a0restauraci \u201eStart\u201c. Takto vystupoval a\u017e do roku 1942, kdy v\u00a0obdob\u00ed \u201eheidrichi\u00e1dy\u201c\u00a0 byl zru\u0161en a celkov\u00e1 \u010dinnost hasi\u010dsk\u00e9ho sboru byla zna\u010dn\u011b okle\u0161t\u011bna.<\/p>\n<div id=\"attachment_597\" style=\"width: 869px\" class=\"wp-caption aligncenter\"><a href=\"http:\/\/regionplus.cz\/chuchle\/wp-content\/uploads\/sites\/2\/2023\/04\/hasici-sanitnivuz.jpg\"><img loading=\"lazy\" decoding=\"async\" aria-describedby=\"caption-attachment-597\" class=\"wp-image-597 size-full\" src=\"http:\/\/regionplus.cz\/chuchle\/wp-content\/uploads\/sites\/2\/2023\/04\/hasici-sanitnivuz.jpg\" alt=\"\" width=\"859\" height=\"659\" srcset=\"https:\/\/regionplus.cz\/chuchle\/wp-content\/uploads\/sites\/2\/2023\/04\/hasici-sanitnivuz.jpg 859w, https:\/\/regionplus.cz\/chuchle\/wp-content\/uploads\/sites\/2\/2023\/04\/hasici-sanitnivuz-300x230.jpg 300w, https:\/\/regionplus.cz\/chuchle\/wp-content\/uploads\/sites\/2\/2023\/04\/hasici-sanitnivuz-768x589.jpg 768w, https:\/\/regionplus.cz\/chuchle\/wp-content\/uploads\/sites\/2\/2023\/04\/hasici-sanitnivuz-391x300.jpg 391w\" sizes=\"auto, (max-width: 859px) 100vw, 859px\" \/><\/a><p id=\"caption-attachment-597\" class=\"wp-caption-text\">V dob\u011b II. sv\u011btov\u00e9 v\u00e1lky chuchel\u0161t\u00ed hasi\u010di zakoupili sanitn\u00ed v\u016fz<\/p><\/div>\n<p>Ke sv\u00e9 p\u016fvodn\u00ed pr\u00e1ci se \u010dlenov\u00e9 sboru mohli vr\u00e1tit a\u017e\u00a0 po kv\u011btnu 1945. Tehdy svoji pr\u00e1ci obnovil i \u00a0dramatick\u00fd odbor, po\u0159\u00e1daly se r\u016fzn\u00e9 p\u0159edn\u00e1\u0161ky s\u00a0hasi\u010dskou t\u00e9matikou a v\u011bt\u0161ina \u010dlen\u016f se zapojila do zvelebov\u00e1n\u00ed obce. Nejprve v\u0161e vypadalo, \u017ee sbor m\u00e1 u ob\u010dan\u016f \u201ezelenou\u201c. V\u00a050. letech cvi\u010dila v\u00a0Chuchli dv\u011b dru\u017estva mu\u017e\u016f, jedno \u017een a jedno bylo z\u00e1lo\u017en\u00ed. V\u00a0t\u00e9 dob\u011b chuchel\u0161t\u00ed hasi\u010di, respektive v\u00a0t\u00e9 dob\u011b se jim ji\u017e \u0159\u00edkalo po\u017e\u00e1rn\u00edci, byli nejmasov\u011bj\u0161\u00ed organizac\u00ed. \u00datlum ale nastal tak\u0159ka po deseti letech, za\u010d\u00e1tkem 60. let. V\u00a0t\u00e9 dob\u011b ji\u017e m\u00edstn\u00ed obyvatel\u00e9 nem\u011bli z\u00e1jem zapojovat se do aktivit sboru, dramatick\u00fd odbor byl zru\u0161en a p\u0159i \u201e\u017eivot\u011b\u201c se poda\u0159ilo udr\u017eet po jednom dru\u017estvu mu\u017e\u016f, \u017een a d\u011bt\u00ed. Pracovalo zde cca 100 lid\u00ed, kte\u0159\u00ed se aktivn\u011b z\u00fa\u010dast\u0148ovali hasi\u010dsk\u00fdch sout\u011b\u017e\u00ed, ka\u017edoro\u010dn\u011b v\u00a0restauraci \u201eU Hole\u010dk\u016f\u201c po\u0159\u00e1dali plesy a pod\u00edleli se na ve\u0159ejn\u00fdch akc\u00edch, jako bylo nap\u0159\u00edklad no\u0161en\u00ed vody na h\u0159bitov, po\u0159\u00e1d\u00e1n\u00ed d\u011btsk\u00fdch dn\u016f, \u00fa\u010dast na pietn\u00edch aktech \u010di prevence mezi obyvateli a na chuchelsk\u00e9m z\u00e1vodi\u0161ti.<\/p>\n<p>Od roku 1936 se sbor sch\u00e1zel ve sv\u00e9 zbrojnici tzv. \u201eKresovn\u011b\u201c, kde krom\u011b hasi\u010dsk\u00e9ho vybaven\u00ed bylo v\u00a080. letech minul\u00e9ho stolet\u00ed je\u0161t\u011b sklen\u00e1\u0159stv\u00ed a mandl. Jeliko\u017e postupem \u010dasu byl stav objektu pro \u00fa\u010dely hasi\u010d\u016f nevhodn\u00fd, byl na po\u010d\u00e1tku 90. let d\u016fm zbour\u00e1n a na jeho m\u00edst\u011b byl postaven Klubov\u00fd d\u016fm, v\u00a0n\u011bm\u017e sv\u00e9 m\u00edsto na\u0161li i zdej\u0161\u00ed hasi\u010di. \u010casem, v\u00a0roce 1995 zde z\u00edskali i zbrojnici a klubovnu.<\/p>\n<p>V sou\u010dasnosti m\u00e1, ji\u017e op\u011bt hasi\u010dsk\u00fd sbor 70 \u010dlen\u016f, kte\u0159\u00ed hlavn\u011b spolupracuj\u00ed s hasi\u010di z Lochkova a Radot\u00edna.<\/p>\n<p>Svoji \u00falohu osv\u011bd\u010dil p\u0159i povodn\u00edch v roce 2002 a 2013, kdy \u00fasp\u011b\u0161n\u011b sekundoval profesion\u00e1ln\u00edm jednotk\u00e1m p\u0159i ostraze objekt\u016f a likvidaci n\u00e1sledk\u016f ni\u010div\u00e9 katastrofy. V roce 2007 byla v r\u00e1mci dobrovoln\u00e9ho sboru vytvo\u0159ena Jednotka Sboru dobrovoln\u00fdch hasi\u010d\u016f p\u0159\u00edmo pod\u0159\u00edzen\u00e1 m\u011bstsk\u00e9 \u010d\u00e1sti a vybaven\u00e1 modern\u00edm za\u0159\u00edzen\u00edm a vybaven\u00edm.<\/p>\n<p>Z\u00a0dal\u0161\u00edch aktivit p\u0159ipome\u0148me, \u017ee pro chuchelsk\u00e9 ob\u010dany m\u00edstn\u00ed hasi\u010di tradi\u010dn\u011b ka\u017ed\u00fdm rokem po\u0159\u00e1daj\u00ed sb\u011br \u017eelezn\u00e9ho \u0161rotu, jeho\u017e v\u00fdt\u011b\u017eek v\u011bnuj\u00ed na den d\u011bt\u00ed, kter\u00fd se kon\u00e1 ka\u017ed\u00fd rok v\u00a0\u010dervnu v\u00a0Chuchelsk\u00e9m h\u00e1ji.<\/p>\n<p><strong>\u00a0<\/strong><\/p>\n","protected":false},"excerpt":{"rendered":"<p>Sbor dobrovoln\u00fdch hasi\u010d\u016f ve Velk\u00e9 Chuchli vznikl z\u00e1sluhou m\u00edstn\u00edch ob\u010dan\u016f Maty\u00e1\u0161e Ou\u0159ady, Jaroslava P\u0159\u00edhody, V\u00e1clava Li\u0161ky, Anton\u00edna Ma\u0161ka, Josefa Hole\u010dka a Josefa Kl\u00e1na 23. dubna 1893, kdy byla v hostinci \u201eU Hole\u010dk\u016f\u201c svol\u00e1na ustavuj\u00edc\u00ed valn\u00e1 hromada. Prvn\u00edm starostou se stal &hellip; <a href=\"https:\/\/regionplus.cz\/chuchle\/spolky\/sbor-dobrovolnych-hasicu\/\">Cel\u00fd p\u0159\u00edsp\u011bvek <span class=\"meta-nav\">&rarr;<\/span><\/a><\/p>\n","protected":false},"author":1,"featured_media":0,"parent":241,"menu_order":0,"comment_status":"closed","ping_status":"closed","template":"","meta":{"footnotes":""},"class_list":["post-243","page","type-page","status-publish","hentry"],"_links":{"self":[{"href":"https:\/\/regionplus.cz\/chuchle\/wp-json\/wp\/v2\/pages\/243","targetHints":{"allow":["GET"]}}],"collection":[{"href":"https:\/\/regionplus.cz\/chuchle\/wp-json\/wp\/v2\/pages"}],"about":[{"href":"https:\/\/regionplus.cz\/chuchle\/wp-json\/wp\/v2\/types\/page"}],"author":[{"embeddable":true,"href":"https:\/\/regionplus.cz\/chuchle\/wp-json\/wp\/v2\/users\/1"}],"replies":[{"embeddable":true,"href":"https:\/\/regionplus.cz\/chuchle\/wp-json\/wp\/v2\/comments?post=243"}],"version-history":[{"count":6,"href":"https:\/\/regionplus.cz\/chuchle\/wp-json\/wp\/v2\/pages\/243\/revisions"}],"predecessor-version":[{"id":1126,"href":"https:\/\/regionplus.cz\/chuchle\/wp-json\/wp\/v2\/pages\/243\/revisions\/1126"}],"up":[{"embeddable":true,"href":"https:\/\/regionplus.cz\/chuchle\/wp-json\/wp\/v2\/pages\/241"}],"wp:attachment":[{"href":"https:\/\/regionplus.cz\/chuchle\/wp-json\/wp\/v2\/media?parent=243"}],"curies":[{"name":"wp","href":"https:\/\/api.w.org\/{rel}","templated":true}]}}