{"id":231,"date":"2021-10-02T23:47:57","date_gmt":"2021-10-02T21:47:57","guid":{"rendered":"http:\/\/regionplus.cz\/chuchle\/?page_id=231"},"modified":"2022-01-26T08:41:20","modified_gmt":"2022-01-26T07:41:20","slug":"skoly","status":"publish","type":"page","link":"https:\/\/regionplus.cz\/chuchle\/skoly\/","title":{"rendered":"\u0160koly"},"content":{"rendered":"<p><span style=\"color: #ff0000;\"><strong>Mal\u00e1 Chuchle<\/strong><\/span><\/p>\n<p>D\u011bjiny chuchelsk\u00fdch \u0161kol se za\u010daly ps\u00e1t v roce 1815, kdy byla n\u00e1kladem zbraslavsk\u00e9ho panstv\u00ed, ob\u010dan\u016f Mal\u00e9 a Velk\u00e9 Chuchle a pra\u017esk\u00e9ho m\u011b\u0161\u0165ana a sl\u00e1dka Anton\u00edna Augusta Ullricha postavena v\u00a0centru Mal\u00e9 Chuchle, nedaleko kostela Narozen\u00ed Panny Marie \u0161koln\u00ed budova. Kuri\u00f3zn\u00ed bylo, \u017ee chuchelsk\u00e1 jednot\u0159\u00eddka (slavnostn\u011b vysv\u011bcen\u00e1 26. \u010dervna 1816) byla postavena na m\u00edst\u011b n\u011bkdej\u0161\u00edho h\u0159bitova, kter\u00fd byl p\u0159esunut do lesa ke kostelu sv. Jana Nepomuck\u00e9ho. Prvn\u00edm u\u010ditelem byl Anton\u00edn Sk\u0159iv\u00e1nek, dal\u0161\u00edmi pak nap\u0159. Franti\u0161ek Vesel\u00fd, b\u011bhem jeho\u017e u\u010ditelov\u00e1n\u00ed do\u0161lo k nep\u0159edv\u00eddateln\u00e9 ud\u00e1losti \u2013 29. z\u00e1\u0159\u00ed 1859 byla \u0161koln\u00ed budova po\u0161kozena p\u0159\u00edvalem vody sm\u011brem od Slivence, a to takov\u00fdm zp\u016fsobem, \u017ee <em>\u201e&#8230; i jalovice v chl\u00e9v\u011b \u0161koln\u00ed budovy se utopila &#8230;\u201c<\/em> a u\u010ditel Vesel\u00fd tak utrp\u011bl zna\u010dnou \u0161kodu. Oprava budovy si vy\u017e\u00e1dala n\u00e1klad 218 zlat\u00fdch, kter\u00fd ze sv\u00e9ho zaplatili chuchel\u0161t\u00ed ob\u010dan\u00e9.<\/p>\n<p>V\u011bt\u0161\u00edch \u00faprav doznala \u0161kola a\u017e za u\u010ditelov\u00e1n\u00ed Josefa Suka, v letech 1880\u20131881, kdy bylo k p\u016fvodn\u011b p\u0159\u00edzemn\u00ed budov\u011b p\u0159istav\u011bno prvn\u00ed patro a \u0161kola se tak stala dvojt\u0159\u00eddn\u00ed.Ve ve\u0159ejn\u00e9 dra\u017eb\u011b byla zak\u00e1zka v\u00a0hodnot\u011b 5765 zlat\u00fdch a 21 krejcar\u016f zad\u00e1na staviteli Bohumilu Hole\u010dkovi z\u00a0Vr\u0161ovic. Stavba byla zah\u00e1jena 17. kv\u011btna 1881 a sv\u00e9mu \u00fa\u010delu za\u010dala slou\u017eit ji\u017e v z\u00e1\u0159\u00ed t\u00e9ho\u017e roku. U\u010dit se ale nep\u0159estalo \u2013 v\u00a0obdob\u00ed stavby se \u0161kola (v\u010detn\u011b bytu \u0159\u00edd\u00edc\u00edho u\u010ditele) p\u0159esunula do hostince \u201eU \u010cesk\u00e9 koruny.\u201c Otev\u0159en\u00ed \u0161koly p\u0159edch\u00e1zelo nejprve posv\u011bcen\u00ed budovy, kter\u00e9 bylo slavnostn\u011b provedeno 4. z\u00e1\u0159\u00ed 1881 zbraslavsk\u00fdm far\u00e1\u0159em. O t\u00e9to sl\u00e1v\u011b psaly i tehdej\u0161\u00ed noviny:<em>\u201eObec chuchelsk\u00e1, a\u010dkoliv mal\u00e1, postavila si touto kr\u00e1snou budovou \u0161koln\u00ed d\u016fstojn\u00fd pomn\u00edk sv\u00e9 snahy ku vzd\u011bl\u00e1n\u00ed ml\u00e1de\u017ee, \u010deho\u017e j\u00ed zajist\u00e9 potomci dlouho vd\u011b\u010dn\u011b vzpom\u00ednati budou.\u201c\u00a0\u00a0\u00a0\u00a0 Posel z\u00a0Bud\u010de, 14. z\u00e1\u0159\u00ed 1881<\/em><\/p>\n<p>P\u0159esn\u011b t\u0159iat\u0159icet let p\u016fsobil ve zdej\u0161\u00ed \u0161kole Vladim\u00edr P\u0159ib\u00edk. V t\u00e9 dob\u011b do \u0161koly doch\u00e1zelo kolem 170 d\u011bt\u00ed, a proto\u017ee to bylo hodn\u011b, byla \u0161kola v\u00a0roce 1896 roz\u0161\u00ed\u0159ena na trojt\u0159\u00eddn\u00ed. Nov\u00e1 t\u0159\u00edda byla upravena z\u00a0p\u016fvodn\u00edho bytu \u0159\u00edd\u00edc\u00edho u\u010ditele v\u00a0p\u0159\u00edzem\u00ed \u0161koln\u00ed budovy.<\/p>\n<p>\u0160koln\u00ed rok v\u017edy za\u010d\u00ednal a kon\u010dil slavnostn\u00ed m\u0161\u00ed svatou v nedalek\u00e9m kostele. Pravideln\u00fdmi akcemi t\u00e9 doby byly oslavy jubile\u00ed panovnick\u00e9 rodiny nebo p\u0159edpr\u00e1zdninov\u00e9 v\u00fdlety do okol\u00ed za vydatn\u00e9 pomoci rodi\u010d\u016f a l\u00e1ze\u0148sk\u00fdch host\u016f nebo zkou\u0161ky z n\u00e1bo\u017eenstv\u00ed. \u010cast\u00fdm jevem byly tak\u00e9 r\u016fzn\u00e9 epidemie, nap\u0159\u00edklad spalni\u010dky a z\u00e1\u0161krt, kdy dokonce musela b\u00fdt \u0161kola n\u011bkolikr\u00e1t v roce uzav\u0159ena. Mnoho d\u011bt\u00ed v\u00a0t\u00e9 dob\u011b dost\u00e1valo tak\u00e9 \u00falevu z vyu\u010dov\u00e1n\u00ed z d\u016fvodu poln\u00edch prac\u00ed.<\/p>\n<p>V roce 1906 byla otev\u0159ena pobo\u010dka \u0161koly v \u010dp. 3 a \u0161kola se tak stala de facto \u010dty\u0159t\u0159\u00eddn\u00ed. Tento stav trval a\u017e do roku 1933, kdy byla ve Velk\u00e9 Chuchli postavena nov\u00e1 \u0161kola a z malochuchelsk\u00e9 \u0161koly se stala op\u011bt dvojt\u0159\u00eddn\u00ed s p\u011bti ro\u010dn\u00edky \u0161koln\u00ed doch\u00e1zky. V roce 1941 byla pak \u0161kola zm\u011bn\u011bna na jednot\u0159\u00eddn\u00ed s osmi \u0161koln\u00edmi roky. To ji\u017e zde jako \u0159\u00edd\u00edc\u00ed u\u010ditelka p\u016fsobila legend\u00e1rn\u00ed Anna Koupilov\u00e1 (u\u010ditelsk\u00e9mu povol\u00e1n\u00ed se v Mal\u00e9 Chuchli v\u011bnovala pln\u00fdch 27 let).<\/p>\n<p>Po II. sv\u011btov\u00e9 v\u00e1lce m\u011bla \u0161kola r\u00e1z jednot\u0159\u00eddky s p\u011bti ro\u010dn\u00edky a od roku 1948 byla pak s p\u0159\u00edva\u017ekem \u201en\u00e1rodn\u00ed\u201c. Od 13. \u00fanora 1951 byla v\u0161ak \u0161kola organizov\u00e1na op\u011bt jako dvout\u0159\u00eddn\u00ed.<\/p>\n<p>Ve \u0161koln\u00edm roce 1951\u20131952 \u017e\u00e1ci zv\u00edt\u011bzili v celopra\u017esk\u00e9 sout\u011b\u017ei ve sb\u011bru surovin \u2013 za prvn\u00ed pololet\u00ed nasb\u00edrali 11,173 tuny a v druh\u00e9m dokonce 14,925 tuny. Od \u0161koln\u00edho roku 1956\u20131957 doch\u00e1zeli \u017e\u00e1ci 5. ro\u010dn\u00edku celot\u00fddenn\u011b do Z\u0160 Vltavsk\u00e1 na Sm\u00edchov\u011b, \u0161kola jako samostatn\u00e1 jednotka zanikla v roce 1963, kdy byly v\u0161echny d\u011bti p\u0159evedeny do Z\u0160 Vltavsk\u00e1.<\/p>\n<p>V objektu kr\u00e1tce na to p\u016fsobilo st\u0159edn\u00ed odborn\u00e9 u\u010dili\u0161t\u011b s\u00a0oborem zlatnictv\u00ed, kter\u00e9 bylo z\u0159\u00edzeno pod n\u00e1rodn\u00edm podnikem SAFINA. N\u00e1zev tohoto podniku byl pozd\u011bji p\u0159evzat i pro pojmenov\u00e1n\u00ed cel\u00e9 budovy. V\u00a0druh\u00e9 polovin\u011b sedmdes\u00e1t\u00fdch let p\u0159evzala objekt Vysok\u00e1 \u0161kola zem\u011bd\u011blsk\u00e1 (Katedra pedagogiky) a v\u00a0roce 1978 zde bylo zah\u00e1jeno vyu\u010dov\u00e1n\u00ed ve t\u0159ech u\u010debn\u00e1ch.<\/p>\n<p>Katedra pedagogiky Vysok\u00e9 \u0161koly zem\u011bd\u011blsk\u00e9 dosud obhospoda\u0159ovala budovy b\u00fdval\u00e9 l\u00e1ze\u0148sk\u00e9 restaurace, kter\u00e9 p\u0159evzala v roce 1966 (n\u00e1jemce l\u00e1ze\u0148sk\u00e9 restaurace toti\u017e po druh\u00e9 sv\u011btov\u00e9 v\u00e1lce vyst\u0159\u00eddali voj\u00e1ci a coby voj\u00e1k zde b\u011bhal i olympionik Emil Z\u00e1topek. V roce 1955 byla v Chuchli z\u0159\u00edzena \u0160kola pro p\u0159edsedy JZD, kter\u00e1 byla pozd\u011bji p\u0159ejmenov\u00e1na na \u0160kolu pro funkcion\u00e1\u0159e socialistick\u00fdch zem\u011bd\u011blsk\u00fdch z\u00e1vod\u016f). Od roku 1960 zde p\u016fsobila St\u0159edn\u00ed zem\u011bd\u011blsk\u00e1 technick\u00e1 \u0161kola s u\u010debn\u00edm oborem P\u011bstitelstv\u00ed a chovatelstv\u00ed).<\/p>\n<p>V roce 1975 bylo rozhodnuto obnovit cel\u00fd ji\u017e zna\u010dn\u011b zch\u00e1tral\u00fd are\u00e1l. Prvn\u00edm objektem byla n\u011bkdej\u0161\u00ed l\u00e1ze\u0148sk\u00e1 restaurace, jej\u00ed\u017e rekonstrukce trvala p\u011bt let (1979\u20131984). Byly zde vybudov\u00e1ny posluch\u00e1rny a u\u010debny, laborato\u0159 pro v\u00fdpo\u010detn\u00ed a didaktickou techniku, ubytovna, zasedac\u00ed m\u00edstnost, kabinety a kancel\u00e1\u0159e pro person\u00e1l.<\/p>\n<p>Hned po dokon\u010den\u00ed stavby do\u0161lo k p\u0159\u00edprav\u011b rekonstrukce p\u016fvodn\u00ed \u0161koln\u00ed budovy. Ta v\u0161ak mohla za\u010d\u00edt a\u017e v roce 1988 a trvala do roku 1990. Byly zde vytvo\u0159eny semin\u00e1rn\u00ed pracovna, po\u010d\u00edta\u010dov\u00e1 u\u010debna, psychologick\u00e1 laborato\u0159 a pracovny u\u010ditel\u016f.<\/p>\n<p>V roce 1995 bylo akademick\u00e9 pracovi\u0161t\u011b p\u0159ejmenov\u00e1no na Katedru pedagogiky \u010cesk\u00e9 zem\u011bd\u011blsk\u00e9 univerzity, a o \u0161est let pozd\u011bji na Institut z\u00e1klad\u016f vzd\u011blanosti \u010cesk\u00e9 zem\u011bd\u011blsk\u00e9 univerzity.<\/p>\n<p>V Mal\u00e9 Chuchli je je\u0161t\u011b jedno akademick\u00e9 pracovi\u0161t\u011b, a to nedaleko Vltavy lod\u011bnice \u010cesk\u00e9ho vysok\u00e9ho u\u010den\u00ed technick\u00e9ho. Tento objekt byl vybudov\u00e1n v roce 1981 a slou\u017e\u00ed vysoko\u0161kol\u00e1k\u016fm k povinn\u00e9 v\u00fduce i rekreaci.<\/p>\n<p>&nbsp;<\/p>\n<p><span style=\"color: #ff0000;\"><strong>Velk\u00e1 Chuchle<\/strong><\/span><\/p>\n","protected":false},"excerpt":{"rendered":"<p>Mal\u00e1 Chuchle D\u011bjiny chuchelsk\u00fdch \u0161kol se za\u010daly ps\u00e1t v roce 1815, kdy byla n\u00e1kladem zbraslavsk\u00e9ho panstv\u00ed, ob\u010dan\u016f Mal\u00e9 a Velk\u00e9 Chuchle a pra\u017esk\u00e9ho m\u011b\u0161\u0165ana a sl\u00e1dka Anton\u00edna Augusta Ullricha postavena v\u00a0centru Mal\u00e9 Chuchle, nedaleko kostela Narozen\u00ed Panny Marie \u0161koln\u00ed budova. &hellip; <a href=\"https:\/\/regionplus.cz\/chuchle\/skoly\/\">Cel\u00fd p\u0159\u00edsp\u011bvek <span class=\"meta-nav\">&rarr;<\/span><\/a><\/p>\n","protected":false},"author":1,"featured_media":0,"parent":0,"menu_order":0,"comment_status":"closed","ping_status":"closed","template":"","meta":{"footnotes":""},"class_list":["post-231","page","type-page","status-publish","hentry"],"_links":{"self":[{"href":"https:\/\/regionplus.cz\/chuchle\/wp-json\/wp\/v2\/pages\/231","targetHints":{"allow":["GET"]}}],"collection":[{"href":"https:\/\/regionplus.cz\/chuchle\/wp-json\/wp\/v2\/pages"}],"about":[{"href":"https:\/\/regionplus.cz\/chuchle\/wp-json\/wp\/v2\/types\/page"}],"author":[{"embeddable":true,"href":"https:\/\/regionplus.cz\/chuchle\/wp-json\/wp\/v2\/users\/1"}],"replies":[{"embeddable":true,"href":"https:\/\/regionplus.cz\/chuchle\/wp-json\/wp\/v2\/comments?post=231"}],"version-history":[{"count":3,"href":"https:\/\/regionplus.cz\/chuchle\/wp-json\/wp\/v2\/pages\/231\/revisions"}],"predecessor-version":[{"id":460,"href":"https:\/\/regionplus.cz\/chuchle\/wp-json\/wp\/v2\/pages\/231\/revisions\/460"}],"wp:attachment":[{"href":"https:\/\/regionplus.cz\/chuchle\/wp-json\/wp\/v2\/media?parent=231"}],"curies":[{"name":"wp","href":"https:\/\/api.w.org\/{rel}","templated":true}]}}