{"id":223,"date":"2021-10-02T23:46:19","date_gmt":"2021-10-02T21:46:19","guid":{"rendered":"http:\/\/regionplus.cz\/chuchle\/?page_id=223"},"modified":"2023-11-21T22:01:09","modified_gmt":"2023-11-21T21:01:09","slug":"lazensky-soubor","status":"publish","type":"page","link":"https:\/\/regionplus.cz\/chuchle\/pamatky\/lazensky-soubor\/","title":{"rendered":"L\u00e1ze\u0148sk\u00fd soubor"},"content":{"rendered":"<p><a href=\"http:\/\/regionplus.cz\/chuchle\/wp-content\/uploads\/sites\/2\/2023\/11\/pruhled-ke-kostelu.jpg\"><img loading=\"lazy\" decoding=\"async\" class=\"alignright size-medium wp-image-1043\" src=\"http:\/\/regionplus.cz\/chuchle\/wp-content\/uploads\/sites\/2\/2023\/11\/pruhled-ke-kostelu-225x300.jpg\" alt=\"\" width=\"225\" height=\"300\" srcset=\"https:\/\/regionplus.cz\/chuchle\/wp-content\/uploads\/sites\/2\/2023\/11\/pruhled-ke-kostelu-225x300.jpg 225w, https:\/\/regionplus.cz\/chuchle\/wp-content\/uploads\/sites\/2\/2023\/11\/pruhled-ke-kostelu.jpg 450w\" sizes=\"auto, (max-width: 225px) 100vw, 225px\" \/><\/a>V\u00fdznamnou pam\u00e1tkou Mal\u00e9 Chuchle je pozdn\u011b barokn\u00ed a\u017e rokokov\u00fd komplex l\u00e1zn\u00ed v Mal\u00e9 Chuchli.<\/p>\n<p>Nejstar\u0161\u00ed budova cel\u00e9ho souboru staveb, kter\u00e9 k\u00a0l\u00e1zn\u00edm n\u00e1le\u017eej\u00ed, jsou Star\u00e9 l\u00e1zn\u011b (\u010dp. 45) vystav\u011bn\u00e9 v\u00a0pozdn\u011b barokn\u00edm slohu. Je to obd\u00e9ln\u00edkov\u00fd, patrov\u00fd, do n\u00e1m\u011bst\u00ed t\u0159\u00edos\u00fd objekt s\u00a0nikou Panny Marie. Sou\u010d\u00e1st\u00ed objektu jsou sklepy na sever od hlavn\u00ed budovy, dnes pod ulic\u00ed V\u00a0l\u00e1zn\u00edch. \u010c\u00e1ste\u010dn\u011b jsou zaklenuty barokn\u00ed valenou klenbou a vyl\u00e1m\u00e1ny ve sk\u00e1le.<\/p>\n<p>Dal\u0161\u00edm objektem jsou Nov\u00e9 l\u00e1zn\u011b (\u010dp. 44). Jedn\u00e1 se o individu\u00e1ln\u011b architektonicky nev\u00fdznamnou stavbu z\u00a0roku 1840, av\u0161ak tvo\u0159\u00edc\u00ed ned\u00edlnou sou\u010d\u00e1st l\u00e1zn\u00ed. Objekt je postaven p\u0159\u00edmo nad potokem, kter\u00fd te\u010de pod budovou podzemn\u00ed \u0161tolou.<\/p>\n<div id=\"attachment_1051\" style=\"width: 610px\" class=\"wp-caption alignleft\"><a href=\"http:\/\/regionplus.cz\/chuchle\/wp-content\/uploads\/sites\/2\/2023\/11\/lazensky-areal.jpg\"><img loading=\"lazy\" decoding=\"async\" aria-describedby=\"caption-attachment-1051\" class=\"wp-image-1051 size-full\" src=\"http:\/\/regionplus.cz\/chuchle\/wp-content\/uploads\/sites\/2\/2023\/11\/lazensky-areal.jpg\" alt=\"\" width=\"600\" height=\"450\" srcset=\"https:\/\/regionplus.cz\/chuchle\/wp-content\/uploads\/sites\/2\/2023\/11\/lazensky-areal.jpg 600w, https:\/\/regionplus.cz\/chuchle\/wp-content\/uploads\/sites\/2\/2023\/11\/lazensky-areal-300x225.jpg 300w, https:\/\/regionplus.cz\/chuchle\/wp-content\/uploads\/sites\/2\/2023\/11\/lazensky-areal-400x300.jpg 400w, https:\/\/regionplus.cz\/chuchle\/wp-content\/uploads\/sites\/2\/2023\/11\/lazensky-areal-160x120.jpg 160w\" sizes=\"auto, (max-width: 600px) 100vw, 600px\" \/><\/a><p id=\"caption-attachment-1051\" class=\"wp-caption-text\">Chuchelsk\u00e9 l\u00e1zn\u011b 10. 11. 2004<\/p><\/div>\n<p>Zaj\u00edmav\u00fdm domem je tak\u00e9 p\u016fvodn\u011b klasicistn\u00ed\u00a0 myslivna (\u010dp. 43), kde pob\u00fdval na letn\u00edm byt\u011b Jaroslav Vrchlick\u00fd.<\/p>\n<p><a href=\"http:\/\/regionplus.cz\/chuchle\/wp-content\/uploads\/sites\/2\/2023\/11\/lazenska-restaurace-2008.jpg\"><img loading=\"lazy\" decoding=\"async\" class=\"alignright size-medium wp-image-1039\" src=\"http:\/\/regionplus.cz\/chuchle\/wp-content\/uploads\/sites\/2\/2023\/11\/lazenska-restaurace-2008-300x225.jpg\" alt=\"\" width=\"300\" height=\"225\" srcset=\"https:\/\/regionplus.cz\/chuchle\/wp-content\/uploads\/sites\/2\/2023\/11\/lazenska-restaurace-2008-300x225.jpg 300w, https:\/\/regionplus.cz\/chuchle\/wp-content\/uploads\/sites\/2\/2023\/11\/lazenska-restaurace-2008-400x300.jpg 400w, https:\/\/regionplus.cz\/chuchle\/wp-content\/uploads\/sites\/2\/2023\/11\/lazenska-restaurace-2008-160x120.jpg 160w, https:\/\/regionplus.cz\/chuchle\/wp-content\/uploads\/sites\/2\/2023\/11\/lazenska-restaurace-2008.jpg 600w\" sizes=\"auto, (max-width: 300px) 100vw, 300px\" \/><\/a>Nejrozs\u00e1hlej\u0161\u00ed stavbou z\u00a0cel\u00e9ho b\u00fdval\u00e9ho l\u00e1ze\u0148sk\u00e9ho komplexu je budova b\u00fdval\u00e9ho l\u00e1ze\u0148sk\u00e9ho hostince se zahradn\u00ed terasou a b\u00fdvalou lod\u017ei\u00ed, kter\u00e1 p\u0159i pohledu z terasy p\u0159ipom\u00edn\u00e1 l\u00e1ze\u0148skou minulost objektu.<\/p>\n<p><a href=\"http:\/\/regionplus.cz\/chuchle\/wp-content\/uploads\/sites\/2\/2023\/11\/kaplicka-panny-marie.jpg\"><img loading=\"lazy\" decoding=\"async\" class=\"alignleft size-medium wp-image-1040\" src=\"http:\/\/regionplus.cz\/chuchle\/wp-content\/uploads\/sites\/2\/2023\/11\/kaplicka-panny-marie-300x225.jpg\" alt=\"\" width=\"300\" height=\"225\" srcset=\"https:\/\/regionplus.cz\/chuchle\/wp-content\/uploads\/sites\/2\/2023\/11\/kaplicka-panny-marie-300x225.jpg 300w, https:\/\/regionplus.cz\/chuchle\/wp-content\/uploads\/sites\/2\/2023\/11\/kaplicka-panny-marie-400x300.jpg 400w, https:\/\/regionplus.cz\/chuchle\/wp-content\/uploads\/sites\/2\/2023\/11\/kaplicka-panny-marie-160x120.jpg 160w, https:\/\/regionplus.cz\/chuchle\/wp-content\/uploads\/sites\/2\/2023\/11\/kaplicka-panny-marie.jpg 600w\" sizes=\"auto, (max-width: 300px) 100vw, 300px\" \/><\/a><\/p>\n<p>&nbsp;<\/p>\n<p>&nbsp;<\/p>\n<p>V\u00a0lese nad b\u00fdval\u00fdmi l\u00e1zn\u011bmi je um\u00edst\u011bna pobl\u00ed\u017e pramene v\u00a0um\u011bl\u00e9 jeskyni kapli\u010dka Panny Marie z\u00a0roku 1753, je\u017e byla upraven\u00e1 v roce 1825.<\/p>\n<p>&nbsp;<\/p>\n<p><a href=\"http:\/\/regionplus.cz\/chuchle\/wp-content\/uploads\/sites\/2\/2023\/11\/kostel-narozeni-panny-marie-9-5-2008.jpg\"><img loading=\"lazy\" decoding=\"async\" class=\"alignright size-medium wp-image-1027\" src=\"http:\/\/regionplus.cz\/chuchle\/wp-content\/uploads\/sites\/2\/2023\/11\/kostel-narozeni-panny-marie-9-5-2008-225x300.jpg\" alt=\"\" width=\"225\" height=\"300\" srcset=\"https:\/\/regionplus.cz\/chuchle\/wp-content\/uploads\/sites\/2\/2023\/11\/kostel-narozeni-panny-marie-9-5-2008-225x300.jpg 225w, https:\/\/regionplus.cz\/chuchle\/wp-content\/uploads\/sites\/2\/2023\/11\/kostel-narozeni-panny-marie-9-5-2008.jpg 600w\" sizes=\"auto, (max-width: 225px) 100vw, 225px\" \/><\/a><\/p>\n<p>&nbsp;<\/p>\n<p>K are\u00e1lu pat\u0159\u00ed tak\u00e9 kostel Narozen\u00ed Panny Marie z roku 1774.<\/p>\n<p>&nbsp;<\/p>\n","protected":false},"excerpt":{"rendered":"<p>V\u00fdznamnou pam\u00e1tkou Mal\u00e9 Chuchle je pozdn\u011b barokn\u00ed a\u017e rokokov\u00fd komplex l\u00e1zn\u00ed v Mal\u00e9 Chuchli. Nejstar\u0161\u00ed budova cel\u00e9ho souboru staveb, kter\u00e9 k\u00a0l\u00e1zn\u00edm n\u00e1le\u017eej\u00ed, jsou Star\u00e9 l\u00e1zn\u011b (\u010dp. 45) vystav\u011bn\u00e9 v\u00a0pozdn\u011b barokn\u00edm slohu. Je to obd\u00e9ln\u00edkov\u00fd, patrov\u00fd, do n\u00e1m\u011bst\u00ed t\u0159\u00edos\u00fd objekt s\u00a0nikou &hellip; <a href=\"https:\/\/regionplus.cz\/chuchle\/pamatky\/lazensky-soubor\/\">Cel\u00fd p\u0159\u00edsp\u011bvek <span class=\"meta-nav\">&rarr;<\/span><\/a><\/p>\n","protected":false},"author":1,"featured_media":0,"parent":215,"menu_order":0,"comment_status":"closed","ping_status":"closed","template":"","meta":{"footnotes":""},"class_list":["post-223","page","type-page","status-publish","hentry"],"_links":{"self":[{"href":"https:\/\/regionplus.cz\/chuchle\/wp-json\/wp\/v2\/pages\/223","targetHints":{"allow":["GET"]}}],"collection":[{"href":"https:\/\/regionplus.cz\/chuchle\/wp-json\/wp\/v2\/pages"}],"about":[{"href":"https:\/\/regionplus.cz\/chuchle\/wp-json\/wp\/v2\/types\/page"}],"author":[{"embeddable":true,"href":"https:\/\/regionplus.cz\/chuchle\/wp-json\/wp\/v2\/users\/1"}],"replies":[{"embeddable":true,"href":"https:\/\/regionplus.cz\/chuchle\/wp-json\/wp\/v2\/comments?post=223"}],"version-history":[{"count":7,"href":"https:\/\/regionplus.cz\/chuchle\/wp-json\/wp\/v2\/pages\/223\/revisions"}],"predecessor-version":[{"id":1052,"href":"https:\/\/regionplus.cz\/chuchle\/wp-json\/wp\/v2\/pages\/223\/revisions\/1052"}],"up":[{"embeddable":true,"href":"https:\/\/regionplus.cz\/chuchle\/wp-json\/wp\/v2\/pages\/215"}],"wp:attachment":[{"href":"https:\/\/regionplus.cz\/chuchle\/wp-json\/wp\/v2\/media?parent=223"}],"curies":[{"name":"wp","href":"https:\/\/api.w.org\/{rel}","templated":true}]}}