{"id":219,"date":"2021-10-02T23:45:05","date_gmt":"2021-10-02T21:45:05","guid":{"rendered":"http:\/\/regionplus.cz\/chuchle\/?page_id=219"},"modified":"2023-11-21T20:31:12","modified_gmt":"2023-11-21T19:31:12","slug":"kostel-narozeni-panny-marie","status":"publish","type":"page","link":"https:\/\/regionplus.cz\/chuchle\/pamatky\/kostel-narozeni-panny-marie\/","title":{"rendered":"Kostel Narozen\u00ed Panny Marie"},"content":{"rendered":"<div id=\"attachment_1027\" style=\"width: 235px\" class=\"wp-caption alignright\"><a href=\"http:\/\/regionplus.cz\/chuchle\/wp-content\/uploads\/sites\/2\/2023\/11\/kostel-narozeni-panny-marie-9-5-2008.jpg\"><img loading=\"lazy\" decoding=\"async\" aria-describedby=\"caption-attachment-1027\" class=\"wp-image-1027 size-medium\" src=\"http:\/\/regionplus.cz\/chuchle\/wp-content\/uploads\/sites\/2\/2023\/11\/kostel-narozeni-panny-marie-9-5-2008-225x300.jpg\" alt=\"\" width=\"225\" height=\"300\" srcset=\"https:\/\/regionplus.cz\/chuchle\/wp-content\/uploads\/sites\/2\/2023\/11\/kostel-narozeni-panny-marie-9-5-2008-225x300.jpg 225w, https:\/\/regionplus.cz\/chuchle\/wp-content\/uploads\/sites\/2\/2023\/11\/kostel-narozeni-panny-marie-9-5-2008.jpg 600w\" sizes=\"auto, (max-width: 225px) 100vw, 225px\" \/><\/a><p id=\"caption-attachment-1027\" class=\"wp-caption-text\">Kostel Narozen\u00ed Panny Marie<\/p><\/div>\n<p>V\u00a0Mal\u00e9 Chuchli byl kostel, postaven\u00fd v\u00a0rom\u00e1nsk\u00e9m slohu, ji\u017e ve 12. stolet\u00ed s\u00a0t\u00edm, \u017ee od roku 1264 se jednalo ji\u017e o kostel farn\u00ed. Vzhledem k\u00a0tomu, \u017ee kostel st\u00e1le trp\u011bl p\u0159\u00edvaly vod a vlhkost\u00ed, vlivem \u010dast\u00fdch povodn\u00ed, byl v\u00a018. stolet\u00ed zbo\u0159en. M\u00edsto, kde st\u00e1l bylo zavezeno a v\u00a0roce 1774 byl na star\u00fdch z\u00e1kladech postaven v\u00a0pozdn\u011b barokn\u00edm a\u017e rokokov\u00e9m slohu, na n\u00e1klady zbraslavsk\u00e9ho opata Celestina Stoye, kostel nov\u00fd. T\u00edmto opatem byl tak\u00e9 7. z\u00e1\u0159\u00ed 1774 slavnostn\u011b posv\u011bcen.<\/p>\n<p>V\u00a0letech \u00a01860 a\u017e 1861 pro\u0161el kostel opravou, na n\u00ed\u017e pen\u00edze, ve v\u00fd\u0161i 700 zl. v\u011bnoval kn\u00ed\u017ee Oettingen Wallerstein. Klemp\u00ed\u0159sk\u00e9 pr\u00e1ce, o kter\u00e9 se tehdy mimo jin\u00e9 jednalo, provedl mistr Tom\u00e1\u0161 ze Zbraslavi. Dal\u0161\u00ed oprava, nov\u00fd pl\u00e1\u0161\u0165 st\u0159echy, se uskute\u010dnila za sto let, v\u00a0letech 1970 a\u017e 1971.<\/p>\n<p>A nyn\u00ed n\u011bkolik slov ke vzhledu kostela. Presbyt\u00e1\u0159 je \u010dtvercov\u00fd a p\u0159ipojuje se k\u00a0\u0161ir\u0161\u00ed obd\u00e9ln\u00e9 lodi. Na sedlov\u00e9 st\u0159e\u0161e, z\u00a0jej\u00edho\u017e h\u0159ebene vyr\u016fst\u00e1 sanktusov\u00e1 v\u011b\u017ei\u010dka, kter\u00e1 je pobit\u00e1 plechem, je prejzov\u00e1 krytina. V\u00fdchodn\u00ed i z\u00e1padn\u00ed pr\u016f\u010del\u00ed jsou tvo\u0159eny \u0161t\u00edtov\u00fdmi st\u011bnami troj\u00faheln\u00edkov\u00e9ho tvaru, ze stran r\u00e1movan\u00fdm volutami a naho\u0159e zakon\u010den\u00fdmi tympanony p\u0159ilbovit\u00e9ho obrysu. V\u00a0z\u00e1padn\u00edm \u0161t\u00edtu je kasulov\u00e9 okno. V\u00fdchodn\u00ed \u0161t\u00edt nese ve st\u0159edu kamenn\u00fd znak s\u00a0rokokovou ornamentikou. Okna jsou obd\u00e9ln\u00edkov\u00e1, zaklenut\u00e1 n\u00edzk\u00fdm segmentem. Vnit\u0159ek je plochostrop\u00fd, jak v\u00a0lodi, tak i v\u00a0presbyt\u00e1\u0159i. V\u00edt\u011bzn\u00fd oblouk m\u00e1 podobu stla\u010den\u00e9ho oblouk\u016f. V\u00a0jeho c\u00edpech je barvou naps\u00e1n latinsk\u00fd n\u00e1pis, vztahuj\u00edc\u00ed se k\u00a0obnov\u011b kostela v\u00a0roce 1774 a pod n\u00edm je dal\u0161\u00ed n\u00e1pis, tentokr\u00e1t z\u00a0let 1860, kdy byl kostel opravov\u00e1n.<\/p>\n<p>Hlavn\u00ed olt\u00e1\u0159 Narozen\u00ed Panny Marie, jeho\u017e autor nen\u00ed zn\u00e1m, je barokn\u00ed, stejn\u011b jako postrann\u00ed olt\u00e1\u0159e. Po stran\u00e1ch, nad brankami za olt\u00e1\u0159em jsou sochy and\u011bl\u016f. Obrazy na d\u0159ev\u011bn\u00fdch desk\u00e1ch \u2013 na st\u011bn\u00e1ch presbyteria, hlava sv. Petra a Panna Maria Zbraslavsk\u00e1 sem byly p\u0159eneseny ze Zbraslavi. Na choru jsou d\u00e1le varhany, kter\u00e9 poch\u00e1z\u00ed z\u00a0doby kolem roku 1860. Na kosteln\u00ed v\u011b\u017ei je zvon, je\u0161t\u011b z\u00a0doby p\u0159ed postaven\u00edm kostela, z\u00a0roku 1708, jen\u017e byl zasv\u011bcen\u00fd sv. Bernardu.<\/p>\n<p>V letech 1995 a\u017e 1997 pro\u0161el kostel n\u00e1ro\u010dnou rekonstrukc\u00ed a n\u00e1sledn\u011b op\u011bt slou\u017eil sv\u00e9mu \u00fa\u010delu. Konaly se zde pravideln\u011b m\u0161e (pozd\u011bji slou\u017een\u00e9 i v latinsk\u00e9m jazyce), koncerty a tak\u00e9 Noc kostel\u016f.\u00a0 V roce 2018 byl kostel p\u0159ed\u00e1n do spr\u00e1vy \u00a0Pravoslavn\u00e9 c\u00edrkvi v \u010desk\u00fdch zem\u00edch a na Slovensku, konkr\u00e9tn\u011b \u0159eck\u00e9 farnosti, kter\u00e1 si interi\u00e9r kostela upravila pro sv\u00e9 pot\u0159eby a kon\u00e1 zde pravideln\u00e9 bohoslu\u017eby.<\/p>\n<hr \/>\n<p>V minulosti pat\u0159ila ke kostelu neodmysliteln\u011b fara (o n\u00ed\u017e je zn\u00e1mo, \u017ee ka\u017ed\u00e9 pololet\u00ed platila pape\u017esk\u00fd des\u00e1tek v hodnot\u011b 9 gro\u0161\u016f) a k n\u00ed i far\u00e1\u0159i, kte\u0159\u00ed kostel spravovali. Z dochovan\u00fdch zpr\u00e1v je zn\u00e1mo, \u017ee:<\/p>\n<ul>\n<li>Jakub, kanovn\u00edk kostela sv. Ji\u0159\u00ed zde byl v\u00a0roce 1264;<\/li>\n<li>v\u00a0roce 1360 uvedl chuchelsk\u00fd far\u00e1\u0159 pleb\u00e1na na Zl\u00edchov;<\/li>\n<li>v\u00a0roce 1371 zde byl V\u00e1clav, kter\u00fd faru sm\u011bnil s\u00a0Janem, far\u00e1\u0159em kostela Filipa a Jakuba ve Star\u00e9m M\u011bst\u011b;<\/li>\n<li>v\u00a0roce 1374 sm\u011bnil Jan faru s\u00a0Maty\u00e1\u0161em Mauriciov\u00fdm, far\u00e1\u0159em v\u00a0Mo\u0159inech;<\/li>\n<li>roku 1378, 12. \u010dervence sm\u011bnil Maty\u00e1\u0161 faru s\u00a0He\u0159manem, far\u00e1\u0159em radot\u00ednsk\u00fdm, kter\u00fd ji\u017e 15. srpna t\u00e9ho\u017e roku ji sm\u011bnil s\u00a0Janem, far\u00e1\u0159em v\u00a0Le\u0161nici.<\/li>\n<li>v\u00a0roce 1384 far\u00e1\u0159 Petr pronajal farn\u00ed d\u016fchod Joh\u00e1nkovi, kn\u011bzi a Petru klerikovi;<\/li>\n<li>far\u00e1\u0159 Erazim se fary vzdal 9. prosince 1395 a na \u00a0jeho m\u00edsto byl uveden far\u00e1\u0159 Jakub, jen\u017e byl p\u0159ed t\u00edm u sv. Jana v\u00a0Praze na \u00dajezd\u011b. Dlouho zde ale nebyl, nebo\u0165 hned v\u00a0t\u00e9m\u017ee roce zem\u0159el;<\/li>\n<li>na jeho m\u00edsto nastoupil M. Pavel, s\u00a0n\u00edm\u017e tuto faru v\u00a0roce 1403 sm\u011bnil Bernart, olt\u00e1\u0159n\u00edk z\u00a0Kutn\u00e9 Hory, jen\u017e byl zl\u00edchovsk\u00fdm far\u00e1\u0159em;<\/li>\n<li>po Bernardovi spravoval Chuchli far\u00e1\u0159 Petr, se kter\u00fdm 30. \u0159\u00edjna 1415 tuto faru sm\u011bnil Franti\u0161ek, pleb\u00e1n od sv. Ond\u0159eje ve Star\u00e9m m\u011bst\u011b pra\u017esk\u00e9m;<\/li>\n<li>kdy\u017e se v\u00a0\u0161estn\u00e1ct\u00e9m stolet\u00ed dostala Chuchle do sv\u011btsk\u00fdch rukou, spravovali kostel kali\u0161ni\u010dt\u00ed far\u00e1\u0159i; p\u0159ed rokem 1534 je zn\u00e1m kn\u011bz Matou\u0161 a po n\u011bm pak byl kn\u011bz Vojt\u011bch;<\/li>\n<li>kdy\u017e byla Chuchle vr\u00e1cena Zbraslavsk\u00e9mu kl\u00e1\u0161teru, byla zdej\u0161\u00ed fara zru\u0161ena a kostel se stal pouze fili\u00e1ln\u00edm a krom\u011b poustevn\u00edk\u016f zde p\u0159isluhovali cisterci\u00e1ci ze Zbraslavi. Po zru\u0161en\u00ed jejich \u0159\u00e1du pak zbraslav\u0161t\u00ed far\u00e1\u0159i;<\/li>\n<li>v\u00a0letech 1816 a\u017e 1829 zde dlel kaplan ze Zbraslavi, aby slou\u017eil m\u0161i pro l\u00e1ze\u0148sk\u00e9 hosty;<\/li>\n<li>v prvn\u00ed polovin\u011b minul\u00e9ho stolet\u00ed byl zde obl\u00edbenou postavou kunratick\u00fd d\u011bkan Josef Val\u00e1\u0161ek (1862 &#8211; 1947), kter\u00fd slou\u017e\u00edval pravideln\u00e9 bohoslu\u017eby v obou chuchelsk\u00fdch kostelech.<\/li>\n<\/ul>\n","protected":false},"excerpt":{"rendered":"<p>V\u00a0Mal\u00e9 Chuchli byl kostel, postaven\u00fd v\u00a0rom\u00e1nsk\u00e9m slohu, ji\u017e ve 12. stolet\u00ed s\u00a0t\u00edm, \u017ee od roku 1264 se jednalo ji\u017e o kostel farn\u00ed. Vzhledem k\u00a0tomu, \u017ee kostel st\u00e1le trp\u011bl p\u0159\u00edvaly vod a vlhkost\u00ed, vlivem \u010dast\u00fdch povodn\u00ed, byl v\u00a018. stolet\u00ed zbo\u0159en. M\u00edsto, &hellip; <a href=\"https:\/\/regionplus.cz\/chuchle\/pamatky\/kostel-narozeni-panny-marie\/\">Cel\u00fd p\u0159\u00edsp\u011bvek <span class=\"meta-nav\">&rarr;<\/span><\/a><\/p>\n","protected":false},"author":1,"featured_media":0,"parent":215,"menu_order":0,"comment_status":"closed","ping_status":"closed","template":"","meta":{"footnotes":""},"class_list":["post-219","page","type-page","status-publish","hentry"],"_links":{"self":[{"href":"https:\/\/regionplus.cz\/chuchle\/wp-json\/wp\/v2\/pages\/219","targetHints":{"allow":["GET"]}}],"collection":[{"href":"https:\/\/regionplus.cz\/chuchle\/wp-json\/wp\/v2\/pages"}],"about":[{"href":"https:\/\/regionplus.cz\/chuchle\/wp-json\/wp\/v2\/types\/page"}],"author":[{"embeddable":true,"href":"https:\/\/regionplus.cz\/chuchle\/wp-json\/wp\/v2\/users\/1"}],"replies":[{"embeddable":true,"href":"https:\/\/regionplus.cz\/chuchle\/wp-json\/wp\/v2\/comments?post=219"}],"version-history":[{"count":7,"href":"https:\/\/regionplus.cz\/chuchle\/wp-json\/wp\/v2\/pages\/219\/revisions"}],"predecessor-version":[{"id":1031,"href":"https:\/\/regionplus.cz\/chuchle\/wp-json\/wp\/v2\/pages\/219\/revisions\/1031"}],"up":[{"embeddable":true,"href":"https:\/\/regionplus.cz\/chuchle\/wp-json\/wp\/v2\/pages\/215"}],"wp:attachment":[{"href":"https:\/\/regionplus.cz\/chuchle\/wp-json\/wp\/v2\/media?parent=219"}],"curies":[{"name":"wp","href":"https:\/\/api.w.org\/{rel}","templated":true}]}}