{"id":217,"date":"2021-10-02T23:44:29","date_gmt":"2021-10-02T21:44:29","guid":{"rendered":"http:\/\/regionplus.cz\/chuchle\/?page_id=217"},"modified":"2026-02-27T10:13:13","modified_gmt":"2026-02-27T09:13:13","slug":"kostel-sv-jana-nepomuckeho","status":"publish","type":"page","link":"https:\/\/regionplus.cz\/chuchle\/pamatky\/kostel-sv-jana-nepomuckeho\/","title":{"rendered":"Kostel sv. Jana Nepomuck\u00e9ho"},"content":{"rendered":"<div id=\"attachment_696\" style=\"width: 810px\" class=\"wp-caption aligncenter\"><a href=\"http:\/\/regionplus.cz\/chuchle\/wp-content\/uploads\/sites\/2\/2023\/06\/kostel-sv-jana-nepomuckeho.jpg\"><img loading=\"lazy\" decoding=\"async\" aria-describedby=\"caption-attachment-696\" class=\"size-full wp-image-696\" src=\"http:\/\/regionplus.cz\/chuchle\/wp-content\/uploads\/sites\/2\/2023\/06\/kostel-sv-jana-nepomuckeho.jpg\" alt=\"\" width=\"800\" height=\"450\" srcset=\"https:\/\/regionplus.cz\/chuchle\/wp-content\/uploads\/sites\/2\/2023\/06\/kostel-sv-jana-nepomuckeho.jpg 800w, https:\/\/regionplus.cz\/chuchle\/wp-content\/uploads\/sites\/2\/2023\/06\/kostel-sv-jana-nepomuckeho-300x169.jpg 300w, https:\/\/regionplus.cz\/chuchle\/wp-content\/uploads\/sites\/2\/2023\/06\/kostel-sv-jana-nepomuckeho-768x432.jpg 768w, https:\/\/regionplus.cz\/chuchle\/wp-content\/uploads\/sites\/2\/2023\/06\/kostel-sv-jana-nepomuckeho-500x281.jpg 500w\" sizes=\"auto, (max-width: 800px) 100vw, 800px\" \/><\/a><p id=\"caption-attachment-696\" class=\"wp-caption-text\">Kostel sv. Jana Nepomuck\u00e9ho<\/p><\/div>\n<p>Kostel stoj\u00ed na ostrohu mezi ob\u011bma Chuchlemi v Chuchelsk\u00e9m h\u00e1ji. Jedn\u00e1 se o velice dob\u0159e um\u00edst\u011bnou jednolodn\u00ed pod\u00e9lnou stavbu s \u010dtvercov\u00fdm presbyt\u00e1\u0159em, kter\u00fd je osv\u011btlen kruhov\u00fdm oknem a nevysokou v\u011b\u017e\u00ed na z\u00e1padn\u00ed stran\u011b.<\/p>\n<p>Klenba presbyt\u00e1\u0159e je zdobena \u0161tukem, zn\u00e1zor\u0148uj\u00edc\u00edm sv. Jana Nepomuck\u00e9ho v\u00a0kv\u011btinov\u00e9m a ovocn\u00e9m v\u011bnci, obklopen\u00e9ho and\u011bly. V\u00a0c\u00edpech klenby jsou pak alegorick\u00e9 postavy, zn\u00e1zor\u0148uj\u00edc\u00ed sv\u011btcovy ctnosti: v\u00edru, dobro\u010dinnost a \u010distotu. Hlavn\u00ed olt\u00e1\u0159 je barokn\u00ed \u2013 z\u00a0doby v\u00fdstavby kostela \u2013 s\u00a0obrazem od nezn\u00e1m\u00e9ho autora, na n\u011bm\u017e je zobrazen sv. Jan Nepomuck\u00fd. Nad n\u00edm je d\u00e1le um\u00edst\u011bna kopie Panny Marie Zbraslavsk\u00e9, jen\u017e je zasazena do osmibok\u00e9ho r\u00e1mu. Bo\u010dn\u00ed st\u011bny kostela byly ozdobeny dal\u0161\u00edmi obrazy, na nich\u017e byly v\u00fdjevy ze \u017eivot\u011b sv\u011btce, nap\u0159\u00edklad: Utopen\u00ed sv. Jana, Sv. Jan v\u00a0rakvi, Sv. Jan v\u00a0mu\u010d\u00edrn\u011b a sv. Jan na \u00famrtn\u00edm lo\u017ei. Tyto obrazy ale byly v\u00a0roce 1990 z\u00a0kostela ukradeny, stejn\u011b jako jeho dal\u0161\u00ed p\u0159\u00edslu\u0161enstv\u00ed.<\/p>\n<p>Po stran\u00e1ch hlavn\u00edho olt\u00e1\u0159e jsou sochy sv. Prokopa a sv. Ivana z\u00a0roku 1729. Vedle n\u011bho je do zdi vlo\u017eena mramorov\u00e1 deska z\u00a0roku 1931 a\u017e 1935, kdy byl kostel opravov\u00e1n. Tehdy sem byly d\u00e1ny tak\u00e9 nov\u00e9 zvony, na st\u0159echu byl polo\u017een nov\u00fd krov a v\u011b\u017e byla pokryta\u00a0m\u011bd\u011bnou krytinou. V\u0161echny tyto \u00fapravy byly na n\u00e1klady patrona kostela \u2013 majitele panstv\u00ed \u2013 Cyrila Barton\u011b z\u00a0Doben\u00edna. Hlavn\u00ed vchod do kostela vede pod v\u011b\u017e\u00ed, jej\u00ed\u017e krov tvo\u0159\u00ed jehlan zakon\u010den\u00fd lucernou.<\/p>\n<p>Po 2. sv\u011btov\u00e9 v\u00e1lce za\u010dal kostel st\u00e1le v\u00edce a v\u00edce ch\u00e1trat a\u017e \u201edozr\u00e1la\u201c doba, kdy oprava byla naprosto nezbytn\u00e1. Stalo se tak na podzim 1992. Rekonstrukce, kter\u00e1 st\u00e1la 7 mil. korun, byla provedena v\u00a0neuv\u011b\u0159iteln\u011b kr\u00e1tk\u00e9m \u010dase, za dev\u011bt m\u011bs\u00edc\u016f. A tak 22. kv\u011btna 1993, pr\u00e1v\u011b v\u00a0roce 600. v\u00fdro\u010d\u00ed umu\u010den\u00ed sv. Jana Nepomuck\u00e9ho, byl kostel znovu vysv\u011bcen a za\u010dal tak op\u011bt slou\u017eit sv\u00e9mu \u00fa\u010delu. Celkov\u00e1 oprava byla pak dokon\u010dena o rok pozd\u011bji, kdy byl 3. dubna 1994 slavnostn\u011b posv\u011bcen zvon \u201esv. Jan Nepomuck\u00fd\u201c, kter\u00fd kostelu v\u011bnovalo chuchelsk\u00e9 zastupitelstvo.<\/p>\n<p>V kostele se pravideln\u011b konaj\u00ed m\u0161e v dob\u011b letn\u00edho \u010dasu v\u017edy prvn\u00ed sobotu v m\u011bs\u00edci, prob\u00edhaj\u00ed zde ob\u010das svatby, poh\u0159by a kulturn\u00ed akce. Tradici zde m\u00e1 proveden\u00ed \u010cesk\u00e9 m\u0161e v\u00e1no\u010dn\u00ed Jakuba Jana Ryby (v\u017edy kolem sv\u00e1tku T\u0159\u00ed kr\u00e1l\u016f), adventn\u00ed koncert nebo Noc kostel\u016f.<\/p>\n<p><a href=\"https:\/\/regionplus.cz\/chuchle\/2025\/11\/16\/slavnostni-rozsviceni-kostela-sv-jana-nepomuckeho\/\">29. 11. 2025 bylo slavnostn\u011b spu\u0161t\u011bno slavnostn\u00ed osv\u011btlen\u00ed kostela,<\/a> kter\u00e9 vzniklo za spolupr\u00e1ce m\u011bstsk\u00fdch \u010d\u00e1sti Praha-Velk\u00e1 Chuchle, Praha 12 a\u00a0 Technologie Hlavn\u00edho m\u011bsta Prahy a.s. Osv\u011btlena je v\u00fdchodn\u00ed st\u011bna kostela a v\u011b\u017e.<\/p>\n<div id=\"attachment_1033\" style=\"width: 610px\" class=\"wp-caption aligncenter\"><a href=\"http:\/\/regionplus.cz\/chuchle\/wp-content\/uploads\/sites\/2\/2023\/11\/kostel-sv-jana-nepomuckeho-16-11-2023.jpg\"><img loading=\"lazy\" decoding=\"async\" aria-describedby=\"caption-attachment-1033\" class=\"size-full wp-image-1033\" src=\"http:\/\/regionplus.cz\/chuchle\/wp-content\/uploads\/sites\/2\/2023\/11\/kostel-sv-jana-nepomuckeho-16-11-2023.jpg\" alt=\"\" width=\"600\" height=\"338\" srcset=\"https:\/\/regionplus.cz\/chuchle\/wp-content\/uploads\/sites\/2\/2023\/11\/kostel-sv-jana-nepomuckeho-16-11-2023.jpg 600w, https:\/\/regionplus.cz\/chuchle\/wp-content\/uploads\/sites\/2\/2023\/11\/kostel-sv-jana-nepomuckeho-16-11-2023-300x169.jpg 300w, https:\/\/regionplus.cz\/chuchle\/wp-content\/uploads\/sites\/2\/2023\/11\/kostel-sv-jana-nepomuckeho-16-11-2023-500x282.jpg 500w\" sizes=\"auto, (max-width: 600px) 100vw, 600px\" \/><\/a><p id=\"caption-attachment-1033\" class=\"wp-caption-text\">Kostel sv. Jana Nepomuck\u00e9ho 16. 11. 2023<\/p><\/div>\n","protected":false},"excerpt":{"rendered":"<p>Kostel stoj\u00ed na ostrohu mezi ob\u011bma Chuchlemi v Chuchelsk\u00e9m h\u00e1ji. Jedn\u00e1 se o velice dob\u0159e um\u00edst\u011bnou jednolodn\u00ed pod\u00e9lnou stavbu s \u010dtvercov\u00fdm presbyt\u00e1\u0159em, kter\u00fd je osv\u011btlen kruhov\u00fdm oknem a nevysokou v\u011b\u017e\u00ed na z\u00e1padn\u00ed stran\u011b. Klenba presbyt\u00e1\u0159e je zdobena \u0161tukem, zn\u00e1zor\u0148uj\u00edc\u00edm sv. &hellip; <a href=\"https:\/\/regionplus.cz\/chuchle\/pamatky\/kostel-sv-jana-nepomuckeho\/\">Cel\u00fd p\u0159\u00edsp\u011bvek <span class=\"meta-nav\">&rarr;<\/span><\/a><\/p>\n","protected":false},"author":1,"featured_media":0,"parent":215,"menu_order":0,"comment_status":"closed","ping_status":"closed","template":"","meta":{"footnotes":""},"class_list":["post-217","page","type-page","status-publish","hentry"],"_links":{"self":[{"href":"https:\/\/regionplus.cz\/chuchle\/wp-json\/wp\/v2\/pages\/217","targetHints":{"allow":["GET"]}}],"collection":[{"href":"https:\/\/regionplus.cz\/chuchle\/wp-json\/wp\/v2\/pages"}],"about":[{"href":"https:\/\/regionplus.cz\/chuchle\/wp-json\/wp\/v2\/types\/page"}],"author":[{"embeddable":true,"href":"https:\/\/regionplus.cz\/chuchle\/wp-json\/wp\/v2\/users\/1"}],"replies":[{"embeddable":true,"href":"https:\/\/regionplus.cz\/chuchle\/wp-json\/wp\/v2\/comments?post=217"}],"version-history":[{"count":8,"href":"https:\/\/regionplus.cz\/chuchle\/wp-json\/wp\/v2\/pages\/217\/revisions"}],"predecessor-version":[{"id":1251,"href":"https:\/\/regionplus.cz\/chuchle\/wp-json\/wp\/v2\/pages\/217\/revisions\/1251"}],"up":[{"embeddable":true,"href":"https:\/\/regionplus.cz\/chuchle\/wp-json\/wp\/v2\/pages\/215"}],"wp:attachment":[{"href":"https:\/\/regionplus.cz\/chuchle\/wp-json\/wp\/v2\/media?parent=217"}],"curies":[{"name":"wp","href":"https:\/\/api.w.org\/{rel}","templated":true}]}}