{"id":203,"date":"2021-10-02T23:39:18","date_gmt":"2021-10-02T21:39:18","guid":{"rendered":"http:\/\/regionplus.cz\/chuchle\/?page_id=203"},"modified":"2025-05-26T21:06:19","modified_gmt":"2025-05-26T19:06:19","slug":"kveten-1945","status":"publish","type":"page","link":"https:\/\/regionplus.cz\/chuchle\/historie\/kveten-1945\/","title":{"rendered":"Kv\u011bten 1945"},"content":{"rendered":"<h2>Velk\u00e1 Chuchle<\/h2>\n<p>V\u00e1le\u010dn\u00e1 situace se stala na za\u010d\u00e1tku kv\u011btna 1945 impulsem pro jedn\u00e1n\u00ed doposud rozt\u0159\u00ed\u0161t\u011bn\u00fdch skupinek chuchelsk\u00fdch ob\u010dan\u016f tou\u017e\u00edc\u00edch po svobod\u011b nebo zapojen\u00fdch do odbojov\u00e9 \u010dinnosti. Hlavn\u00ed slovo v\u00a0dal\u0161\u00ed organizaci p\u0159itom m\u011bli \u0161t\u00e1bn\u00ed kapit\u00e1n Jind\u0159ich Stodola, \u00fa\u010detn\u00ed Jan Brabec, nadporu\u010d\u00edk V\u00e1clav Neubauer a redaktor Alois \u0160a\u0161ek, kte\u0159\u00ed na popud v\u00fdzev lond\u00fdnsk\u00e9ho rozhlasu ji\u017e na sklonku roku 1944 p\u0159ipravovali vznik ileg\u00e1ln\u00edho n\u00e1rodn\u00edho v\u00fdboru.<\/p>\n<p>4. kv\u011btna se na budov\u011b \u010detnick\u00e9 stanice objevila mal\u00e1 \u010deskoslovensk\u00e1 vlajka, kter\u00e1 jakoby symbolizovala p\u0159\u00edchod svobody. Chuchel\u0161t\u00ed \u010detn\u00edci dostali p\u0159\u00edkaz, aby od n\u00e1sleduj\u00edc\u00edho dne \u00fa\u0159adovali pouze \u010desky. To bylo impulsem k dal\u0161\u00edmu jedn\u00e1n\u00ed. Ve ve\u010dern\u00edch hodin\u00e1ch t\u00e9ho\u017e dne byl na obecn\u00edm \u00fa\u0159ad\u011b p\u0159i zased\u00e1n\u00ed obecn\u00edho zastupitelstva ustaven \u0161estn\u00e1cti\u010dlenn\u00fd revolu\u010dn\u00ed n\u00e1rodn\u00ed v\u00fdbor, kter\u00fd p\u0159ipravil \u201eprovol\u00e1n\u00ed k obyvatelstvu o p\u0159evzet\u00ed moci\u201c a dv\u011b vyhl\u00e1\u0161ky o nastoupen\u00ed ochrann\u00e9 slu\u017eby a o odevzd\u00e1n\u00ed zbran\u00ed ze strany N\u011bmc\u016f. N\u00e1rodn\u00ed v\u00fdbor pracoval ve slo\u017een\u00ed: Josef Hrab\u00e1k (p\u0159edseda), Jind\u0159ich Bar\u00e1k, Jan Brabec, Anton\u00edn Dorschner, Zden\u011bk Kaufman, Ing. Bohumil Klauz, Franti\u0161ek Kocourek, V\u00e1clav Koula, Jarom\u00edr P\u0159\u00edhoda, Anton\u00edn \u0158\u00edha, npor. V\u00e1clav Neubauer, \u0161kpt. Jind\u0159ich Stodola, Alois \u0160a\u0161ek, pozd\u011bji se p\u0159idali Karel Uhl\u00ed\u0159, Franti\u0161ek Rambousek a Franti\u0161ek Lap\u00e1\u010dek.<\/p>\n<div id=\"attachment_1149\" style=\"width: 160px\" class=\"wp-caption alignright\"><a href=\"http:\/\/regionplus.cz\/chuchle\/wp-content\/uploads\/sites\/2\/2025\/05\/1_situace_5_5_1945-99.jpg\"><img loading=\"lazy\" decoding=\"async\" aria-describedby=\"caption-attachment-1149\" class=\"size-thumbnail wp-image-1149\" src=\"http:\/\/regionplus.cz\/chuchle\/wp-content\/uploads\/sites\/2\/2025\/05\/1_situace_5_5_1945-99-150x150.jpg\" alt=\"\" width=\"150\" height=\"150\" \/><\/a><p id=\"caption-attachment-1149\" class=\"wp-caption-text\">Situace 5. 5. 1945<\/p><\/div>\n<p>Kr\u00e1tce po poledni 5. kv\u011btna padlo rozhodnut\u00ed. Rozhlas volal o pomoc, v\u00a0Praze do\u0161lo k\u00a0otev\u0159en\u00e9mu boji. \u010clenov\u00e9 n\u00e1rodn\u00edho v\u00fdboru se rozhodli vyv\u011bsit p\u0159ipravenou proklamaci k\u00a0chuchelsk\u00e9mu obyvatelstvu a vyhl\u00e1\u0161ku o mobilizaci vojensk\u00fdch osob. V\u00a0chuchelsk\u00e9 \u0161kole byla p\u0159ipravena obecn\u00ed o\u0161et\u0159ovna pro ran\u011bn\u00e9 v\u00a0\u010dele s MUDr. Franti\u0161kem No\u017ei\u010dkou a MUDr. Vladim\u00edrem Seeh\u00e1kem.<\/p>\n<p>Mezit\u00edm byla odzbrojena pos\u00e1dka n\u011bmeck\u00fdch voj\u00e1k\u016f v\u00a0hotelu Start, kter\u00e1 m\u011bla br\u00e1nit \u017eeleznici, na K\u0159i\u017eovatce byla odzbrojena dal\u0161\u00ed vojensk\u00e1 jednotka, kter\u00e9 byly zabaveny zbran\u011b.<\/p>\n<p>\u010c\u00e1st ozbrojen\u00fdch sp\u011bchala na pomoc Praze, \u010d\u00e1st Slivenci, kde se ve \u0161kole urputn\u011b br\u00e1nila siln\u00e1 n\u011bmeck\u00e1 pos\u00e1dka. Pozd\u011bji byl na K\u0159i\u017eovatce chuchelsk\u00fdmi bojovn\u00edky zachycen i n\u011bmeck\u00fd v\u016fz pln\u00fd n\u00e1stra\u017en\u00fdch \u010dasovac\u00edch strojk\u016f. N\u011bme\u010dt\u00ed ob\u010dan\u00e9 Chuchle byli internovan\u00ed ve sv\u00fdch domovech (nesm\u011bli vych\u00e1zet na ulici) a byly jim zabaveny zbran\u011b, rozhlasov\u00e9 p\u0159\u00edstroje a dalekohledy.<\/p>\n<p>Nad r\u00e1nem 6. kv\u011btna bylo pra\u017esk\u00fdm rozhlasem p\u0159ik\u00e1z\u00e1no stav\u011bt barik\u00e1dy. V\u00a0Chuchli sehr\u00e1ly d\u016fle\u017eitou \u00falohu 3 barik\u00e1dy od K\u0159i\u017eovatky po Lahovi\u010dky, jejich\u017e d\u016fle\u017eit\u00fdm \u00fakolem bylo zabr\u00e1nit pr\u016fjezdu postupuj\u00edc\u00edch vojsk sm\u011brem z\u00a0Hradi\u0161\u0165ka do Prahy. Jejich prvn\u00ed \u00fatok byl odra\u017een.<\/p>\n<div id=\"attachment_1150\" style=\"width: 223px\" class=\"wp-caption alignleft\"><a href=\"http:\/\/regionplus.cz\/chuchle\/wp-content\/uploads\/sites\/2\/2025\/05\/5_situace_7_5_1945-98.jpg\"><img loading=\"lazy\" decoding=\"async\" aria-describedby=\"caption-attachment-1150\" class=\"wp-image-1150 size-medium\" src=\"http:\/\/regionplus.cz\/chuchle\/wp-content\/uploads\/sites\/2\/2025\/05\/5_situace_7_5_1945-98-213x300.jpg\" alt=\"Situace 7. 5. 1945\" width=\"213\" height=\"300\" srcset=\"https:\/\/regionplus.cz\/chuchle\/wp-content\/uploads\/sites\/2\/2025\/05\/5_situace_7_5_1945-98-213x300.jpg 213w, https:\/\/regionplus.cz\/chuchle\/wp-content\/uploads\/sites\/2\/2025\/05\/5_situace_7_5_1945-98-727x1024.jpg 727w, https:\/\/regionplus.cz\/chuchle\/wp-content\/uploads\/sites\/2\/2025\/05\/5_situace_7_5_1945-98-768x1082.jpg 768w, https:\/\/regionplus.cz\/chuchle\/wp-content\/uploads\/sites\/2\/2025\/05\/5_situace_7_5_1945-98-1090x1536.jpg 1090w, https:\/\/regionplus.cz\/chuchle\/wp-content\/uploads\/sites\/2\/2025\/05\/5_situace_7_5_1945-98.jpg 1147w\" sizes=\"auto, (max-width: 213px) 100vw, 213px\" \/><\/a><p id=\"caption-attachment-1150\" class=\"wp-caption-text\">Situace 7. 5. 1945<\/p><\/div>\n<p>V\u00a0poledn\u00edch hodin\u00e1ch 7. kv\u011btna se dostaly odd\u00edly SS po dobyt\u00ed Zbraslavi a Lahovic se 4 tanky, 3 ozbrojen\u00fdmi vozy\u00a0 a 250 ozbrojen\u00fdmi mu\u017ei na pole za Waltrovu zahradu. K jejich zadr\u017een\u00ed p\u0159ijela na pomoc ze Sm\u00edchova lokomotiva s vag\u00f3ny opat\u0159en\u00fdmi d\u011bly mal\u00e9 r\u00e1\u017ee (sou\u010d\u00e1st\u00ed pos\u00e1dky byli i t\u0159i chuchel\u0161t\u00ed ob\u010dan\u00e9: Jan \u0160imerman, Franti\u0161ek Kancn\u00fd\u0159 a Josef Hlo\u017eek). Vojensk\u00fd vlak byl v\u0161ak n\u011bkolika p\u0159esn\u00fdmi z\u00e1sahy n\u011bmeck\u00fdch tank\u016f zni\u010den.<\/p>\n<p>Pozd\u011bji za pomoci roty Vlasovc\u016f (\u010dlen\u016f ROA, kter\u00e1 p\u016fvodn\u011b bojovala s\u00a0N\u011bmci proti bol\u0161evismu a na konci v\u00e1lky se obr\u00e1tila proti N\u011bmc\u016fm) s t\u011b\u017ek\u00fdm kulometem a minometem se poda\u0159ilo N\u011bmce udr\u017eet v pozic\u00edch na okraji Lahovic a\u017e do setm\u011bn\u00ed. Radot\u00edn byl zat\u00edm donucen kapitulovat, v\u00a0Lahovic\u00edch do\u0161lo k\u00a0teroru na m\u00edstn\u00edch obyvatel\u00edch ze strany N\u011bmc\u016f, kte\u0159\u00ed po t\u00e9, co zavra\u017edili n\u011bkolik des\u00edtek lahovick\u00fdch mu\u017e\u016f,\u00a0 donutili asi pades\u00e1t lahovick\u00fdch ob\u010dan\u016f, aby postupovali jako jejich p\u0159edvoj k\u00a0barik\u00e1d\u00e1m um\u00edst\u011bn\u00fdm \u201eu osmi kan\u00e1l\u016f\u201c. Chuchel\u0161t\u00ed obr\u00e1nci je nechali postoupit a\u017e do bezprost\u0159edn\u00ed bl\u00edzkosti, a pak zah\u00e1jili v\u00fdstra\u017enou palbu. Lahovi\u010dt\u00ed se vrhli na pravou stranu silnici a skryli se v\u00a0kan\u00e1lech. Na N\u011bmce ukryt\u00e9 na lev\u00e9 stran\u011b byl zah\u00e1jen \u00fatok.<\/p>\n<div id=\"attachment_1151\" style=\"width: 160px\" class=\"wp-caption alignright\"><a href=\"http:\/\/regionplus.cz\/chuchle\/wp-content\/uploads\/sites\/2\/2025\/05\/6_situace_8_5_1945-97.jpg\"><img loading=\"lazy\" decoding=\"async\" aria-describedby=\"caption-attachment-1151\" class=\"size-thumbnail wp-image-1151\" src=\"http:\/\/regionplus.cz\/chuchle\/wp-content\/uploads\/sites\/2\/2025\/05\/6_situace_8_5_1945-97-150x150.jpg\" alt=\"\" width=\"150\" height=\"150\" \/><\/a><p id=\"caption-attachment-1151\" class=\"wp-caption-text\">Situace 8. 5. 1945<\/p><\/div>\n<p>V noci ze 7. na 8. kv\u011btna po \u00fastupu vlasovc\u016f byla nucena hrstka na\u0161ich obr\u00e1nc\u016f pro naprostou p\u0159evahu nep\u0159\u00edtele ustoupit ke Slivenci a h\u0159bitovu. Na na\u0161\u00ed stran\u011b z\u016fstali v\u00a0t\u011bchto boj\u00edch dva padl\u00ed a jeden zran\u011bn\u00fd. Ostatn\u00ed obyvatel\u00e9 se ukryli v domech, jin\u00ed ode\u0161li do lom\u016f, p\u0159\u00edpadn\u011b do okoln\u00edch obc\u00ed. Kdy\u017e N\u011bmci obsadili Chuchli, postupovali sm\u011brem ke Slivenci. Zde se v\u0161ak st\u0159etli se silnou pos\u00e1dkou vlasovc\u016f, kter\u00e1 za podpory chuchelsk\u00fdch ob\u010dan\u016f N\u011bmce zahnala a\u017e k Vltav\u011b.<\/p>\n<p>Vlasovci v\u0161ak ode\u0161li a N\u011bmci pos\u00edlen\u00ed dal\u0161\u00edmi p\u0159\u00edslu\u0161n\u00edky SS obsadili znovu obec. Na ulic\u00edch se po p\u0159est\u0159elk\u00e1ch objevilo t\u0159in\u00e1ct ob\u010dan\u016f v\u00a0tratoli\u0161t\u00edch krve. Voj\u00e1ci drancovali byty a skladi\u0161t\u011b potravin. Jednotka se us\u00eddlila za \u0161kolou. Velitel arm\u00e1dn\u00ed skupiny vydal pro zdej\u0161\u00ed ob\u010dany stann\u00e9 pr\u00e1vo. K\u00a0exces\u016fm do\u0161lo v\u00a0obecn\u00ed o\u0161et\u0159ovn\u011b, kde byl kr\u00e1tce po \u00fasp\u011b\u0161n\u00e9 operaci zavra\u017ed\u011bn revolverem boje neschopn\u00fd rusk\u00fd voj\u00e1k a rovn\u011b\u017e zde byl zaji\u0161t\u011bn Jaroslav Hauner, kter\u00fd v\u00a0o\u0161et\u0159ovn\u011b pom\u00e1hal (popraven byl u zdi \u010din\u017e\u00e1ku).<\/p>\n<p>Z\u00e1sluhou m\u00edstn\u00edch N\u011bmc\u016f byl prozrazen \u00fakryt ob\u010dan\u016f v\u00a0dolech. Dlu\u017eno dodat, \u017ee zde hledala bezpe\u010d\u00ed v\u011bt\u0161ina obyvatel obce. \u00a0N\u011bmci p\u0159ipravovali palbu (zaznamen\u00e1no zde bylo n\u011bkolik zran\u011bn\u00ed), kdy\u017e byl z\u00e1sluhou MUDr. Andreje Le\u0148o (chuchelsk\u00e9ho ob\u010dana, kter\u00fd se svoj\u00ed rodinou byl rovn\u011b\u017e v\u00a0dolech ukryt) sjedn\u00e1n voln\u00fd odchod obyvatel, kdy\u017e se zaru\u010dil, \u017ee ve \u0161tol\u00e1ch nejsou \u017e\u00e1dn\u00e9 zbran\u011b. V\u0161ichni se museli kr\u00e1tce po 13. hodin\u011b se\u0159adit do\u00a0dlouh\u00e9ho pr\u016fvodu a s\u00a0ko\u010d\u00e1rky a zavazadly odej\u00edt dom\u016f. Ze skupiny bylo odd\u011bleno asi pades\u00e1t mu\u017e\u016f, kte\u0159\u00ed se jako rukojm\u00ed m\u011bli zaru\u010dit, \u017ee v\u00a0Chuchli bude klid. Mu\u017ei byli odvedeni na zahradu N\u011bmky Richterov\u00e9 (sou\u010dasn\u00e9ho chuchelsk\u00e9 radnice) a odpoledne potom propu\u0161t\u011bni.<\/p>\n<p>Zat\u00edmco Rud\u00e1 arm\u00e1da p\u0159ijela 9. kv\u011btna do Prahy a ni\u010dila zbyl\u00e1 st\u0159ediska odporu, v\u00a0Chuchli nad\u00e1le trvala n\u011bmeck\u00e1 okupace. Hl\u00e1\u0161eni byli dal\u0161\u00ed mrtv\u00ed, N\u011bmci rabovali. V\u00a018 hodin do\u0161el n\u011bmeck\u00e9mu veliteli rozkaz o rychl\u00e9m sta\u017een\u00ed jednotky. P\u011bchotn\u00ed odd\u00edl zabral celou silnici od \u0161koly po dne\u0161n\u00ed n\u00e1m. Chuchelsk\u00fdch bojovn\u00edk\u016f a spole\u010dn\u011b s\u00a0vozy \u010derven\u00e9ho k\u0159\u00ed\u017ee se dal na pochod sm\u011brem k\u00a0Dob\u0159\u00ed\u0161i.\u00a0 N\u011bme\u010dt\u00ed voj\u00e1ci nechali p\u0159itom Chuchli d\u00e1rek na rozlou\u010denou, uprost\u0159ed \u017eelezni\u010dn\u00edho p\u0159ejezdu zap\u00e1lili nepoj\u00edzdn\u00fd v\u016fz s munic\u00ed.<\/p>\n<div id=\"attachment_1175\" style=\"width: 1009px\" class=\"wp-caption alignright\"><a href=\"http:\/\/regionplus.cz\/chuchle\/wp-content\/uploads\/sites\/2\/2025\/05\/prejezd10-5-1945a.jpg\"><img loading=\"lazy\" decoding=\"async\" aria-describedby=\"caption-attachment-1175\" class=\"size-full wp-image-1175\" src=\"http:\/\/regionplus.cz\/chuchle\/wp-content\/uploads\/sites\/2\/2025\/05\/prejezd10-5-1945a.jpg\" alt=\"\" width=\"999\" height=\"590\" srcset=\"https:\/\/regionplus.cz\/chuchle\/wp-content\/uploads\/sites\/2\/2025\/05\/prejezd10-5-1945a.jpg 999w, https:\/\/regionplus.cz\/chuchle\/wp-content\/uploads\/sites\/2\/2025\/05\/prejezd10-5-1945a-300x177.jpg 300w, https:\/\/regionplus.cz\/chuchle\/wp-content\/uploads\/sites\/2\/2025\/05\/prejezd10-5-1945a-768x454.jpg 768w, https:\/\/regionplus.cz\/chuchle\/wp-content\/uploads\/sites\/2\/2025\/05\/prejezd10-5-1945a-500x295.jpg 500w\" sizes=\"auto, (max-width: 999px) 100vw, 999px\" \/><\/a><p id=\"caption-attachment-1175\" class=\"wp-caption-text\">\u017delezni\u010dn\u00ed p\u0159ejezd s vybuchl\u00fdm automobilem<\/p><\/div>\n<p>Po\u017e\u00e1r se p\u0159enesl na z\u00e1vodi\u0161t\u011b do st\u00e1j\u00ed. P\u0159itom zahynuli t\u0159i dostihov\u00ed kon\u011b a na \u017eelezni\u010dn\u00edm p\u0159ejezdu tren\u00e9r Karel \u0160mejda. Tak skon\u010dila n\u011bmeck\u00e1 okupace.<\/p>\n<div id=\"attachment_1153\" style=\"width: 610px\" class=\"wp-caption aligncenter\"><a href=\"http:\/\/regionplus.cz\/chuchle\/wp-content\/uploads\/sites\/2\/2025\/05\/96_10-5-1945-9-95.jpg\"><img loading=\"lazy\" decoding=\"async\" aria-describedby=\"caption-attachment-1153\" class=\"wp-image-1153 size-full\" src=\"http:\/\/regionplus.cz\/chuchle\/wp-content\/uploads\/sites\/2\/2025\/05\/96_10-5-1945-9-95.jpg\" alt=\"\" width=\"600\" height=\"406\" srcset=\"https:\/\/regionplus.cz\/chuchle\/wp-content\/uploads\/sites\/2\/2025\/05\/96_10-5-1945-9-95.jpg 600w, https:\/\/regionplus.cz\/chuchle\/wp-content\/uploads\/sites\/2\/2025\/05\/96_10-5-1945-9-95-300x203.jpg 300w, https:\/\/regionplus.cz\/chuchle\/wp-content\/uploads\/sites\/2\/2025\/05\/96_10-5-1945-9-95-443x300.jpg 443w, https:\/\/regionplus.cz\/chuchle\/wp-content\/uploads\/sites\/2\/2025\/05\/96_10-5-1945-9-95-120x80.jpg 120w\" sizes=\"auto, (max-width: 600px) 100vw, 600px\" \/><\/a><p id=\"caption-attachment-1153\" class=\"wp-caption-text\">\u0160kody u \u017eelezni\u010dn\u00edho p\u0159ejezdu ve Velk\u00e9 Chuchli (11. 5. 1945)<\/p><\/div>\n<p>Kr\u00e1tce potom museli zaji\u0161t\u011bn\u00ed chuchel\u0161t\u00ed N\u011bmci odklidit nevybuchl\u00e9 miny a n\u00e1boje. N\u00e1lada obyvatel spojen\u00e1 s\u00a0uvoln\u011bn\u00edm emoc\u00ed p\u0159isp\u011bla i k\u00a0tomu, \u017ee na ulic\u00edch do\u0161lo k\u00a0jejich lyn\u010dov\u00e1n\u00ed. V\u011bt\u0161ina N\u011bmc\u016f byla po v\u00e1lce odsunuta, z\u016fstali pouze ti, kte\u0159\u00ed prok\u00e1zali sv\u016fj vztah k\u00a0nov\u00e9 \u010ceskoslovensk\u00e9 republice, p\u0159\u00edpadn\u011b odbojovou \u010dinnost v\u00a0dob\u011b okupace.<\/p>\n<p><a href=\"http:\/\/regionplus.cz\/chuchle\/wp-content\/uploads\/sites\/2\/2025\/05\/4_vyhlaska_nemci_1945_991.jpg\"><img loading=\"lazy\" decoding=\"async\" class=\"alignleft size-thumbnail wp-image-1148\" src=\"http:\/\/regionplus.cz\/chuchle\/wp-content\/uploads\/sites\/2\/2025\/05\/4_vyhlaska_nemci_1945_991-150x150.jpg\" alt=\"\" width=\"150\" height=\"150\" \/><\/a> <a href=\"http:\/\/regionplus.cz\/chuchle\/wp-content\/uploads\/sites\/2\/2025\/05\/3_vyhlaska_odevzdani_zbrani992.jpg\"><img loading=\"lazy\" decoding=\"async\" class=\"alignleft size-thumbnail wp-image-1147\" src=\"http:\/\/regionplus.cz\/chuchle\/wp-content\/uploads\/sites\/2\/2025\/05\/3_vyhlaska_odevzdani_zbrani992-150x150.jpg\" alt=\"\" width=\"150\" height=\"150\" \/><\/a><\/p>\n<p>&nbsp;<\/p>\n<p>&nbsp;<\/p>\n<p>&nbsp;<\/p>\n<p>&nbsp;<\/p>\n<p>&nbsp;<\/p>\n<p><strong>Za boj\u016f ve Velk\u00e9 Chuchli padlo 25 ob\u010dan\u016f.<\/strong> V\u011bt\u0161ina z\u00a0nich je pochov\u00e1na ve spole\u010dn\u00e9m hrob\u011b v Chuchelsk\u00e9m h\u00e1ji, nedaleko kostela sv. Jana Nepomuck\u00e9ho, kam byli slavnostn\u011b poh\u0159beni 11. kv\u011btna 1945. Mrtv\u00ed n\u011bme\u010dt\u00ed ob\u010dan\u00e9 byli pochov\u00e1ni v lomu a na r\u016fzn\u00fdch m\u00edstech v Chuchli.<\/p>\n<p><a href=\"http:\/\/regionplus.cz\/chuchle\/wp-content\/uploads\/sites\/2\/2025\/05\/93_10-5-1945-7-94.jpg\"><img loading=\"lazy\" decoding=\"async\" class=\"alignleft size-thumbnail wp-image-1154\" src=\"http:\/\/regionplus.cz\/chuchle\/wp-content\/uploads\/sites\/2\/2025\/05\/93_10-5-1945-7-94-150x150.jpg\" alt=\"\" width=\"150\" height=\"150\" \/><\/a> <a href=\"http:\/\/regionplus.cz\/chuchle\/wp-content\/uploads\/sites\/2\/2025\/05\/994_11-5-1945-celek-96.jpg\"><img loading=\"lazy\" decoding=\"async\" class=\"alignleft size-thumbnail wp-image-1152\" src=\"http:\/\/regionplus.cz\/chuchle\/wp-content\/uploads\/sites\/2\/2025\/05\/994_11-5-1945-celek-96-150x150.jpg\" alt=\"\" width=\"150\" height=\"150\" \/><\/a> <a href=\"http:\/\/regionplus.cz\/chuchle\/wp-content\/uploads\/sites\/2\/2025\/05\/991_11-5-1945-1-92.jpg\"><img loading=\"lazy\" decoding=\"async\" class=\"alignleft size-thumbnail wp-image-1156\" src=\"http:\/\/regionplus.cz\/chuchle\/wp-content\/uploads\/sites\/2\/2025\/05\/991_11-5-1945-1-92-150x150.jpg\" alt=\"\" width=\"150\" height=\"150\" \/><\/a> <a href=\"http:\/\/regionplus.cz\/chuchle\/wp-content\/uploads\/sites\/2\/2025\/05\/95_10-5-1945-8_crn3.jpg\"><img loading=\"lazy\" decoding=\"async\" class=\"alignleft size-thumbnail wp-image-1163\" src=\"http:\/\/regionplus.cz\/chuchle\/wp-content\/uploads\/sites\/2\/2025\/05\/95_10-5-1945-8_crn3-150x150.jpg\" alt=\"\" width=\"150\" height=\"150\" \/><\/a> <a href=\"http:\/\/regionplus.cz\/chuchle\/wp-content\/uploads\/sites\/2\/2025\/05\/993_11-5-1945-3_crb1.jpg\"><img loading=\"lazy\" decoding=\"async\" class=\"alignleft size-thumbnail wp-image-1164\" src=\"http:\/\/regionplus.cz\/chuchle\/wp-content\/uploads\/sites\/2\/2025\/05\/993_11-5-1945-3_crb1-150x150.jpg\" alt=\"\" width=\"150\" height=\"150\" \/><\/a> <a href=\"http:\/\/regionplus.cz\/chuchle\/wp-content\/uploads\/sites\/2\/2025\/05\/992_11-5-1945-2_cra1.jpg\"><img loading=\"lazy\" decoding=\"async\" class=\"alignleft size-thumbnail wp-image-1165\" src=\"http:\/\/regionplus.cz\/chuchle\/wp-content\/uploads\/sites\/2\/2025\/05\/992_11-5-1945-2_cra1-150x150.jpg\" alt=\"\" width=\"150\" height=\"150\" \/><\/a><\/p>\n<p>&nbsp;<\/p>\n<p>&nbsp;<\/p>\n<p>&nbsp;<\/p>\n<p>&nbsp;<\/p>\n<p>&nbsp;<\/p>\n<p>&nbsp;<\/p>\n<p>&nbsp;<\/p>\n<p>&nbsp;<\/p>\n<p>&nbsp;<\/p>\n<p><strong>Seznam padl\u00fdch ob\u010dan\u016f Velk\u00e9 Chuchle b\u011bhem boj\u016f v\u00a0kv\u011btnu 1945<\/strong><\/p>\n<p>Anton\u00edn Mr\u00e1zek (popraven 7. kv\u011btna na Starochuchelsk\u00e9 ulici), Bohdan Ryb\u00e1\u010dek (padl u legion\u00e1\u0159sk\u00fdch dom\u016f v ulici Pod Ak\u00e1ty 8. kv\u011btna), Tom\u00e1\u0161 Steinberger (popraven u Li\u0161kova statku 7.5.), Emanuel Hladk\u00fd (padl 7. kv\u011btna v boji p\u0159ed hasi\u010dskou zbrojnic\u00ed), Jaroslav Hauner (popraven u \u010din\u017e\u00e1ku 7.5.), V\u00e1clav Kalenda (popraven na Starochuchelsk\u00e9 pobl\u00ed\u017e \u0161koly 7. kv\u011btna) , Franti\u0161ek Kroupa (padl na Starochuchelsk\u00e9 pobl\u00ed\u017e \u0161koly 7. kv\u011btna), Josef Pokorn\u00fd (padl 8. kv\u011btna v boji u Slivence), Franti\u0161ek Majer (padl 8. kv\u011btna u Zl\u00edchova), Vladim\u00edr Such\u00e1nek (zast\u0159elen p\u0159ed Kresovnou 7. kv\u011btna), Jan Havl\u00ed\u010dek (zast\u0159elen 8. kv\u011btna), Karel \u0160mejda (zast\u0159elen na \u017eelezni\u010dn\u00edm p\u0159ejezdu 7. kv\u011btna), Franti\u0161ek Kocourek a Ji\u0159\u00ed Kocourek (zavra\u017ed\u011bni v noci z 8. na 9. kv\u011btna na silnici do Hlubo\u010dep), V\u00e1clav Dvo\u0159\u00e1k (z Prahy, padl p\u0159i ost\u0159elov\u00e1n\u00ed obrn\u011bn\u00e9ho vlaku 7. kv\u011btna), Josef Fialka (z Prahy, padl p\u0159i ost\u0159elov\u00e1n\u00ed obrn\u011bn\u00e9ho vlaku 7. kv\u011btna), Kv\u011btoslav Ma\u0161ita (ze V\u0161enor, padl p\u0159i ost\u0159elov\u00e1n\u00ed obrn\u011bn\u00e9ho vlaku 7. kv\u011btna), Anton\u00edn Havelka, Karel Kadlec (oba dva ze Star\u00e9 Hut\u011b, popraveni 8. kv\u011btna na Starochuchelsk\u00e9 ulici) Ilja Puga\u010dev, Ilja Lubenov (padl na zbraslavsk\u00e9 silnici) \u00a0Martin Angelov Dimitrij (padl na zbraslavsk\u00e9 silnici), Rjabu\u0161kin(voj\u00edn Vlasovovy arm\u00e1dy, vynesen z o\u0161et\u0159ovny na nos\u00edtk\u00e1ch a ve \u0161koln\u00ed zahrad\u011b zast\u0159elen) a dva voj\u00edni nezji\u0161t\u011bn\u00fdch jmen (prvn\u00ed Vlasovec padl na z\u00e1vodi\u0161ti p\u0159i boji s n\u011bmeck\u00fdmi tanky 7. kv\u011btna).<\/p>\n<p>Hned po poh\u0159bu byla mezi ob\u010dany zah\u00e1jena sb\u00edrka pro z\u0159\u00edzen\u00ed fondu pro vdovy a sirotky po padl\u00fdch ob\u010danech. Sou\u010dasn\u011b byly vy\u010d\u00edsleny i v\u00e1le\u010dn\u00e9 \u0161kody v\u00a0obci \u2013 celkem 4,85 milionu K\u010d. St\u0159elbou bylo po\u0161kozeno 8 dom\u016f, bylo nalezeno 41 demolovan\u00fdch dve\u0159\u00ed a cel\u00e1 \u0159ada rozbit\u00fdch oken a krom\u011b uveden\u00fdch ob\u011bt\u00ed bylo nav\u00edc t\u011b\u017ece zran\u011bno 12 chuchelsk\u00fdch ob\u010dan\u016f. Z\u00a0ukraden\u00fdch v\u011bc\u00ed byly poh\u0159e\u0161ov\u00e1ny nej\u010dast\u011bji p\u00e1nsk\u00e9 pr\u00e1dlo, \u0161aty, boty, hodinky, bud\u00edky, fotoapar\u00e1ty, dalekohledy, l\u00e1tky, kufry. Z\u00a0potravin byly odneseny tuky, cukr, vejce, mouka.<\/p>\n<p><a href=\"http:\/\/regionplus.cz\/chuchle\/wp-content\/uploads\/sites\/2\/2025\/05\/7_10-5-1945-1-7.jpg\"><img loading=\"lazy\" decoding=\"async\" class=\"alignleft size-thumbnail wp-image-1160\" src=\"http:\/\/regionplus.cz\/chuchle\/wp-content\/uploads\/sites\/2\/2025\/05\/7_10-5-1945-1-7-150x150.jpg\" alt=\"\" width=\"150\" height=\"150\" \/><\/a> <a href=\"http:\/\/regionplus.cz\/chuchle\/wp-content\/uploads\/sites\/2\/2025\/05\/8_10-5-1945-2-8.jpg\"><img loading=\"lazy\" decoding=\"async\" class=\"alignleft size-thumbnail wp-image-1159\" src=\"http:\/\/regionplus.cz\/chuchle\/wp-content\/uploads\/sites\/2\/2025\/05\/8_10-5-1945-2-8-150x150.jpg\" alt=\"\" width=\"150\" height=\"150\" \/><\/a> <a href=\"http:\/\/regionplus.cz\/chuchle\/wp-content\/uploads\/sites\/2\/2025\/05\/9_10-5-1945-4-9.jpg\"><img loading=\"lazy\" decoding=\"async\" class=\"alignleft size-thumbnail wp-image-1158\" src=\"http:\/\/regionplus.cz\/chuchle\/wp-content\/uploads\/sites\/2\/2025\/05\/9_10-5-1945-4-9-150x150.jpg\" alt=\"\" width=\"150\" height=\"150\" \/><\/a> <a href=\"http:\/\/regionplus.cz\/chuchle\/wp-content\/uploads\/sites\/2\/2025\/05\/91_10-5-1945-5-91.jpg\"><img loading=\"lazy\" decoding=\"async\" class=\"alignleft size-thumbnail wp-image-1157\" src=\"http:\/\/regionplus.cz\/chuchle\/wp-content\/uploads\/sites\/2\/2025\/05\/91_10-5-1945-5-91-150x150.jpg\" alt=\"\" width=\"150\" height=\"150\" \/><\/a> <a href=\"http:\/\/regionplus.cz\/chuchle\/wp-content\/uploads\/sites\/2\/2025\/05\/92_10-5-1945-6-93.jpg\"><img loading=\"lazy\" decoding=\"async\" class=\"alignleft size-thumbnail wp-image-1155\" src=\"http:\/\/regionplus.cz\/chuchle\/wp-content\/uploads\/sites\/2\/2025\/05\/92_10-5-1945-6-93-150x150.jpg\" alt=\"\" width=\"150\" height=\"150\" \/><\/a> <a href=\"http:\/\/regionplus.cz\/chuchle\/wp-content\/uploads\/sites\/2\/2025\/05\/97_10-5-1945-91_cr4.jpg\"><img loading=\"lazy\" decoding=\"async\" class=\"alignleft size-thumbnail wp-image-1162\" src=\"http:\/\/regionplus.cz\/chuchle\/wp-content\/uploads\/sites\/2\/2025\/05\/97_10-5-1945-91_cr4-150x150.jpg\" alt=\"\" width=\"150\" height=\"150\" \/><\/a><\/p>\n<p>&nbsp;<\/p>\n<p>&nbsp;<\/p>\n<p>&nbsp;<\/p>\n<p>&nbsp;<\/p>\n<p>&nbsp;<\/p>\n<p>&nbsp;<\/p>\n<p>&nbsp;<\/p>\n<p>&nbsp;<\/p>\n<p>&nbsp;<\/p>\n<p>13. kv\u011btna se ke sv\u00e9mu jedn\u00e1n\u00ed se\u0161el n\u00e1rodn\u00ed v\u00fdbor, kter\u00fd kooptoval do sv\u00e9ho pl\u00e9na sedm \u010dlen\u016f KS\u010c. Pl\u00e9num tvo\u0159ilo tak 24 \u010dlen\u016f, radu n\u00e1rodn\u00edho v\u00fdboru pak osm \u010dlen\u016f, kter\u00e9 p\u0159edsedal nov\u011b zvolen\u00fd p\u0159edseda Franti\u0161ek Rambousek (Josef Hrab\u00e1k se stal p\u0159edsedou okresn\u00edho n\u00e1rodn\u00edho v\u00fdboru, po n\u011bkolik dn\u00ed ho zastupoval Alois \u0160a\u0161ek)<\/p>\n<p>&nbsp;<\/p>\n<h2>Ocen\u011bn\u00ed \u00fa\u010dastn\u00edci chuchelsk\u00fdch boj\u016f<\/h2>\n<p><strong>\u010csl. vojen. medaile za z\u00e1sluhy I. stupn\u011b<\/strong><\/p>\n<p>Jan Brabec, Otakar Kr\u00e1l, Josef Hrab\u00e1k, V\u00edl\u00e9m Koupil, Franti\u0161ek Ho\u0159ej\u0161\u00ed, Alois Pol\u00e1k, Franti\u0161ek Mach\u00e1\u010dek, Anton\u00edn Slav\u00edk, Jarom\u00edr P\u0159\u00edhoda, Jaroslav \u010cernohorsk\u00fd.<\/p>\n<p><strong>\u010csl. vojen. medaile za z\u00e1sluhy II. stupn\u011b<\/strong><\/p>\n<p>MUDr. Franti\u0161ek No\u017ei\u010dka, MUDr. Vladim\u00edr Seeh\u00e1k, Marie \u0160etkov\u00e1, Milada \u010cumrdov\u00e1, Antonie Pokorn\u00e1, V\u00e1clav Fil\u00edpek, Bohumil Klauz, Bohumil Saka\u0159, Ond\u0159ej Steinberger, Horym\u00edr Svoboda, Rudolf \u0160inkovec, Benjam\u00edn Ho\u0161ek, Josef Linhart, Josef Pasty\u0159\u00edk, V\u00e1clav Ku\u010dera, Jan Koudelka, Jan Mrsko\u0161.<\/p>\n<p><strong>Pochvaln\u00e9 vojensk\u00e9 uzn\u00e1n\u00ed IV. stupn\u011b<\/strong><\/p>\n<p>Felix Kohout, Jan \u0160turm, Kamil Mart\u00ednek, Anton\u00edn Dor\u0161ner, Stanislav Ba\u010fou\u010dek, Vratislav Soukup, Jaroslav Saka\u0159, Anton\u00edn Zik\u00e1n, Rudolf Klomfar, Stanislav Mart\u00ednek, Karel Vojta ml., Jaroslav Poup\u011b, Bohuslava Dor\u0161nerov\u00e1, Ane\u017eka Mar\u0161\u00e1lkov\u00e1, Marie Sirotkov\u00e1, Libu\u0161e \u017delezn\u00e1, Miroslav Dob\u0159ick\u00fd, Jaroslav K\u0159\u00edstek, Josef Kokta, Bohumil Dvo\u0159\u00e1k, Jan Bolina, V\u00e1clav \u010cumrda, Anton\u00edn P\u00e1ra, Karel Slav\u00edk, Nikolaj Stepanov, Zden\u011bk Kaufman, Ji\u0159\u00ed \u0160turm, Jaroslav Vin\u0161, Franti\u0161ek Bodl\u00e1k, Bohumil Tamchyna, Stanislav T\u016fma, Jan Tuh\u00e1\u010dek, Josef Roch, Anton\u00edn Hrdli\u010dka.<\/p>\n<p><strong>\u010cs. medaile za chrabrost<\/strong><\/p>\n<p>Jaroslav Kreisinger, Josef \u017delezn\u00fd, Ladislav Vesel\u00fd, Bohumil Dlouh\u00fd, Josef Balab\u00e1n, Franti\u0161ek \u010cmel\u00ednsk\u00fd, Bohumil Saka\u0159, V\u00e1clav Janou\u0161, Josef Hlo\u017eek, Josef \u010cumrda<\/p>\n<p>&nbsp;<\/p>\n<h2>Ze vzpom\u00ednek Anny Svobodov\u00e9:<\/h2>\n<p><em>\u201eV pond\u011bl\u00ed 7. kv\u011btna dorazili n\u011bme\u010dt\u00ed voj\u00e1ci do Velk\u00e9 Chuchle. Ke 22. hodin\u011b p\u0159i\u0161li do na\u0161eho domu \u010dp. 21. Nejprve voj\u00e1ci, za chv\u00edli i d\u016fstojn\u00edci. N\u00e1s zahnali do jedn\u00e9 sv\u011btnice a sami se ubytovali v\u00a0kuchyni a pokoji. Rozsv\u00edtili si kosteln\u00ed sv\u00edce, jeliko\u017e ne\u0161el elektrick\u00fd proud. <\/em><\/p>\n<p><em>Najednou jsme usly\u0161eli, \u017ee voj\u00e1ci p\u0159ivedli mlad\u00e9ho Preka a Drechslera, kter\u00e9 chytili na ulici. Po prohl\u00eddce je vysl\u00fdchali. Jeden z\u00a0N\u011bmc\u016f um\u011bl \u010desky. Ptali se t\u00e9\u017e m\u00e9 sestry, co jsou to za\u010d. Sestra jim \u0159ekla, \u017ee jsou to ne\u0161kodn\u00ed raj\u0165\u00e1ci a ne partyz\u00e1ni. Pot\u00e9 je propustili. Potom p\u0159ivedli Haunera a je\u0161t\u011b jednoho mlad\u00edka, jeho\u017e jm\u00e9no si ji\u017e nepamatuji. Na\u0161li u nich gran\u00e1ty. Vyvedli je z\u00a0domu, postavili ke zdi \u010din\u017e\u00e1ku a zast\u0159elili. Z\u00a0chodn\u00edku p\u0159ed na\u0161\u00edm domem zast\u0159elili Such\u00e1nka a Hladk\u00e9ho, kte\u0159\u00ed \u0161li po ulici. Zbytek noci prob\u011bhl v\u00a0pom\u011brn\u00e9m klidu, jen se n\u00e1s n\u011bkolikr\u00e1t ptali, jak daleko je k\u00a0Ameri\u010dan\u016fm.<\/em><\/p>\n<p><em>R\u00e1no byli p\u0159ivedeni Franti\u0161ek Pol\u00e1\u010dek a Josef Vondr\u00e1\u010dek. Poru\u010dili jim, aby v\u00a0par\u010d\u00edku p\u0159ed n\u00e1mi kopali hrob. Pro koho? Z\u00a0par\u010d\u00edku tehdy zast\u0159elili Havl\u00ed\u010dka, kter\u00fd \u0161el po Mr\u00e1zovce. <\/em><\/p>\n<p><em>Najednou d\u016fstojn\u00edci vyhl\u00e1sili poplach a v\u0161ichni b\u011b\u017eeli ke Slivenci. V\u00a0tomto zmatku Pol\u00e1\u010dek s\u00a0Vondr\u00e1\u010dkem z\u00a0par\u010d\u00edku utekli. Za chv\u00edli jsme zaslechli st\u0159elbu a vid\u011bli jsme, jak Vlasovci nesouc\u00ed \u010deskoslovenskou vlajku, \u017eenou N\u011bmce p\u0159ed sebou.<\/em><\/p>\n<p><em>V\u00a0kuchyni jsme na\u0161li po odchodu N\u011bmc\u016f spoustu munice a odevzdali ji Vlasovc\u016fm. P\u0159i\u0161li se k\u00a0n\u00e1m nap\u00edt. Zat\u00edm n\u011bkde u v\u00e1hy a p\u0159ed Janou\u0161ov\u00fdmi se odehr\u00e1val boj mezi Vlasovci a N\u011bmci. Pak se Vlasovci st\u00e1hli a obec opanovali op\u011bt N\u011bmci. Vydali p\u0159\u00edsn\u00fd z\u00e1kaz vych\u00e1zen\u00ed z\u00a0dom\u016f. K\u00a0n\u00e1m se u\u017e nevr\u00e1tili.\u201c<\/em><\/p>\n<p>&nbsp;<\/p>\n<h2>Mal\u00e1 Chuchle<\/h2>\n<p>\u017de v\u00e1lka kon\u010d\u00ed, poc\u00edtili v\u00a0Mal\u00e9 Chuchli 22. dubna 1945 p\u0159i m\u0161i v\u00a0kostele Narozen\u00ed Panny Marie, kdy v nedalek\u00e9m Bran\u00edku za\u00fato\u010dilo americk\u00e9 letadlo na n\u00e1kladn\u00ed vlak p\u0159ev\u00e1\u017eej\u00edc\u00ed n\u011bmeckou vojenskou techniku. Kn\u011bz tehdy nedokon\u010dil k\u00e1z\u00e1n\u00ed. O dva dny pozd\u011bji napadla \u010dty\u0159i americk\u00e1 letadla na zbraslavsk\u00e9 silnici kolonu N\u011bmc\u016f prchaj\u00edc\u00ed z\u00a0Vratislavi.<\/p>\n<p>5. kv\u011btna 1945 byla v Mal\u00e9 Chuchli postavena barik\u00e1da mezi \u010dp. 37 a benzinovou pumpou z n\u00e1kladn\u00edch aut a dla\u017eebn\u00edch kostek. Dal\u0161\u00ed byla postavena pod Barrandovskou sk\u00e1lou. 6. a 7. kv\u011btna bylo d\u011bn\u00ed v Mal\u00e9 Chuchli spojeno s Vlasovci, kter\u00e9 zdej\u0161\u00ed obyvatel\u00e9 v\u00edtali jako osvoboditele. Po jejich odchodu 8. kv\u011btna obsadili Malou Chuchli N\u011bmci. P\u0159i tom byl smrteln\u011b zasa\u017een zezadu Jaroslav Kos, kter\u00fd bezbrann\u00fd ut\u00edkal v L\u00e1zn\u00edch p\u0159ed N\u011bmci do lesa. Dal\u0161\u00ed malochuchelskou ob\u011bt\u00ed byl V\u00e1clav Dudek, kter\u00fd byl zajat se zbran\u00ed v ruce. Pokusil se zachr\u00e1nit \u00fat\u011bkem, ale byl po n\u011bm hozen gran\u00e1t. Spolu s n\u00edm zahynul \u0161t\u00e1bn\u00ed str\u00e1\u017emistr Franti\u0161ek Otradovec a dal\u0161\u00edch \u0161est Bulhar\u016f. \u010cen\u011bk Hejl a jeho syn Ji\u0159\u00ed byli zast\u0159eleni N\u011bmci v Chuchelsk\u00e9m h\u00e1ji, kdy\u017e se vraceli z Lochkova, kde p\u0159e\u010dkali celou revoluci (m\u00edsto jejich skonu p\u0159ipom\u00ednal po v\u00e1lce k\u0159\u00ed\u017eek na strom\u011b). \u0160t\u011bp\u00e1n Vaverka uprchl p\u0159ed N\u011bmci oknem do str\u00e1n\u011b, a tam byl zast\u0159elen. Josef Klimpella se skr\u00fdval v lese. Byl zran\u011bn do b\u0159icha, doplazil se dom\u016f a po t\u0159ech dnech zem\u0159el. N\u011bkolik zbloudil\u00fdch st\u0159el vniklo osudn\u00e9ho dne do m\u00edstn\u00ed \u0161koly, kde poni\u010dily zdej\u0161\u00ed majetek.<\/p>\n<p>O den pozd\u011bji mohli ji\u017e lid\u00e9 vyj\u00edt z\u00a0kryt\u016f (ukr\u00fdvali se ve sklepech), na\u00a0 pa\u017ei museli p\u0159itom nosit b\u00edlou p\u00e1sku. Chuchle byla bez spojen\u00ed, elektrick\u00e9 veden\u00ed bylo zp\u0159etrh\u00e1no, r\u00e1dio umlklo. Ve\u010der se za\u010dali N\u011bmci stahovat z\u00a0Barrandova a za\u010dali ustupovat.<\/p>\n<p>10. kv\u011btna t\u00e1hly od Zbraslavi kolony zajat\u00fdch N\u011bmc\u016f, mezi nimi byli i Vlasovci. Rusov\u00e9, kte\u0159\u00ed v t\u00e9 dob\u011b ji\u017e dos\u00e1hli Mal\u00e9 Chuchle a m\u00edstn\u00edmi p\u0159iv\u00edt\u00e1n\u00ed h\u00e1zen\u00edm kv\u011btin a m\u00e1v\u00e1n\u00edm \u0161\u00e1tky, t\u0159i z nich zahl\u00e9dli, vyt\u00e1hli z \u0159ady, zbili do krve, odvedli je na chuchelsk\u00e9 n\u00e1dra\u017e\u00ed, kde je zast\u0159elili. Chuchel\u0161t\u00ed ob\u010dan\u00e9 jim vykopali hrob v ka\u0161tanov\u00e9 aleji za n\u00e1dra\u017e\u00edm, kam spolu s nimi ulo\u017eili i t\u011blo jednoho N\u011bmce, kter\u00fd vyb\u011bhl z \u0159ady a sko\u010dil pod rusk\u00fd tank a byl usmrcen.<\/p>\n<p>Pam\u00e1tku ob\u011btem obou sv\u011btov\u00fdch v\u00e1lek p\u0159ipom\u00edn\u00e1 pomn\u00edk ob\u011btem obou sv\u011btov\u00fdch v\u00e1lek nedaleko kostela Narozen\u00ed Panny Marie a pam\u011btn\u00ed deska na smrt V\u00e1clava Dudka um\u00edst\u011bn\u00e1 na dom\u011b ve Zbraslavsk\u00e9 ulici.<\/p>\n<div id=\"attachment_1161\" style=\"width: 610px\" class=\"wp-caption aligncenter\"><a href=\"http:\/\/regionplus.cz\/chuchle\/wp-content\/uploads\/sites\/2\/2025\/05\/z-dudek_mala_chuchle5.jpg\"><img loading=\"lazy\" decoding=\"async\" aria-describedby=\"caption-attachment-1161\" class=\"size-full wp-image-1161\" src=\"http:\/\/regionplus.cz\/chuchle\/wp-content\/uploads\/sites\/2\/2025\/05\/z-dudek_mala_chuchle5.jpg\" alt=\"\" width=\"600\" height=\"515\" srcset=\"https:\/\/regionplus.cz\/chuchle\/wp-content\/uploads\/sites\/2\/2025\/05\/z-dudek_mala_chuchle5.jpg 600w, https:\/\/regionplus.cz\/chuchle\/wp-content\/uploads\/sites\/2\/2025\/05\/z-dudek_mala_chuchle5-300x258.jpg 300w, https:\/\/regionplus.cz\/chuchle\/wp-content\/uploads\/sites\/2\/2025\/05\/z-dudek_mala_chuchle5-350x300.jpg 350w\" sizes=\"auto, (max-width: 600px) 100vw, 600px\" \/><\/a><p id=\"caption-attachment-1161\" class=\"wp-caption-text\">Pam\u011btn\u00ed deska V\u00e1clava Dudka v Mal\u00e9 Chuchli<\/p><\/div>\n<p>Pam\u011btn\u00ed deska na smrt Jaroslava Kosa byla um\u00edst\u011bna na budov\u011b l\u00e1ze\u0148sk\u00e9 restaurace, p\u0159i rekonstrukci, kterou prov\u00e1d\u011bla Vysok\u00e1 \u0161kola zem\u011bd\u011blsk\u00e1 byla v roce 1981 sejmuta a n\u00e1sledn\u011b se ztratila. A\u017e v roce 2025 do\u0161lo p\u0159i p\u0159\u00edle\u017eitosti 80. v\u00fdro\u010d\u00ed od konce 2. sv\u011btov\u00e9 v\u00e1lky k obnov\u011b pietn\u00edho m\u00edsta a deska byla 5. 5. 2025 znovuodhalena.<\/p>\n<div id=\"attachment_1129\" style=\"width: 1010px\" class=\"wp-caption aligncenter\"><a href=\"http:\/\/regionplus.cz\/chuchle\/wp-content\/uploads\/sites\/2\/2025\/05\/vzpominky_kveten_1945_120.jpg\"><img loading=\"lazy\" decoding=\"async\" aria-describedby=\"caption-attachment-1129\" class=\"size-full wp-image-1129\" src=\"http:\/\/regionplus.cz\/chuchle\/wp-content\/uploads\/sites\/2\/2025\/05\/vzpominky_kveten_1945_120.jpg\" alt=\"\" width=\"1000\" height=\"667\" srcset=\"https:\/\/regionplus.cz\/chuchle\/wp-content\/uploads\/sites\/2\/2025\/05\/vzpominky_kveten_1945_120.jpg 1000w, https:\/\/regionplus.cz\/chuchle\/wp-content\/uploads\/sites\/2\/2025\/05\/vzpominky_kveten_1945_120-300x200.jpg 300w, https:\/\/regionplus.cz\/chuchle\/wp-content\/uploads\/sites\/2\/2025\/05\/vzpominky_kveten_1945_120-768x512.jpg 768w, https:\/\/regionplus.cz\/chuchle\/wp-content\/uploads\/sites\/2\/2025\/05\/vzpominky_kveten_1945_120-450x300.jpg 450w, https:\/\/regionplus.cz\/chuchle\/wp-content\/uploads\/sites\/2\/2025\/05\/vzpominky_kveten_1945_120-120x80.jpg 120w\" sizes=\"auto, (max-width: 1000px) 100vw, 1000px\" \/><\/a><p id=\"caption-attachment-1129\" class=\"wp-caption-text\">Odhalen\u00ed pam\u011btn\u00ed desky Jaroslavu Kosovi (5. 5. 2025)<\/p><\/div>\n","protected":false},"excerpt":{"rendered":"<p>Velk\u00e1 Chuchle V\u00e1le\u010dn\u00e1 situace se stala na za\u010d\u00e1tku kv\u011btna 1945 impulsem pro jedn\u00e1n\u00ed doposud rozt\u0159\u00ed\u0161t\u011bn\u00fdch skupinek chuchelsk\u00fdch ob\u010dan\u016f tou\u017e\u00edc\u00edch po svobod\u011b nebo zapojen\u00fdch do odbojov\u00e9 \u010dinnosti. Hlavn\u00ed slovo v\u00a0dal\u0161\u00ed organizaci p\u0159itom m\u011bli \u0161t\u00e1bn\u00ed kapit\u00e1n Jind\u0159ich Stodola, \u00fa\u010detn\u00ed Jan Brabec, nadporu\u010d\u00edk &hellip; <a href=\"https:\/\/regionplus.cz\/chuchle\/historie\/kveten-1945\/\">Cel\u00fd p\u0159\u00edsp\u011bvek <span class=\"meta-nav\">&rarr;<\/span><\/a><\/p>\n","protected":false},"author":1,"featured_media":0,"parent":173,"menu_order":-17,"comment_status":"closed","ping_status":"closed","template":"","meta":{"footnotes":""},"class_list":["post-203","page","type-page","status-publish","hentry"],"_links":{"self":[{"href":"https:\/\/regionplus.cz\/chuchle\/wp-json\/wp\/v2\/pages\/203","targetHints":{"allow":["GET"]}}],"collection":[{"href":"https:\/\/regionplus.cz\/chuchle\/wp-json\/wp\/v2\/pages"}],"about":[{"href":"https:\/\/regionplus.cz\/chuchle\/wp-json\/wp\/v2\/types\/page"}],"author":[{"embeddable":true,"href":"https:\/\/regionplus.cz\/chuchle\/wp-json\/wp\/v2\/users\/1"}],"replies":[{"embeddable":true,"href":"https:\/\/regionplus.cz\/chuchle\/wp-json\/wp\/v2\/comments?post=203"}],"version-history":[{"count":9,"href":"https:\/\/regionplus.cz\/chuchle\/wp-json\/wp\/v2\/pages\/203\/revisions"}],"predecessor-version":[{"id":1176,"href":"https:\/\/regionplus.cz\/chuchle\/wp-json\/wp\/v2\/pages\/203\/revisions\/1176"}],"up":[{"embeddable":true,"href":"https:\/\/regionplus.cz\/chuchle\/wp-json\/wp\/v2\/pages\/173"}],"wp:attachment":[{"href":"https:\/\/regionplus.cz\/chuchle\/wp-json\/wp\/v2\/media?parent=203"}],"curies":[{"name":"wp","href":"https:\/\/api.w.org\/{rel}","templated":true}]}}