{"id":201,"date":"2021-10-02T23:38:44","date_gmt":"2021-10-02T21:38:44","guid":{"rendered":"http:\/\/regionplus.cz\/chuchle\/?page_id=201"},"modified":"2025-05-25T20:25:27","modified_gmt":"2025-05-25T18:25:27","slug":"chuchle-za-protektoratu","status":"publish","type":"page","link":"https:\/\/regionplus.cz\/chuchle\/historie\/chuchle-za-protektoratu\/","title":{"rendered":"Chuchle za protektor\u00e1tu"},"content":{"rendered":"<div id=\"attachment_1169\" style=\"width: 225px\" class=\"wp-caption alignright\"><a href=\"http:\/\/regionplus.cz\/chuchle\/wp-content\/uploads\/sites\/2\/2025\/05\/1_a_znakobce-protektorat6.jpg\"><img loading=\"lazy\" decoding=\"async\" aria-describedby=\"caption-attachment-1169\" class=\"size-medium wp-image-1169\" src=\"http:\/\/regionplus.cz\/chuchle\/wp-content\/uploads\/sites\/2\/2025\/05\/1_a_znakobce-protektorat6-215x300.jpg\" alt=\"\" width=\"215\" height=\"300\" srcset=\"https:\/\/regionplus.cz\/chuchle\/wp-content\/uploads\/sites\/2\/2025\/05\/1_a_znakobce-protektorat6-215x300.jpg 215w, https:\/\/regionplus.cz\/chuchle\/wp-content\/uploads\/sites\/2\/2025\/05\/1_a_znakobce-protektorat6.jpg 429w\" sizes=\"auto, (max-width: 215px) 100vw, 215px\" \/><\/a><p id=\"caption-attachment-1169\" class=\"wp-caption-text\">Ozna\u010den\u00ed obecn\u00edho \u00fa\u0159adu v dob\u011b protektor\u00e1tu<\/p><\/div>\n<p>Vyhl\u00e1\u0161en\u00ed druh\u00e9 sv\u011btov\u00e9 v\u00e1lky se neblaze projevilo i v \u017eivot\u011b na\u0161\u00ed obce. Postupn\u011b byly rozpu\u0161t\u011bny politick\u00e9 strany, zak\u00e1z\u00e1ny sportovn\u00ed organizace Sokol a DTJ, jedinou mo\u017enost\u00ed z\u00e1bavy z\u016fstalo v obci kino. V provozu z\u016fstalo dostihov\u00e9ho z\u00e1vodi\u0161t\u011b, kter\u00e9 bylo jednou z m\u00e1la mo\u017enost\u00ed kulturn\u00edho vy\u017eit\u00ed ob\u010dan\u016f Prahy, ikdy\u017e pod n\u011bmeck\u00fdm dohledem. N\u011bmci ovl\u00e1dli Jockey club i v\u011bt\u0161inu st\u00e1j\u00ed. Do\u0161lo dokonce k p\u0159ejmenov\u00e1n\u00ed n\u011bkter\u00fdch kon\u00ed (bl\u00ed\u017ee v kapitole o dostihov\u00e9m z\u00e1vodi\u0161ti). Obyvatelstvo si postupn\u011b muselo zvykat na p\u0159\u00edd\u011blov\u00fd syst\u00e9m\u00a0 (zbo\u017e\u00ed se vyd\u00e1valo na z\u00e1klad\u011b pouk\u00e1zek \u2013 chlebenek, taba\u010denek, m\u00fddlenek apod.).<\/p>\n<p>Ihned po vzniku protektor\u00e1tu do\u0161lo i v\u00a0na\u0161\u00ed obci k\u00a0tzv. <strong>akci Gitter (M\u0159\u00ed\u017ee),<\/strong> kter\u00e1 p\u0159edstavovala p\u0159edveden\u00ed a zat\u010den\u00ed v\u0161ech podez\u0159el\u00fdch osob \u2013 zejm\u00e9na komunist\u016f i n\u011bmeck\u00fdch emigrant\u016f a byla uk\u00e1zkou toho, jak dalece je \u010desk\u00fd policejn\u00ed apar\u00e1t schopen spolupracovat s\u00a0nacistickou spr\u00e1vou. Ve Velk\u00e9 Chuchli bylo zat\u010deno p\u011bt osob \u2013 Anton\u00edn Dorschner, Bohumil Dvo\u0159\u00e1k, Josef Chrastil, Anton\u00edn Zourek a Jan Zrzav\u00fd. Byli propu\u0161t\u011bni po \u0161esti dnech a po zbytek v\u00e1lky sledov\u00e1ni. M\u011bli \u0161t\u011bst\u00ed, \u0159ada jejich komunistick\u00fdch koleg\u016f byla odvle\u010dena do koncentra\u010dn\u00edch t\u00e1bor\u016f.<\/p>\n<p>O p\u016fl roku pozd\u011bji<strong> p\u0159i poh\u0159bu Jana Opletala<\/strong> do\u0161lo k\u00a0hromadn\u00e9mu zat\u00fdk\u00e1n\u00ed student\u016f. Mezi nimi byl i chuchelsk\u00fd student medic\u00edny Jaroslav Tauchman, kter\u00fd se jako \u010dlen Hl\u00e1vkovy koleje iniciativn\u011b \u00fa\u010dastnil demonstrace 28. \u0159\u00edjna 1939 a p\u0159i poh\u0159bu Jana Opletala \u0161el spole\u010dn\u011b s\u00a0dal\u0161\u00edmi kolegy v\u00a0\u010dele pr\u016fvodu s\u00a0v\u011bncem Hl\u00e1vkovy koleje. Nad r\u00e1nem 17. listopadu 1939 byl zat\u010den a n\u00e1sleduj\u00edc\u00ed t\u0159i roky pro\u017eil v\u00a0koncentra\u010dn\u00edm t\u00e1bo\u0159e Sachsenhausenu. Propu\u0161t\u011bn byl 20. dubna 1942 a zbytek v\u00e1lky p\u016fsobil jako medik u chuchelsk\u00e9ho l\u00e9ka\u0159e MUDr. Seeh\u00e1ka (po v\u00e1lce dostudoval medic\u00ednu a pracoval jako obvodn\u00ed l\u00e9ka\u0159 v\u00a0Horn\u00edm Ji\u0159et\u00edn\u011b u Mostu).<\/p>\n<p>Odbojov\u00e9 \u010dinnosti v\u00a0pr\u016fb\u011bhu druh\u00e9 sv\u011btov\u00e9 v\u00e1lky se \u00fa\u010dastnilo mnoho chuchelsk\u00fdch ob\u010dan\u016f. Zcela zapomenut je u\u017e dnes osud Luisy Reichmannov\u00e9, kter\u00e1 p\u016fsobila <strong>v\u00a0Obran\u011b n\u00e1roda<\/strong>. Poch\u00e1zela z\u00a0n\u011bmeck\u00e9 rodiny a do Chuchle se p\u0159est\u011bhovala v\u00a0roce 1938 po obsazen\u00ed pohrani\u010d\u00ed. Jej\u00ed man\u017eel byl v\u00a0roce 1939 donucen z\u00a0rasov\u00fdch a politick\u00fdch d\u016fvod\u016f v\u00a0kv\u011btnu 1939 opustit republiku, kde se potom v\u00a0Anglii zapojil do zahrani\u010dn\u00edho odboje. Luisa Reichmannov\u00e1 s\u00a0n\u00edm z\u016fstala ve styku a spole\u010dn\u011b s\u00a0redaktorem V\u00e1vrou mu do zahrani\u010d\u00ed zas\u00edlala zpr\u00e1vy o aktivit\u00e1ch nacist\u016f na \u00fazem\u00ed protektor\u00e1tu. Jako pracovnice Eskomptn\u00ed banky m\u011bla p\u0159\u00edstup k\u00a0tajn\u00fdm hospod\u00e1\u0159sk\u00fdm a politick\u00fdm materi\u00e1l\u016fm. Po prozrazen\u00ed aktivit Obrany n\u00e1roda byla 20. srpna 1940 ve sv\u00e9m byt\u011b ve Velk\u00e9 Chuchli zat\u010dena a uv\u011bzn\u011bna ve v\u011bznici Gotteszell. 11. \u010dervna 1942 byla v\u00a0Berl\u00edn\u011b odsouzena k\u00a0trestu smrti a 18. prosince t\u00e9ho\u017e roku popravena spole\u010dn\u011b s\u00a0n\u011bkter\u00fdmi \u010dleny skupiny nazvan\u00e9 v\u00a0aktech Gestapa (n\u011bmeck\u00e9 tajn\u00e9 policie) \u201eJaro\u0161 a spol.\u201c<\/p>\n<p>V\u00a0z\u00e1v\u011bru roku 1941 vzru\u0161ila ob\u010dany Chuchle tzv. \u201e<strong>benz\u00ednov\u00e1 af\u00e9ra\u201c.<\/strong> Souvisela s\u00a0hospoda\u0159en\u00edm s\u00a0benz\u00ednem, kter\u00fd byl v\u00a0dob\u011b v\u00e1lky strategickou surovinou a t\u00edm p\u00e1dem N\u011bmci velmi kontrolovanou. Po n\u00e1stupu R. Heydricha do\u0161lo k\u00a0hospod\u00e1\u0159sk\u00fdm kontrol\u00e1m a zji\u0161t\u011bn\u00ed \u010dern\u00e9ho odb\u011bru benzinu. Z\u00a0tohoto deliktu byli usv\u011bd\u010deni zam\u011bstnanci Waltrova zahradnictv\u00ed, konkr\u00e9tn\u011b byl 9. \u0159\u00edjna 1941 zat\u010den Franti\u0161ek Molhanec jako prokurista firmy. N\u011bjakou dobu byl v\u011bzn\u011bn na Pankr\u00e1ci, v\u00a0Terez\u00edn\u011b, a\u017e byl odvezen do koncentra\u010dn\u00edho t\u00e1bora Mauthausen, kde na po\u010d\u00e1tku roku 1942 zem\u0159el, stejn\u011b jako dal\u0161\u00ed ob\u010dan Jaroslav Ma\u0161ek.<\/p>\n<p>Na dobu pobytu v\u00a0koncentra\u010dn\u00edm t\u00e1bo\u0159e\u00a0 vzpom\u00ednala po letech man\u017eelka Franti\u0161ka Molhance: <em>\u201eV\u011bd\u011bla jsem, \u017ee bal\u00ed\u010dky nebyly v\u011bz\u0148\u016fm v\u00a0po\u0159\u00e1dku p\u0159ed\u00e1v\u00e1ny p\u0159esto, \u017ee se do nich vkl\u00e1daly seznamy v\u011bc\u00ed. N\u00e1\u0161 \u0159idi\u010d d\u011bkoval ku p\u0159\u00edkladu za cigarety, kter\u00e9 v\u00a0bal\u00ed\u010dku v\u016fbec nem\u011bl. Man\u017eel mi tehdy tak\u00e9 napsal, \u017ee p\u0159eje na\u0161emu psovi (uvedl v\u00a0dopise jeho jm\u00e9no a n\u011bmeck\u00e1 cenzura z\u00a0toho nepoznala, \u017ee jde o psa) jeho dobr\u00e9 bydlen\u00ed a dobrou stravu. Tak tam s\u00a0nimi bylo zach\u00e1zeno. Pozd\u011bji jsme zjistili, \u017ee man\u017eel m\u011bl na kart\u011b pozn\u00e1mku \u2013 n\u00e1vrat ne\u017e\u00e1douc\u00ed.<\/em><\/p>\n<p><em>V\u00a0b\u0159eznu 1942 jsem dostala zp\u011bt pen\u00edze, kter\u00e9 jsem man\u017eelovi poslala. Na pouk\u00e1zce bylo naps\u00e1no, \u017ee adres\u00e1t zem\u0159el. Potom tak\u00e9 p\u0159i\u0161la \u00fa\u0159edn\u00ed zpr\u00e1va, datum \u00famrt\u00ed v\u0161ak bylo jin\u00e9. \u00damrtn\u00ed list jsem si vy\u017e\u00e1dala, urnu, za kterou cht\u011blo Gestapo 5000 K\u00a0v\u0161ak nikoliv. Tehdy se ji\u017e v\u011bd\u011blo, \u017ee v\u011bz\u0148ov\u00e9 jsou hromadn\u011b spalov\u00e1ni.\u201c<\/em><\/p>\n<p>Nejz\u0159eteln\u011bji se v\u00e1le\u010dn\u00e9 obdob\u00ed dotklo <strong>obyvatel \u017eidovsk\u00e9ho p\u016fvodu.<\/strong> Z\u00a0Mal\u00e9 i Velk\u00e9 Chuchle z\u00a0t\u011bchto d\u016fvodu nastoupilo do transportu celkem 22 obyvatel, mezi nimi i dvoum\u011bs\u00ed\u010dn\u00ed kojenec.<\/p>\n<p><strong>Chuchle v\u0161ak i b\u011bhem protektor\u00e1tu \u017eila sv\u00fdm \u017eivotem.<\/strong> V\u00a0budov\u011b \u0161koly byla otev\u0159ena mate\u0159sk\u00e1 \u0161kola a 22. \u00fanora 1940 se po mnohalet\u00e9m \u00fasil\u00ed poda\u0159ilo kone\u010dn\u011b otev\u0159\u00edt trvalou \u017eelezni\u010dn\u00ed zast\u00e1vku Velk\u00e1 Chuchle. N\u00e1stupi\u0161t\u011b ve sm\u011bru do Prahy se nach\u00e1zelo p\u0159ibli\u017en\u011b v\u00a0\u00farovni restaurace Start a k\u0159i\u017eovatky dne\u0161n\u00edch ulic Dostihov\u00e1 a Mezichuchelsk\u00e1, na druh\u00e9 stran\u011b pak pod restaurac\u00ed \u201eU T\u016fm\u016f\u201c. Sou\u010dasn\u011b byla uzav\u0159en druh\u00fd \u017eelezni\u010dn\u00ed p\u0159ejezd ve Velk\u00e9 Chuchli (bl\u00ed\u017ee k\u00a0Mal\u00e9 Chuchli) a zast\u00e1vka v\u00a0Mal\u00e9 Chuchli. Povode\u0148 v\u00a0roce 1940 zaplavila h\u0159i\u0161t\u011b \u010cechoslovanu, dostihov\u00e9 z\u00e1vodi\u0161t\u011b i okoln\u00ed domy a zp\u016fsobila \u0161kodu\u00a0 kolem 2 mil. K\u00a0V\u00a0l\u00e9t\u011b t\u00e9ho\u017e roku byla zru\u0161ena a zavezena \u00favozov\u00e1 cesta od \u010dp. 165 k\u00a0\u010dp 191 (dnes ji p\u0159ipom\u00edn\u00e1 pouze ulice V\u00a0\u00davoze), na m\u00edstn\u00edm mrchovi\u0161ti pl\u00e1noval okresn\u00ed \u00fa\u0159ad Praha \u2013 Jih postavit chudobinec. V\u00a0roce 1942 byl z\u0159\u00edzen obecn\u00ed rozhlas, a na K\u0159i\u017eovatce zru\u0161en \u00fa\u0159ad potravn\u00ed dan\u011b. V\u00a0roce 1943 byl sesazen starosta Anton\u00edn Vokurka, nahradil ho Josef Kl\u00e1n (podrobn\u011bji o tom p\u00ed\u0161eme na jin\u00e9 stran\u011b knihy) a rozpo\u010det obce poprv\u00e9 v\u00a0historii p\u0159esahuje jeden milion korun. Sou\u010dasn\u011b byla z\u0159\u00edzena poradna pro matky a d\u011bti a SK \u010cechoslovanu Chuchle a Hockey clubu Velk\u00e1 Chuchle byly obc\u00ed ud\u011bleny dotace po 500 K\u00a0s\u00a0t\u00edm, \u017ee jim bude sv\u011b\u0159ena \u201eKuratoriem\u201c (nacistickou organizac\u00ed) \u010d\u00e1st v\u00fdchovy ml\u00e1de\u017ee. O rok pozd\u011bji se sch\u016fze obecn\u00edho zastupitelstva omezuj\u00ed pouze na rozpo\u010dtov\u00e9 debaty. Rozhodnuto bylo pouze o p\u0159esn\u00e9m m\u011b\u0159en\u00ed chuchelsk\u00e9ho katastru. Na chuchelsk\u00e9m z\u00e1vodi\u0161ti se b\u011bhaj\u00ed dostihy bez div\u00e1k\u016f, ti je sleduj\u00ed z\u00a0okoln\u00edch kopc\u016f.<\/p>\n<p>&nbsp;<\/p>\n<p>&nbsp;<\/p>\n<p>&nbsp;<\/p>\n<p>&nbsp;<\/p>\n","protected":false},"excerpt":{"rendered":"<p>Vyhl\u00e1\u0161en\u00ed druh\u00e9 sv\u011btov\u00e9 v\u00e1lky se neblaze projevilo i v \u017eivot\u011b na\u0161\u00ed obce. Postupn\u011b byly rozpu\u0161t\u011bny politick\u00e9 strany, zak\u00e1z\u00e1ny sportovn\u00ed organizace Sokol a DTJ, jedinou mo\u017enost\u00ed z\u00e1bavy z\u016fstalo v obci kino. V provozu z\u016fstalo dostihov\u00e9ho z\u00e1vodi\u0161t\u011b, kter\u00e9 bylo jednou z m\u00e1la &hellip; <a href=\"https:\/\/regionplus.cz\/chuchle\/historie\/chuchle-za-protektoratu\/\">Cel\u00fd p\u0159\u00edsp\u011bvek <span class=\"meta-nav\">&rarr;<\/span><\/a><\/p>\n","protected":false},"author":1,"featured_media":0,"parent":173,"menu_order":-18,"comment_status":"closed","ping_status":"closed","template":"","meta":{"footnotes":""},"class_list":["post-201","page","type-page","status-publish","hentry"],"_links":{"self":[{"href":"https:\/\/regionplus.cz\/chuchle\/wp-json\/wp\/v2\/pages\/201","targetHints":{"allow":["GET"]}}],"collection":[{"href":"https:\/\/regionplus.cz\/chuchle\/wp-json\/wp\/v2\/pages"}],"about":[{"href":"https:\/\/regionplus.cz\/chuchle\/wp-json\/wp\/v2\/types\/page"}],"author":[{"embeddable":true,"href":"https:\/\/regionplus.cz\/chuchle\/wp-json\/wp\/v2\/users\/1"}],"replies":[{"embeddable":true,"href":"https:\/\/regionplus.cz\/chuchle\/wp-json\/wp\/v2\/comments?post=201"}],"version-history":[{"count":6,"href":"https:\/\/regionplus.cz\/chuchle\/wp-json\/wp\/v2\/pages\/201\/revisions"}],"predecessor-version":[{"id":1171,"href":"https:\/\/regionplus.cz\/chuchle\/wp-json\/wp\/v2\/pages\/201\/revisions\/1171"}],"up":[{"embeddable":true,"href":"https:\/\/regionplus.cz\/chuchle\/wp-json\/wp\/v2\/pages\/173"}],"wp:attachment":[{"href":"https:\/\/regionplus.cz\/chuchle\/wp-json\/wp\/v2\/media?parent=201"}],"curies":[{"name":"wp","href":"https:\/\/api.w.org\/{rel}","templated":true}]}}