{"id":199,"date":"2021-10-02T23:38:04","date_gmt":"2021-10-02T21:38:04","guid":{"rendered":"http:\/\/regionplus.cz\/chuchle\/?page_id=199"},"modified":"2024-07-03T22:44:35","modified_gmt":"2024-07-03T20:44:35","slug":"v-dobe-prvni-republiky","status":"publish","type":"page","link":"https:\/\/regionplus.cz\/chuchle\/historie\/v-dobe-prvni-republiky\/","title":{"rendered":"V dob\u011b prvn\u00ed republiky"},"content":{"rendered":"<p>Rozd\u011blen\u00edm vstoupily Mal\u00e1 i Velk\u00e1 Chuchle do nov\u00e9ho obdob\u00ed sv\u00e9 historie. Mal\u00e1 Chuchle z\u016fstala omezena svoj\u00ed z\u00e1stavbou, Velk\u00e1 Chuchle se naopak za\u010dala rozv\u00edjet a sv\u016fj ofici\u00e1ln\u00ed n\u00e1zev \u201eVelk\u00e1 Chuchle dostala potvrzen\u00fd Ministerstvem vnitra \u010cSR 2. kv\u011btna 1923.<\/p>\n<p>Velk\u00e1 Chuchle se musela ve dvac\u00e1t\u00fdch letech pot\u00fdkat se zna\u010dn\u00fdmi probl\u00e9my s m\u00edstn\u00ed infrastrukturou. 1. b\u0159ezna 1921 se dohodla s panem Cz\u00e1kem z \u010dp. 20 na pron\u00e1jmu jeho studny pro \u00fa\u010dely obce. To v\u0161ak probl\u00e9m dlouhodob\u00e9ho nedostatku vody v obci nevy\u0159e\u0161ilo.<\/p>\n<p>Dvac\u00e1t\u00e1 l\u00e9ta p\u0159inesla obci tak\u00e9 zaveden\u00ed elekt\u0159iny (1926), vodovodu, autobusov\u00e9 dopravy (1927) a p\u0159\u00edprav na od\u0161kolen\u00ed od Mal\u00e9 Chuchle.<\/p>\n<p>&nbsp;<\/p>\n<p>15. \u010dervence 1928 se konala pod patron\u00e1tem m\u00edstn\u00ed odbo\u010dky \u010ceskoslovensk\u00e9 obce legion\u00e1\u0159sk\u00e9 slavnost s\u00e1zen\u00ed L\u00edpy svobody. 500 K\u010d &#8211; v\u00fdt\u011b\u017eek ze slavnosti v\u011bnovali po\u0159adatel\u00e9 na po\u0159\u00edzen\u00ed desek padl\u00fdch v 1. sv\u011btov\u00e9 v\u00e1lce, kter\u00e9 byly um\u00edst\u011bny na pr\u016f\u010del\u00ed \u0161koln\u00ed budovy. (L\u00edpa roste dosud na pozemku z\u00e1kladn\u00ed \u0161koly.)<\/p>\n<p>Rozvoj za\u017e\u00edvaly i spolky. V roce 1919 vznikla ve Velk\u00e9 Chuchli D\u011blnick\u00e1 t\u011blocvi\u010dn\u00e1 jednota. V roce 1922 byla postavena Sokolovna (obec podpo\u0159ila bez\u00faro\u010dnou p\u016fj\u010dkou na 20 000 K\u010d se splatnost\u00ed deset let), v roce 1926 vznikl Sportovn\u00ed klub \u010cechoslovan Chuchle, svoji \u010dinnost vyv\u00edjeli myslivci, bar\u00e1\u010dn\u00edci, \u010derven\u00fd k\u0159\u00ed\u017e a mno\u017estv\u00ed dal\u0161\u00edch spolk\u016f. V roce 1926 byl povolen provoz legion\u00e1\u0159sk\u00e9ho biografu. Dostihov\u00e9 z\u00e1vodi\u0161t\u011b brzy po vzniku \u010ceskoslovenska obnovilo \u010dinnost, a tak \u010ceskoslovensk\u00fd jockey club v roce 1921 mohl vypsat prvn\u00ed ro\u010dn\u00edk presti\u017en\u00edho derby dostihu.<\/p>\n<p>Komunikace \u2013 2. dubna 1926 byla betonov\u00e1na a asfaltov\u00e1na st\u00e1tn\u00ed silnice na Zbraslav.<\/p>\n<p>T\u0159ic\u00e1t\u00e1 l\u00e9ta byla ve Velk\u00e9 Chuchli poznamen\u00e1na stavbou a otev\u0159en\u00edm obecn\u00ed \u0161koly (1933), kter\u00e1 dosud obci chyb\u011bla, zv\u00fd\u0161enou nezam\u011bstnanost\u00ed a zvy\u0161uj\u00edc\u00ed se obavou z nacismu. V roce 1934 bylo rozhodnuto o roz\u0161\u00ed\u0159en\u00ed obecn\u00edho h\u0159bitova, v polovin\u011b t\u0159ic\u00e1t\u00fdch let vznikla v obci \u010detnick\u00e1 stanice, ne\u00fasp\u011b\u0161n\u011b prob\u00edhala jedn\u00e1n\u00ed o z\u0159\u00edzen\u00ed \u017eelezni\u010dn\u00ed zast\u00e1vky (provizorn\u011b od r. 1906 slou\u017eila pouze o sobot\u00e1ch a ned\u011bl\u00edch pro n\u00e1v\u0161t\u011bvn\u00edky dostih\u016f). V roce 1934 bylo rozhodnuto o vydl\u00e1\u017ed\u011bn\u00ed hlavn\u00ed ulice vedouc\u00ed centrem obce a zbour\u00e1n\u00ed budovy obecn\u00edho \u00fa\u0159adu (\u010dp. 6). 24. z\u00e1\u0159\u00ed t\u00e9ho\u017e roku zavedla obec poplatek\u00a0 za psa. Majitel\u00e9 ps\u00edch mil\u00e1\u010dk\u016f m\u011bli platit od 1.1.1935 20 K\u010d za psa hl\u00eddac\u00edho a 100 K\u010d za psa luxusn\u00edho. V letech 1934 \u2013 1935 byla prokop\u00e1na v r\u00e1mci nouzov\u00fdch prac\u00ed silnice na Hv\u011bzd\u00e1rnu a do Lochkova.<\/p>\n<p>11. \u010dervna 1935 do\u0161lo k \u017eiveln\u00ed pohrom\u011b, kdy po velmi parn\u00e9m dnu nastala pr\u016ftr\u017e mra\u010den. Nejv\u00edce vody se p\u0159ivalilo \u010cernou rokl\u00ed. Voda zaplavila podle chuchelsk\u00e9 kroniky domek pana Cihl\u00e1\u0159e. Zasahovat museli chuchel\u0161t\u00ed hasi\u010di. Mno\u017estv\u00ed vody tekouc\u00ed Vrutic\u00ed a un\u00e1\u0161en\u00e9ho bahna ucpalo propustek pod \u017eelezni\u010dn\u00ed trat\u00ed a voda se hrnula p\u0159es koleje.<\/p>\n<p>Pr\u016fb\u011b\u017en\u011b se dostavoval nedostatek pitn\u00e9 vody. Prameny pod kopcem Trpcem byly m\u00e9n\u011b vydatn\u00e9, a tak obec hledala dal\u0161\u00ed mo\u017enosti z\u00e1sobov\u00e1n\u00ed touto \u017eivotad\u00e1rnou tekutinou. Nakonec bylo rozhodnuto zakoupit pozemek na z\u00e1vodi\u0161ti, kde byla vybudov\u00e1na studna a v roce 1936 zji\u0161t\u011bno, \u017ee pramen je velmi vydatn\u00fd a pln\u011b dosta\u010duj\u00edc\u00ed pot\u0159eb\u00e1m vzr\u016fstaj\u00edc\u00ed obce. V t\u00e9m\u017ee roce bylo usneseno prop\u016fj\u010dit pozemek, kde st\u00e1l p\u016fvodn\u011b obecn\u00ed \u00fa\u0159ad (\u010dp. 7) Komit\u00e9tu pro postaven\u00ed pomn\u00edku Anton\u00ednu \u0160vehlovi (n\u011bkdej\u0161\u00edmu ministersk\u00e9mu p\u0159edsedovi) a byla vydl\u00e1\u017ed\u011bna \u017eulov\u00fdmi kostkami dne\u0161n\u00ed ulice Starochuchelsk\u00e1.<\/p>\n<ol start=\"13\">\n<li>\u010dervence 1936 byl zah\u00e1jen z na\u0159\u00edzen\u00ed okresn\u00edho \u00fa\u0159adu ve Velk\u00e9 Chuchli kurs protileteck\u00e9 obrany veden\u00fd zdej\u0161\u00edm obvodn\u00edm l\u00e9ka\u0159em MUDr. Seeh\u00e1kem. Kurzu se \u00fa\u010dastnilo 46 \u017een a 8 mu\u017e\u016f. 9. srpna 1936 byl uspo\u0159\u00e1d\u00e1n z podn\u011btu \u201ePrvn\u00ed vlasteneck\u00e9 dobro\u010dinn\u00e9 obce Bar\u00e1\u010dn\u00edk\u016f Jana \u017di\u017eky z Trocnova\u201c ve Velk\u00e9 Chuchli Den brannosti pod patron\u00e1tem ministra obrany a prim\u00e1tora Prahy.<\/li>\n<\/ol>\n<p>V roce 1936 bylo obnoveno \u201eV Dol\u00edch\u201c\u00a0 l\u00e1m\u00e1n\u00ed v\u00e1pence a ve star\u00e9 v\u00e1pence p\u00e1len\u00ed v\u00e1pna, koncesi z\u00edskala Marie \u0160uranov\u00e1, v z\u00e1\u0159\u00ed t\u00e9ho\u017e roku z\u00edskal koncesi k provozov\u00e1n\u00ed poh\u0159ebn\u00edho \u00fastavu ve Velk\u00e9 Chuchli Ladislav Sch\u00f6nbach (budovu na K\u0159i\u017eovatce, kter\u00e1 pozd\u011bji slou\u017eila jako zdravotn\u00ed st\u0159edisko a dnes je zde veterin\u00e1rn\u00ed o\u0161et\u0159ovna, postavil o rok pozd\u011bji).<\/p>\n<p>V roce 1937 byla d\u00e1na do provozu nov\u00e1 budova potravn\u00ed dan\u011b na K\u0159i\u017eovatce (vzala za sv\u00e9 p\u0159i roz\u0161i\u0159ov\u00e1n\u00ed silnice v 60. letech). Dne 6. \u010dervna byl p\u0159i ok\u00e1zal\u00e9 slavnosti polo\u017een z\u00e1kladn\u00ed k\u00e1men k pomn\u00edku Anton\u00edna \u0160vehly a sou\u010dasn\u011b zasazeny Masarykova a Bene\u0161ova l\u00edpa, 26. a 27. \u010dervna p\u0159ipomenuta p\u0159i slavnosti v\u0161emi m\u00edstn\u00edmi spolky 20. v\u00fdro\u010d\u00ed bitvy u Zborova. 5. z\u00e1\u0159\u00ed byl slavnostn\u011b odhalen pomn\u00edk Anton\u00edna \u0160vehly.<\/p>\n<p>V roce 1937 byla d\u00e1na do provozu nov\u00e1 budova potravn\u00ed dan\u011b na K\u0159i\u017eovatce (vzala za sv\u00e9 p\u0159i roz\u0161i\u0159ov\u00e1n\u00ed silnice v 60. letech). Dne 6. \u010dervna byl p\u0159i ok\u00e1zal\u00e9 slavnosti polo\u017een z\u00e1kladn\u00ed k\u00e1men k pomn\u00edku Anton\u00edna \u0160vehly a sou\u010dasn\u011b zasazeny Masarykova a Bene\u0161ova l\u00edpa, 26. a 27. \u010dervna p\u0159ipomenuto p\u0159i slavnosti v\u0161emi m\u00edstn\u00edmi spolky 20. v\u00fdro\u010d\u00ed bitvy u Tvorova a 5. z\u00e1\u0159\u00ed byl slavnostn\u011b odhalen pomn\u00edk Anton\u00edna \u0160vehly.<\/p>\n<p>D\u011bn\u00ed ve Velk\u00e9 Chuchli ovlivnila v\u00a0roce 1938 politick\u00e1 situace a v\u00e1le\u010dn\u00e1 hrozba hitlerovsk\u00e9ho N\u011bmecka. Ve dnech 20. \u2013 21. kv\u011btna p\u0159i \u010d\u00e1ste\u010dn\u00e9 mobilizaci nastoupilo do slu\u017eby 45 z\u00e1lo\u017e\u00e1k\u016f. Druh\u00fd den mobilizace projelo obc\u00ed mnoho vojska v\u00a0automobilech i mal\u00fdch tanc\u00edch. Pobl\u00ed\u017e Slivence sm\u011brem k\u00a0Hlubo\u010dep\u016fm byly um\u00edst\u011bny v\u00a0dob\u0159e kryt\u00e9m postaven\u00ed protileteck\u00e9 baterie k\u00a0ochran\u011b Prahy.<\/p>\n<p>V\u00a0t\u00e9 dob\u011b m\u011bla obec dva zam\u011bstnance \u2013 obecn\u00edho tajemn\u00edka Vojtu Choduru (vyst\u0159\u00eddal v\u00a0tom roce zem\u0159el\u00e9ho dlouholet\u00e9ho tajemn\u00edka Eduarda Jen\u00ed\u010dka) a obecn\u00edho str\u00e1\u017en\u00edka Anton\u00edna \u010cumrdu. Rovn\u011b\u017e se konaly i volby do obecn\u00edho zastupitelstva. Voli\u010di si mohli vyb\u00edrat z\u00a0rekordn\u00edch dev\u00edti kandid\u00e1tek a hlasovali ve dvou okrsc\u00edch, prvn\u00ed m\u011bl s\u00eddlo v\u00a0restauraci \u201eU Hole\u010dk\u016f\u201c, druh\u00fd v\u00a0restauraci \u201eU T\u016fm\u016f\u201c. Starostou v\u00a017 \u010dlenn\u00e9m zastupitelstvu byl zvolen Rudolf Langer. 8. srpna se konala oslava 45. v\u00fdro\u010d\u00ed vzniku Sboru dobrovoln\u00fdch hasi\u010d\u016f. 14. srpna byly slavnostn\u011b odhaleny pam\u011btn\u00ed desky na \u0161kole se jm\u00e9ny ob\u011bt\u00ed 1. sv\u011btov\u00e9 v\u00e1lky.<\/p>\n<p>Druh\u00e1 polovina roku zost\u0159ila je\u0161t\u011b situaci a obavy obyvatelstva natolik, \u017ee v\u00a0m\u00edstn\u00edch obchodech do\u0161lo ke skupov\u00e1n\u00ed potravin,\u00a0 m\u00edstn\u00ed civiln\u00ed obrana prov\u00e1d\u011bla \u010dast\u00e1 zatem\u0148ovac\u00ed cvi\u010den\u00ed a v\u00a0\u0159ad\u011b dom\u016f byly z\u0159izov\u00e1ny protileteck\u00e9 kryty nebo na zahrad\u00e1ch \u00fazk\u00e9 lomen\u00e9 z\u00e1kopy a d\u016fle\u017eit\u00fdm vybaven\u00edm ka\u017ed\u00e9 rodiny byly plynov\u00e9 masky. V\u00a0t\u00e9to pochmurn\u00e9 dob\u011b dorazil do obce 24. z\u00e1\u0159\u00ed ve 4,30 hod. r\u00e1no\u00a0 posel s\u00a0mobiliza\u010dn\u00ed vyhl\u00e1\u0161kou. V\u00a0t\u00e9 dob\u011b v\u0161ak ji\u017e v\u0161ech 109 z\u00e1lo\u017en\u00edk\u016f (d\u016fstojn\u00edky nepo\u010d\u00edtaje) bylo ji\u017e d\u00e1vno na cest\u011b ke sv\u00fdm jednotk\u00e1m, proto\u017ee o mobilizaci se dozv\u011bd\u011bli z\u00a0r\u00e1dia. Nav\u00edc z\u00a0na\u0161\u00ed obce bylo mobilizov\u00e1no tak\u00e9 dvacet kus\u016f ta\u017en\u00fdch kon\u00ed. Jak\u00e1 byla atmosf\u00e9ra po pozd\u011bj\u0161\u00edm n\u00e1vratu voj\u00e1k\u016f a \u00a0podeps\u00e1n\u00ed Mnichovsk\u00e9 dohody (noc z\u00a029. na 30. z\u00e1\u0159\u00ed 1938), ilustruje z\u00e1pis v\u00a0chuchelsk\u00e9 kronice: <em>\u201ePo neblah\u00e9m opu\u0161t\u011bn\u00ed na\u0161eho st\u00e1tu z\u00e1padn\u00edmi spojenci a po tvrd\u00e9m rozhodnut\u00ed mnichovsk\u00e9 konference v\u00a0neprosp\u011bch na\u0161eho st\u00e1tu odtr\u017een\u00edm sudetsk\u00e9ho \u00fazem\u00ed, bylo vid\u011bti t\u00e9m\u011b\u0159 na v\u0161ech tv\u00e1\u0159\u00edch na\u0161ich ob\u010dan\u016f, hodlaj\u00edc\u00edch p\u0159in\u00e9st pro vlast ka\u017edou ob\u011b\u0165, smutek a rozho\u0159\u010den\u00ed. Hlou\u010dky ob\u010dan\u016f je\u0161t\u011b kolik dn\u00ed po\u010d\u00edn\u00e1n\u00ed spojenc\u016f ne p\u0159\u00edli\u0161 vybran\u00fdmi slovy odsuzovali.\u201c<\/em><\/p>\n<p>I politick\u00e9 ud\u00e1losti n\u00e1sleduj\u00edc\u00edho roku m\u011bly odraz v\u00a0na\u0161\u00ed obci. 16. b\u0159ezna v\u00a0souvislosti s\u00a0vyhl\u00e1\u0161en\u00edm Protektor\u00e1tu \u010cechy a Morava proj\u00ed\u017ed\u011bly na\u0161\u00ed obc\u00ed od 16. do 19. hodiny jednotky n\u011bmeck\u00e9ho Wehrmachtu.<\/p>\n","protected":false},"excerpt":{"rendered":"<p>Rozd\u011blen\u00edm vstoupily Mal\u00e1 i Velk\u00e1 Chuchle do nov\u00e9ho obdob\u00ed sv\u00e9 historie. Mal\u00e1 Chuchle z\u016fstala omezena svoj\u00ed z\u00e1stavbou, Velk\u00e1 Chuchle se naopak za\u010dala rozv\u00edjet a sv\u016fj ofici\u00e1ln\u00ed n\u00e1zev \u201eVelk\u00e1 Chuchle dostala potvrzen\u00fd Ministerstvem vnitra \u010cSR 2. kv\u011btna 1923. Velk\u00e1 Chuchle se &hellip; <a href=\"https:\/\/regionplus.cz\/chuchle\/historie\/v-dobe-prvni-republiky\/\">Cel\u00fd p\u0159\u00edsp\u011bvek <span class=\"meta-nav\">&rarr;<\/span><\/a><\/p>\n","protected":false},"author":1,"featured_media":0,"parent":173,"menu_order":-19,"comment_status":"closed","ping_status":"closed","template":"","meta":{"footnotes":""},"class_list":["post-199","page","type-page","status-publish","hentry"],"_links":{"self":[{"href":"https:\/\/regionplus.cz\/chuchle\/wp-json\/wp\/v2\/pages\/199","targetHints":{"allow":["GET"]}}],"collection":[{"href":"https:\/\/regionplus.cz\/chuchle\/wp-json\/wp\/v2\/pages"}],"about":[{"href":"https:\/\/regionplus.cz\/chuchle\/wp-json\/wp\/v2\/types\/page"}],"author":[{"embeddable":true,"href":"https:\/\/regionplus.cz\/chuchle\/wp-json\/wp\/v2\/users\/1"}],"replies":[{"embeddable":true,"href":"https:\/\/regionplus.cz\/chuchle\/wp-json\/wp\/v2\/comments?post=199"}],"version-history":[{"count":4,"href":"https:\/\/regionplus.cz\/chuchle\/wp-json\/wp\/v2\/pages\/199\/revisions"}],"predecessor-version":[{"id":1096,"href":"https:\/\/regionplus.cz\/chuchle\/wp-json\/wp\/v2\/pages\/199\/revisions\/1096"}],"up":[{"embeddable":true,"href":"https:\/\/regionplus.cz\/chuchle\/wp-json\/wp\/v2\/pages\/173"}],"wp:attachment":[{"href":"https:\/\/regionplus.cz\/chuchle\/wp-json\/wp\/v2\/media?parent=199"}],"curies":[{"name":"wp","href":"https:\/\/api.w.org\/{rel}","templated":true}]}}