{"id":198,"date":"2021-10-02T23:56:17","date_gmt":"2021-10-02T21:56:17","guid":{"rendered":"http:\/\/regionplus.cz\/chuchle\/?page_id=198"},"modified":"2023-11-22T23:41:43","modified_gmt":"2023-11-22T22:41:43","slug":"delnicka-telocvicna-jednota","status":"publish","type":"page","link":"https:\/\/regionplus.cz\/chuchle\/spolky\/delnicka-telocvicna-jednota\/","title":{"rendered":"D\u011blnick\u00e1 t\u011blocvi\u010dn\u00e1 jednota"},"content":{"rendered":"<p>Zemsk\u00fd \u00fa\u0159ad v\u00a0Praze vzal na v\u011bdom\u00ed 29. \u010dervence 1919, \u017ee vznikla D\u011blnick\u00e1 t\u011blocvi\u010dn\u00e1 jednota Velk\u00e1 Chuchle.<\/p>\n<p>\u017de \u010dinnost jednoty nebyla jednoduch\u00e1, o tom hovo\u0159\u00ed dal\u0161\u00ed dokument datovan\u00fd rokem 1926.\u00a0 V\u00e1clav Absolon (tehdej\u0161\u00ed starosta jednoty) a Josef Saka\u0159 (jednatel spolku) informuj\u00ed dopisem Okresn\u00ed spr\u00e1vu politickou, \u017ee DTJ Velk\u00e1 Chuchle do\u010dasn\u011b p\u0159eru\u0161ila v\u00a0roce 1922 svoji \u010dinnost n\u00e1sledkem v\u00fdpov\u011bdi z\u00a0m\u00edstnosti a odchodem n\u011bkolika funkcion\u00e1\u0159\u016f. Ztratilo se i p\u016fvodn\u00ed raz\u00edtko. D\u00e1le, \u017ee obnov\u00ed svoji \u010dinnost na 28. listopadu 1926 p\u0159i valn\u00e9 hromad\u011b v\u00a0restauraci pana Hole\u010dka. Na valn\u00e9 hromad\u011b podle dal\u0161\u00edch dokument\u016f byli zvoleni starostou Josef Klep\u00e1\u010d a Franti\u0161ek Brom. Dal\u0161\u00ed valn\u00e1 hromada se konala 6. b\u0159ezna 1927.\u00a0 Zde byl starostou zvolen Franti\u0161ek Lap\u00e1\u010dek a jednatelem z\u016fstal Franti\u0161ek Brom. A\u017e o dvan\u00e1ct dn\u00ed pozd\u011bji se \u010dinnost jednoty stabilizovala p\u0159i dal\u0161\u00ed valn\u00e9 hromad\u011b. Starostou jednoty byl zvolen Franti\u0161ek Lap\u00e1\u010dek, m\u00edstostarostou Karel \u010cumrda, n\u00e1\u010deln\u00edkem Josef Lhota, vychovatelem Josef \u0160op, jednatelem Franti\u0161ek Brom a pokladn\u00edkem Bed\u0159ich Saka\u0159.<\/p>\n<p>16. \u0159\u00edjna 1927 zakoupil v\u00fdbor jednoty pozemek o v\u00fdm\u011b\u0159e 1802 m<sup>2<\/sup> v\u00a0dne\u0161n\u00ed ulici K\u00a0V\u00e1pence s\u00a0c\u00edlem vybudovat t\u011blocvi\u010dny a h\u0159i\u0161t\u011b. To znamenalo nejen spoustu brig\u00e1dnick\u00fdch hodin na stavb\u011b ve sva\u017eit\u00e9m ter\u00e9nu, ale i vyps\u00e1n\u00ed dlu\u017en\u00edho \u00fapisu v hodnot\u011b 100 K\u010d za \u00fa\u010delem z\u00edsk\u00e1n\u00ed pot\u0159ebn\u00fdch finan\u010dn\u00edch prost\u0159edk\u016f. V\u0161e se nakonec poda\u0159ilo, a tak 30. prosince 1929 se uskute\u010dnila kolaudace jak t\u011blocvi\u010dny, tak i h\u0159i\u0161t\u011b. T\u00edm ve Velk\u00e9 Chuchli vzniklo za\u0159\u00edzen\u00ed, kter\u00e9 m\u011blo p\u0159edev\u0161\u00edm za c\u00edl soust\u0159edit do sv\u00fdch \u0159ad ob\u010dany ze soci\u00e1ln\u011b slab\u0161\u00edch vrstev. Z dochovan\u00fdch fotografi\u00ed lze zjistit, \u017ee ji\u017e 22. \u010dervna 1930 se v nov\u00e9m are\u00e1lu konalo ve\u0159ejn\u00e9 vystoupen\u00ed \u010dlen\u016f za \u00fa\u010dasti okoln\u00edch jednot 13. okresu DTJ. Dal\u0161\u00ed v\u00fdznamnou ud\u00e1lost\u00ed bylo pak 6. z\u00e1\u0159\u00ed 1931 \u2013 p\u0159ed\u00e1n\u00ed praporu, kter\u00fd v\u011bnovaly ob\u011btav\u00e9 \u017eeny jednoty. Na praporu, jen\u017e se zachoval do dne\u0161n\u00edch dnu, je vy\u0161it\u00fd n\u00e1pis: <em>\u201eN\u00e1m i budouc\u00edm nov\u00fd lep\u0161\u00ed \u017eivot na zemi.\u201c<\/em><\/p>\n<p>Aktivn\u00ed \u010dinnost jednoty utlumila a\u017e druh\u00e1 sv\u011btov\u00e1 v\u00e1lka. V roce 1941, vzhledem k\u00a0perzekuci \u010dlen\u016f jednoty, do\u0161lo k\u00a0omezen\u00ed jej\u00ed \u010dinnosti, are\u00e1l byl pronajat k podnikatelsk\u00fdm \u00fa\u010del\u016fm. I kdy\u017e byla \u010dinnost DTJ v\u00a0roce 1945 obnovena, nebylo ji\u017e nikdy dosa\u017eeno takov\u00fdch v\u00fdsledk\u016f jako p\u0159ed v\u00e1lkou. Z\u00e1jem lid\u00ed byl zam\u011b\u0159en zcela jin\u00fdm sm\u011brem ne\u017e na t\u011blocvi\u010dnou \u010dinnost a nav\u00edc jednotu potkalo v roce 1948 neblah\u00e9 na\u0159\u00edzen\u00ed o \u201esjednocen\u00ed t\u011blov\u00fdchovy\u201c a t\u00edm i ztr\u00e1ta ve\u0161ker\u00e9ho majetku, kter\u00fd p\u0159e\u0161el do vlastnictv\u00ed TJ Sokol Chuchle.<\/p>\n<p>K obnov\u011b \u010dinnosti DTJ Velk\u00e1 Chuchle do\u0161lo a\u017e po \u201esametov\u00e9 revoluci\u201c. P\u0159\u00edpravn\u00fd v\u00fdbor DTJ Velk\u00e1 Chuchle zaregistroval tuto organizaci u Ministerstva vnitra 18. \u010dervna 1991 a v souvislosti se z\u00e1konem o navr\u00e1cen\u00ed majetku \u010d. 232\/91 Sb. zah\u00e1jil jedn\u00e1n\u00ed s TJ Sokol Chuchle, jeho\u017e v\u00fdsledkem bylo po \u010dty\u0159let\u00e9m soudn\u00edm sporu rozhodnut\u00ed ze dne 24. b\u0159ezna 1996 o navr\u00e1cen\u00ed zdevastovan\u00e9 nemovitosti do vlastnictv\u00ed DTJ Velk\u00e1 Chuchle, a to v cel\u00e9m rozsahu. Pot\u00e9 ji\u017e mohla b\u00fdt zah\u00e1jena postupn\u00e1 rekonstrukce t\u011blocvi\u010dny, h\u0159i\u0161t\u011b a v\u0161ech p\u0159ilehl\u00fdch ploch. Opravy, kter\u00e9 si vy\u017e\u00e1daly finan\u010dn\u00ed \u010d\u00e1stku 10,6 milionu K\u010d, trvaly a\u017e do roku 2005, tak\u017ee hned 1. ledna 2006 mohla DTJ obnovit svoji \u010dinnost.<\/p>\n<div id=\"attachment_1053\" style=\"width: 610px\" class=\"wp-caption aligncenter\"><a href=\"http:\/\/regionplus.cz\/chuchle\/wp-content\/uploads\/sites\/2\/2023\/11\/areal-dtj-chuchle-2008.jpg\"><img loading=\"lazy\" decoding=\"async\" aria-describedby=\"caption-attachment-1053\" class=\"size-full wp-image-1053\" src=\"http:\/\/regionplus.cz\/chuchle\/wp-content\/uploads\/sites\/2\/2023\/11\/areal-dtj-chuchle-2008.jpg\" alt=\"\" width=\"600\" height=\"346\" srcset=\"https:\/\/regionplus.cz\/chuchle\/wp-content\/uploads\/sites\/2\/2023\/11\/areal-dtj-chuchle-2008.jpg 600w, https:\/\/regionplus.cz\/chuchle\/wp-content\/uploads\/sites\/2\/2023\/11\/areal-dtj-chuchle-2008-300x173.jpg 300w, https:\/\/regionplus.cz\/chuchle\/wp-content\/uploads\/sites\/2\/2023\/11\/areal-dtj-chuchle-2008-500x288.jpg 500w\" sizes=\"auto, (max-width: 600px) 100vw, 600px\" \/><\/a><p id=\"caption-attachment-1053\" class=\"wp-caption-text\">Are\u00e1l DTJ Velk\u00e1 Chuchle (2008)<\/p><\/div>\n<p>Dnes do majetku jednoty pat\u0159\u00ed sportovi\u0161t\u011b \u2013 \u00a0t\u011blocvi\u010dna s palubkovou podlahou o velikosti 13 x 11 m, v\u010detn\u011b \u0161aten pro mu\u017ee a \u017eeny a soci\u00e1ln\u00edho z\u00e1zem\u00ed (i pro voz\u00ed\u010dk\u00e1\u0159e) a h\u0159i\u0161t\u011b s um\u011bl\u00fdm povrchem pro kolektivn\u00ed m\u00ed\u010dov\u00e9 hry o velikosti 9 x 18 m s dob\u011bhy dva metry. V n\u00e1sleduj\u00edc\u00edm desetilet\u00ed byly ze sport\u016f zastoupeny \u2013 gymnastika, sportovn\u00ed tanec, aerobic, s\u00e1lov\u00e1 kopan\u00e1, nohejbal, florbal, volejbal, stoln\u00ed tenis a atletika. Krom\u011b uveden\u00fdch t\u011blocvi\u010dn\u00fdch aktivit spolupracovala jednota se Z\u00e1kladn\u00ed \u0161kolou Charlotty Masarykov\u00e9 a Tane\u010dn\u00edm studiem Fantazie. \u010clenov\u00e9 se pokusili vytvo\u0159it i nov\u00e9 tradice &#8211; na ja\u0159e zorganizovali pro ve\u0159ejnost n\u011bkolikr\u00e1t p\u0159espoln\u00ed b\u011bh, oslavu posv\u00edcen\u00ed, turnaj Chuchelsk\u00e9 m\u00ed\u010de a p\u0159ed V\u00e1noci p\u0159ipom\u00ednku sv\u00e1tku sv. Lucie.<\/p>\n<p>V sou\u010dasn\u00e9 dob\u011b v are\u00e1lu rekrea\u010dn\u011b cvi\u010d\u00ed odd\u00edly atletiky, s\u00e1lov\u00e9 kopan\u00e9, nohejbalu a florbalu. T\u011blocvi\u010dnu a h\u0159i\u0161t\u011b vyu\u017e\u00edvaj\u00ed \u017e\u00e1ci Z\u0160 Charlotty Masarykov\u00e9, d\u011bti z krou\u017eku SK \u010cechoslovan Chuchle Praha.<\/p>\n<p>&nbsp;<\/p>\n<p><strong>Zaj\u00edmavosti:<\/strong><\/p>\n<ul>\n<li>V letech 1991 &#8211; 2012 byl starostou jednoty Ing. Franti\u0161ek Lap\u00e1\u010dek. Od roku 2012 je starostou jednoty Bc. \u0160t\u011bp\u00e1n Sechovsk\u00fd.<\/li>\n<li>Dlouholetou tradici m\u00e1 v jednot\u011b Chuchelsk\u00fd p\u0159espoln\u00ed b\u011bh pro d\u011bti, kter\u00fd organizuje odd\u00edl Atletika Chuchle. Prvn\u00ed ro\u010dn\u00edk se konal v roce 2009.<\/li>\n<li>Dal\u0161\u00ed informace o jednot\u011b &#8211; viz Chuchelsk\u00fd zpravodaj 4\/2020, s. 14 &#8211; 15 a <a href=\"http:\/\/dtj.chuchle.cz\">http:\/\/dtj.chuchle.cz<\/a>.<\/li>\n<\/ul>\n","protected":false},"excerpt":{"rendered":"<p>Zemsk\u00fd \u00fa\u0159ad v\u00a0Praze vzal na v\u011bdom\u00ed 29. \u010dervence 1919, \u017ee vznikla D\u011blnick\u00e1 t\u011blocvi\u010dn\u00e1 jednota Velk\u00e1 Chuchle. \u017de \u010dinnost jednoty nebyla jednoduch\u00e1, o tom hovo\u0159\u00ed dal\u0161\u00ed dokument datovan\u00fd rokem 1926.\u00a0 V\u00e1clav Absolon (tehdej\u0161\u00ed starosta jednoty) a Josef Saka\u0159 (jednatel spolku) informuj\u00ed &hellip; <a href=\"https:\/\/regionplus.cz\/chuchle\/spolky\/delnicka-telocvicna-jednota\/\">Cel\u00fd p\u0159\u00edsp\u011bvek <span class=\"meta-nav\">&rarr;<\/span><\/a><\/p>\n","protected":false},"author":1,"featured_media":0,"parent":241,"menu_order":0,"comment_status":"closed","ping_status":"closed","template":"","meta":{"footnotes":""},"class_list":["post-198","page","type-page","status-publish","hentry"],"_links":{"self":[{"href":"https:\/\/regionplus.cz\/chuchle\/wp-json\/wp\/v2\/pages\/198","targetHints":{"allow":["GET"]}}],"collection":[{"href":"https:\/\/regionplus.cz\/chuchle\/wp-json\/wp\/v2\/pages"}],"about":[{"href":"https:\/\/regionplus.cz\/chuchle\/wp-json\/wp\/v2\/types\/page"}],"author":[{"embeddable":true,"href":"https:\/\/regionplus.cz\/chuchle\/wp-json\/wp\/v2\/users\/1"}],"replies":[{"embeddable":true,"href":"https:\/\/regionplus.cz\/chuchle\/wp-json\/wp\/v2\/comments?post=198"}],"version-history":[{"count":8,"href":"https:\/\/regionplus.cz\/chuchle\/wp-json\/wp\/v2\/pages\/198\/revisions"}],"predecessor-version":[{"id":1054,"href":"https:\/\/regionplus.cz\/chuchle\/wp-json\/wp\/v2\/pages\/198\/revisions\/1054"}],"up":[{"embeddable":true,"href":"https:\/\/regionplus.cz\/chuchle\/wp-json\/wp\/v2\/pages\/241"}],"wp:attachment":[{"href":"https:\/\/regionplus.cz\/chuchle\/wp-json\/wp\/v2\/media?parent=198"}],"curies":[{"name":"wp","href":"https:\/\/api.w.org\/{rel}","templated":true}]}}