{"id":196,"date":"2021-10-02T23:37:11","date_gmt":"2021-10-02T21:37:11","guid":{"rendered":"http:\/\/regionplus.cz\/chuchle\/?page_id=196"},"modified":"2022-01-26T08:24:30","modified_gmt":"2022-01-26T07:24:30","slug":"rozdeleni-male-a-velke-chuchle","status":"publish","type":"page","link":"https:\/\/regionplus.cz\/chuchle\/historie\/rozdeleni-male-a-velke-chuchle\/","title":{"rendered":"Rozd\u011blen\u00ed Mal\u00e9 a Velk\u00e9 Chuchle"},"content":{"rendered":"<p><strong><span style=\"color: #000000;\">Po vzniku \u010ceskoslovenska se politick\u00e1 obec Velk\u00e1 Chuchle rozd\u011blila na dv\u011b \u010d\u00e1sti. Katastr\u00e1ln\u00ed \u00fazem\u00ed Mal\u00e1 Chuchle bylo na z\u00e1klad\u011b z\u00e1kona \u010d. 114\/1920 Sb. p\u0159ipojeno ku Praze, \u010d\u00edm\u017e do\u0161lo k p\u0159e\u010d\u00edslov\u00e1n\u00ed dom\u016f a pozemk\u016f. Velk\u00e1 Chuchle i nad\u00e1le z\u016fstala samostatnou obc\u00ed.<\/span><\/strong><\/p>\n<p><strong><span style=\"color: #000000;\">Od t\u00e9 doby pro\u017e\u00edvala ob\u011b \u00fazem\u00ed v\u00edcem\u00e9n\u011b odli\u0161n\u00fd v\u00fdvoj. P\u0159\u00edkladem je v\u00fdstavba m\u00edstn\u00ed infrastruktury. Zat\u00edmco ve Velk\u00e9 Chuchli b\u011bhem dvac\u00e1t\u00fdch let nastala stavebn\u00ed konjunktura, byl vybudov\u00e1n vodovod, rozvedena elekt\u0159ina a za\u010dalo se jednat o kanalizaci, Mal\u00e1 Chuchle \u2013 a\u010d z\u016fstala i nad\u00e1le obl\u00edben\u00fdm v\u00fdletn\u00edm m\u00edstem \u2013 byla jako okrajov\u00e1 sou\u010d\u00e1st XVI. pra\u017esk\u00e9ho obvodu ve vybavenosti na jednom z posledn\u00edch m\u00edst hl. m. Prahy.\u00a0<\/span><\/strong><\/p>\n<p>O roz\u0161i\u0159ov\u00e1n\u00ed Prahy a o p\u0159ipojov\u00e1n\u00ed jejich okrajov\u00fdch obc\u00ed se za\u010dalo hovo\u0159it ji\u017e na za\u010d\u00e1tku 20. stolet\u00ed. Chuchle v\u0161ak v\u00a0tomto seznamu p\u016fvodn\u011b nefigurovala. V\u0161echny snahy o zv\u011bt\u0161en\u00ed Prahy odsunula prvn\u00ed sv\u011btov\u00e1 v\u00e1lka. A tak Z\u00e1kon o Velk\u00e9 Praze byl vyd\u00e1n a\u017e 6. \u00fanora 1920 a v platnost vstoupil 1. ledna 1922. T\u00edm se Velk\u00e1 Chuchle rozd\u011blila na Malou a Velkou Chuchli. Mal\u00e1 Chuchle, jak ji\u017e bylo uvedeno se stala sou\u010d\u00e1st\u00ed nov\u011b vytvo\u0159en\u00e9 Prahy XVI. Krom\u011b n\u00ed tuto \u010dtvr\u0165 tvo\u0159ily Sm\u00edchov, Radlice a Hlubo\u010depy.<\/p>\n<p>P\u016fvodn\u00ed obec tak byla n\u00e1siln\u011b roztr\u017eena a n\u00e1sledky tohoto kroku je mo\u017en\u00e9 mnohde sledovat dodnes. Toto teritori\u00e1ln\u00ed rozd\u011blen\u00ed m\u011blo b\u00fdt pouze provizorn\u00ed, \u010demu\u017e odpov\u00eddalo i proveden\u00ed, kter\u00e9 bylo bez p\u0159\u00edpravy ud\u011bl\u00e1no tak\u0159ka p\u0159es noc. Do nov\u00fdch obvod\u016f byly b\u00fdval\u00e9 samostatn\u00e9 obce (nebo jejich \u010d\u00e1sti) p\u0159ipojeny podle pozemkov\u00e9ho katastru, co\u017e na mnoha m\u00edstech nevyhovovalo spr\u00e1vn\u00edm pot\u0159eb\u00e1m a p\u016fsobilo zna\u010dn\u00e9 obt\u00ed\u017ee. T\u00edm se nap\u0159\u00edklad v jedn\u00e9 ulici vyst\u0159\u00eddaly hranice n\u011bkolika obvod\u016f, jinde obyvatelstvo jednoho obvodu muselo doch\u00e1zet do vzd\u00e1len\u00e9 \u00fa\u0159adovny, a\u010dkoli \u00fa\u0159adovna sousedn\u00edho obvodu byla v bezprost\u0159edn\u00ed bl\u00edzkosti. To byl i p\u0159\u00edpad Mal\u00e9 Chuchle, kter\u00e1 soudem p\u0159ipadala k Nusl\u00edm, a\u010dkoli dosud nejbli\u017e\u0161\u00ed soud byl ve Zbraslavi a spr\u00e1vn\u00ed \u00fa\u0159adovna byla na Sm\u00edchov\u011b.<\/p>\n<p>Probl\u00e9my byly i jin\u00e9ho r\u00e1zu, co\u017e je v z\u00e1znamech z\u00e1pis\u016f ze sch\u016fz\u00ed obecn\u00ed rady ve Velk\u00e9 Chuchli. Nap\u0159\u00edklad, 19. ledna 1920 byl obecn\u00edm zastupitelstvem schv\u00e1len n\u00e1vrh pana T\u016fmy, zdej\u0161\u00edho hostinsk\u00e9ho, aby byla zvolena komise, kter\u00e1 by se zab\u00fdvala v\u0161emi ot\u00e1zkami rozd\u011blen\u00ed Mal\u00e9 a Velk\u00e9 Chuchle. Tato komise se sch\u00e1zela podle pot\u0159eby, kdy\u017e vyvstaly n\u011bjak\u00e9 probl\u00e9my. A nebylo jich m\u00e1lo. Je\u0161t\u011b v\u00a0t\u00e9m\u017ee roce protestoval spr\u00e1vce statku dr. Vodenka proti stanoven\u00ed hranice mezi Prahou a Velkou Chuchl\u00ed, z d\u016fvodu rozd\u011blen\u00ed pozemk\u016f.\u00a0 5. srpna 1921 starosta obce sd\u011blil obecn\u00ed rad\u011b, \u017ee Mal\u00e1 Chuchle je od Velk\u00e9 Chuchle odd\u011blena 30 mezn\u00edky.<\/p>\n<p>Sporn\u00fdm bodem, jak se uk\u00e1zalo, bylo sestaven\u00ed rozpo\u010dtu pro Malou Chuchli.<\/p>\n<p>V zased\u00e1n\u00ed 5. listopadu 1921 mnoz\u00ed \u010dlenov\u00e9 obecn\u00ed rady nam\u00edtali , <em>\u201e\u017ee se z\u00e1kon o Velk\u00e9 Praze vle\u010de, tak, \u017ee by m\u011bl b\u00fdt rozpo\u010det tvo\u0159en vzhledem k pot\u0159eb\u00e1m a finan\u010dn\u00edm mo\u017enostem Chuchle Velk\u00e9.\u201c<\/em><\/p>\n<p>V\u0161e nakonec vy\u00fastilo ve sporu o zaveden\u00ed vodovodu do Mal\u00e9 Chuchle. Na jeho vybudov\u00e1n\u00ed bylo t\u0159eba 35 000 K\u010d, co\u017e obec evidentn\u011b nem\u011bla, nav\u00edc bylo jasn\u00e9, \u017ee voda nem\u016f\u017ee z nedostatku vody b\u00fdt dod\u00e1v\u00e1na z Mari\u00e1nskol\u00e1ze\u0148sk\u00e9ho potoka. A tak kdy\u017e n\u00e1vrh rozpo\u010dtu putoval mezi finan\u010dn\u00ed komis\u00ed a obecn\u00ed radou, Franti\u0161ek Li\u0161ka \u2013 z\u00e1stupce Mal\u00e9 Chuchle ode\u0161el na protest ze sch\u016fze.<\/p>\n<p>Ji\u017e 18. ledna 1922 sd\u011blil starosta Velk\u00e9 Chuchle Josef Hrab\u00e1k, \u017ee do konce ledna p\u0159evezme Praha jm\u011bn\u00ed a spr\u00e1vu Mal\u00e9 Chuchle. Pozd\u011bji se obecn\u00ed rada i zastupitelstvo shodly v n\u00e1zoru, \u017ee by bylo vhodn\u00e9, aby obecn\u00ed tajemn\u00edk Velk\u00e9 Chuchle a str\u00e1\u017en\u00edk pat\u0159ili ku Praze (vykon\u00e1vali toti\u017e slu\u017ebu pro ob\u011b osady), proto\u017ee obec Velk\u00e1 Chuchle by je nezaplatila.<\/p>\n<p>Jedno v\u0161ak bylo jist\u00e9, t\u00edmto rozd\u011blen\u00edm vstoupily Mal\u00e1 i Velk\u00e1 Chuchle do nov\u00e9ho obdob\u00ed sv\u00e9 historie. Mal\u00e1 Chuchle z\u016fstala omezena svoj\u00ed z\u00e1stavbou, Velk\u00e1 Chuchle se naopak za\u010dala rozv\u00edjet.<\/p>\n","protected":false},"excerpt":{"rendered":"<p>Po vzniku \u010ceskoslovenska se politick\u00e1 obec Velk\u00e1 Chuchle rozd\u011blila na dv\u011b \u010d\u00e1sti. Katastr\u00e1ln\u00ed \u00fazem\u00ed Mal\u00e1 Chuchle bylo na z\u00e1klad\u011b z\u00e1kona \u010d. 114\/1920 Sb. p\u0159ipojeno ku Praze, \u010d\u00edm\u017e do\u0161lo k p\u0159e\u010d\u00edslov\u00e1n\u00ed dom\u016f a pozemk\u016f. Velk\u00e1 Chuchle i nad\u00e1le z\u016fstala samostatnou obc\u00ed. &hellip; <a href=\"https:\/\/regionplus.cz\/chuchle\/historie\/rozdeleni-male-a-velke-chuchle\/\">Cel\u00fd p\u0159\u00edsp\u011bvek <span class=\"meta-nav\">&rarr;<\/span><\/a><\/p>\n","protected":false},"author":1,"featured_media":0,"parent":173,"menu_order":-20,"comment_status":"closed","ping_status":"closed","template":"","meta":{"footnotes":""},"class_list":["post-196","page","type-page","status-publish","hentry"],"_links":{"self":[{"href":"https:\/\/regionplus.cz\/chuchle\/wp-json\/wp\/v2\/pages\/196","targetHints":{"allow":["GET"]}}],"collection":[{"href":"https:\/\/regionplus.cz\/chuchle\/wp-json\/wp\/v2\/pages"}],"about":[{"href":"https:\/\/regionplus.cz\/chuchle\/wp-json\/wp\/v2\/types\/page"}],"author":[{"embeddable":true,"href":"https:\/\/regionplus.cz\/chuchle\/wp-json\/wp\/v2\/users\/1"}],"replies":[{"embeddable":true,"href":"https:\/\/regionplus.cz\/chuchle\/wp-json\/wp\/v2\/comments?post=196"}],"version-history":[{"count":3,"href":"https:\/\/regionplus.cz\/chuchle\/wp-json\/wp\/v2\/pages\/196\/revisions"}],"predecessor-version":[{"id":457,"href":"https:\/\/regionplus.cz\/chuchle\/wp-json\/wp\/v2\/pages\/196\/revisions\/457"}],"up":[{"embeddable":true,"href":"https:\/\/regionplus.cz\/chuchle\/wp-json\/wp\/v2\/pages\/173"}],"wp:attachment":[{"href":"https:\/\/regionplus.cz\/chuchle\/wp-json\/wp\/v2\/media?parent=196"}],"curies":[{"name":"wp","href":"https:\/\/api.w.org\/{rel}","templated":true}]}}