{"id":192,"date":"2021-10-02T23:35:29","date_gmt":"2021-10-02T21:35:29","guid":{"rendered":"http:\/\/regionplus.cz\/chuchle\/?page_id=192"},"modified":"2024-06-25T14:50:16","modified_gmt":"2024-06-25T12:50:16","slug":"prvni-svetova-valka","status":"publish","type":"page","link":"https:\/\/regionplus.cz\/chuchle\/historie\/prvni-svetova-valka\/","title":{"rendered":"Prvn\u00ed sv\u011btov\u00e1 v\u00e1lka"},"content":{"rendered":"<p>Zm\u011bny do \u017eivota obyvatel p\u0159inesla prvn\u00ed sv\u011btov\u00e1 v\u00e1lka. 26. \u010dervence 1914 byla v Chuchli provedena mobilizace.<\/p>\n<p>V\u00e1lka omezila v\u00a0na\u0161\u00ed obci z\u00e1sobov\u00e1n\u00ed, potraviny byly na p\u0159\u00edd\u011bl, vznikl \u010dern\u00fd obchod. Do Chuchle byli p\u0159id\u011bleno mj. 37 uprchl\u00edk\u016f z\u00a0Hali\u010de, kte\u0159\u00ed byli ubytov\u00e1ni v\u00a0\u010dp. 77, kter\u00fd pat\u0159il \u010desk\u00e9mu z\u00e1vodn\u00edmu spolku. I p\u0159es odchod mnoha mu\u017e\u016f na frontu, fungovalo v\u00a0obdob\u00ed v\u00e1lky Waltrovo zahradnictv\u00ed i lomy Pra\u017esk\u00e9 \u017eelez\u00e1\u0159sk\u00e9 spole\u010dnosti. Bez v\u00fdd\u011blku z\u016fstali pouze pracovn\u00edci na chuchelsk\u00e9m z\u00e1vodi\u0161ti, dostihy se p\u0159es v\u00e1lku nekonaly.<\/p>\n<p>&nbsp;<\/p>\n<p>Ob\u011bti prvn\u00ed sv\u011btov\u00e9 v\u00e1lky<\/p>\n<p>Velk\u00e1 Chuchle<\/p>\n<ul>\n<li>Franti\u0161ek H\u00e1jek \u2013 padl 10.11.1914 na srbsk\u00e9 front\u011b<\/li>\n<li>Karel B\u00e1rta \u2013 od 5.2.1915 v\u00a0Rusku nezv\u011bstn\u00fd<\/li>\n<li>Jan Ka\u010de\u0159ovsk\u00fd \u2013 padl 31.8.1915 u Podh\u00e1jc\u016f v\u00a0Hali\u010di<\/li>\n<li>Anton\u00edn Sk\u0159ivan \u2013 od 24.9.1915 nezv\u011bstn\u00fd v\u00a0Srbsku<\/li>\n<li>Franti\u0161ek Dvo\u0159\u00e1k \u2013 od 12.12.1915 nezv\u011bstn\u00fd v\u00a0Srbsku<\/li>\n<li>V\u00e1clav \u010cumrda \u2013 zem\u0159el po v\u00e1le\u010dn\u00fdch \u00fatrap\u00e1ch doma 29.3.1916<\/li>\n<li>Josef \u010cumrda \u2013 od 1.1.1916 poh\u0159e\u0161ovan\u00fd v\u00a0Srbsku<\/li>\n<li>Ladislav Kl\u00e1n \u2013 po zajet\u00ed v\u00a0Srbsku a\u00a0p\u0159evezen\u00ed na ostrov Asinara pobl\u00ed\u017e Sard\u00ednie zem\u0159el 15.3.1916 na tyfus<\/li>\n<li>Franti\u0161ek \u010cern\u00fd \u2013 padl 14.8.1916 v\u00a0Alb\u00e1nii<\/li>\n<li>V\u00e1clav Havl\u00ed\u010dek \u2013 zabit bombou vr\u017eenou z\u00a0letadla u Ajdov\u0161iny v dne\u0161n\u00edm Slovinsku v\u00a0dubnu 1917<\/li>\n<li>Karel Masopust \u2013 padl 6.12.1917 u Tione v\u00a0It\u00e1lii<\/li>\n<li>Josef Mr\u00e1z \u2013 zem\u0159el v\u00a0nemocnici v\u00a0Rogatci<\/li>\n<li>Josef \u0160m\u00eddek \u2013 zem\u0159el v\u00a0nemocnici v\u00a0Terez\u00edn\u011b 1.1.1918<\/li>\n<li>Franti\u0161ek \u0160afr\u00e1nek \u2013 zahynul p\u0159i boj\u00edch u Assiaga 27.4.1918<\/li>\n<li>Jan Dvo\u0159\u00e1k \u2013 rusk\u00fd legion\u00e1\u0159, padl 6.9.1918 u Livenky v\u00a0Rusku<\/li>\n<li>Josef Pla\u0161il \u2013 podlehl v\u00e1le\u010dn\u00fdm \u00fatrap\u00e1m po n\u00e1vratu z\u00a0fronty 1.1.1919<\/li>\n<\/ul>\n<p>&nbsp;<\/p>\n<p>V\u00a0pr\u016fb\u011bhu v\u00e1lky mno\u017estv\u00ed voj\u00e1k\u016f rakousko-uhersk\u00e9 arm\u00e1dy p\u0159e\u0161lo na druhou stranu fronty, kde vytv\u00e1\u0159elo zvl\u00e1\u0161tn\u00ed jednotky \u2013 legie s\u00a0c\u00edlem podpo\u0159it boj dohodov\u00fdch mocnost\u00ed proti Rakousko-Uhersku a N\u011bmecku a legitimizovat po\u017eadavek vzniku nov\u00e9ho spole\u010dn\u00e9ho st\u00e1tu \u010cech\u016f a Slov\u00e1k\u016f. V meziv\u00e1le\u010dn\u00e9m \u010ceskoslovensku byli p\u0159\u00edslu\u0161n\u00edci legi\u00ed vzorem pro celou generaci, kter\u00e1 pak za II. sv\u011btov\u00e9 v\u00e1lky v boji za svobodu na\u0161\u00ed republiky nesla jejich tradici d\u00e1le. Za totalitn\u00edho komunistick\u00e9ho re\u017eimu byla jejich pam\u00e1tka \u00fa\u010delov\u011b maz\u00e1na z\u00a0pam\u011bti n\u00e1roda, proto je t\u0159eba po letech p\u0159ipom\u00ednat. Za vznik \u010ceskoslovenska bojovali Anton\u00edn \u0160t\u00edpl, Josef Vesel\u00fd, Josef \u017debr\u00e1kovsk\u00fd a Jan Dvo\u0159\u00e1k, Rudolf Frank, Josef \u0160op a Josef Jiskra (v\u0161ichni v\u00a0rusk\u00fdch legi\u00edch), Jan Havl\u00ed\u010dek (italsk\u00fd legion\u00e1\u0159).<\/p>\n","protected":false},"excerpt":{"rendered":"<p>Zm\u011bny do \u017eivota obyvatel p\u0159inesla prvn\u00ed sv\u011btov\u00e1 v\u00e1lka. 26. \u010dervence 1914 byla v Chuchli provedena mobilizace. V\u00e1lka omezila v\u00a0na\u0161\u00ed obci z\u00e1sobov\u00e1n\u00ed, potraviny byly na p\u0159\u00edd\u011bl, vznikl \u010dern\u00fd obchod. Do Chuchle byli p\u0159id\u011bleno mj. 37 uprchl\u00edk\u016f z\u00a0Hali\u010de, kte\u0159\u00ed byli ubytov\u00e1ni v\u00a0\u010dp. &hellip; <a href=\"https:\/\/regionplus.cz\/chuchle\/historie\/prvni-svetova-valka\/\">Cel\u00fd p\u0159\u00edsp\u011bvek <span class=\"meta-nav\">&rarr;<\/span><\/a><\/p>\n","protected":false},"author":1,"featured_media":0,"parent":173,"menu_order":-22,"comment_status":"closed","ping_status":"closed","template":"","meta":{"footnotes":""},"class_list":["post-192","page","type-page","status-publish","hentry"],"_links":{"self":[{"href":"https:\/\/regionplus.cz\/chuchle\/wp-json\/wp\/v2\/pages\/192","targetHints":{"allow":["GET"]}}],"collection":[{"href":"https:\/\/regionplus.cz\/chuchle\/wp-json\/wp\/v2\/pages"}],"about":[{"href":"https:\/\/regionplus.cz\/chuchle\/wp-json\/wp\/v2\/types\/page"}],"author":[{"embeddable":true,"href":"https:\/\/regionplus.cz\/chuchle\/wp-json\/wp\/v2\/users\/1"}],"replies":[{"embeddable":true,"href":"https:\/\/regionplus.cz\/chuchle\/wp-json\/wp\/v2\/comments?post=192"}],"version-history":[{"count":3,"href":"https:\/\/regionplus.cz\/chuchle\/wp-json\/wp\/v2\/pages\/192\/revisions"}],"predecessor-version":[{"id":1077,"href":"https:\/\/regionplus.cz\/chuchle\/wp-json\/wp\/v2\/pages\/192\/revisions\/1077"}],"up":[{"embeddable":true,"href":"https:\/\/regionplus.cz\/chuchle\/wp-json\/wp\/v2\/pages\/173"}],"wp:attachment":[{"href":"https:\/\/regionplus.cz\/chuchle\/wp-json\/wp\/v2\/media?parent=192"}],"curies":[{"name":"wp","href":"https:\/\/api.w.org\/{rel}","templated":true}]}}