{"id":143,"date":"2021-10-02T23:09:26","date_gmt":"2021-10-02T21:09:26","guid":{"rendered":"http:\/\/regionplus.cz\/chuchle\/?page_id=143"},"modified":"2023-04-17T23:25:45","modified_gmt":"2023-04-17T21:25:45","slug":"urbanova-mobi","status":"publish","type":"page","link":"https:\/\/regionplus.cz\/chuchle\/vyznamne-osobnosti\/urbanova-mobi\/","title":{"rendered":"Urbanov\u00e1 Mobi"},"content":{"rendered":"<p><strong><a href=\"http:\/\/regionplus.cz\/chuchle\/wp-content\/uploads\/sites\/2\/2023\/04\/mobi_urbanova_w.jpg\"><img loading=\"lazy\" decoding=\"async\" class=\"alignright wp-image-594\" src=\"http:\/\/regionplus.cz\/chuchle\/wp-content\/uploads\/sites\/2\/2023\/04\/mobi_urbanova_w.jpg\" alt=\"\" width=\"284\" height=\"363\" \/><\/a>V ulici Pod Ak\u00e1ty \u010dp. 169 \u017eila v zapomn\u011bn\u00ed v\u00fdznamn\u00e1 tane\u010dnice Em\u00edlie Urbanov\u00e1. Narodila se 28. 7. 1914 ve dnech pon\u011bkud p\u0159\u00edzna\u010dn\u00fdch pro d\u011bjiny na\u0161eho n\u00e1roda. Tehdy\u00a0 byla rakousk\u00fdm c\u00edsa\u0159em Franti\u0161kem Josefem I. zn\u00e1mou listinou &#8222;M\u00fdm n\u00e1rod\u016fm&#8220; vyhl\u00e1\u0161ena mobilizace rakousko-uhersk\u00e9 arm\u00e1dy. Proto Em\u00edlii Urbanovou rodi\u010de a p\u0159\u00e1tel\u00e9 naz\u00fdvali Mobi a toto jm\u00e9no j\u00ed z\u016fstalo. <\/strong><span style=\"font-weight: 400;\"><br \/>\n<\/span><span style=\"font-weight: 400;\">Mobi byla z\u0159ejm\u011b nesly\u0161\u00edc\u00ed u\u017e od narozen\u00ed. P\u0159edn\u00ed l\u00e9ka\u0159i t\u00e9 doby se vyj\u00e1d\u0159ili, \u017ee <em>&#8222;jej\u00ed ucho postr\u00e1d\u00e1 nervu sluchov\u00e9ho.&#8220;\u00a0<\/em> Jej\u00ed matka byla zp\u011bva\u010dkou a velice r\u00e1da p\u0159itom hr\u00e1la na klav\u00edr. P\u0159itom si Mobi v\u017edy posadila na ozvu\u010dnou desku. Mobi tak vn\u00edmala vibrace, mluvit se za\u010dala u\u010dit ve t\u0159ech letech, tan\u010dit o rok pozd\u011bji. Absolvovala rytmickou \u0161kolu M\u00e1\u0161i Trnkov\u00e9. Kdy\u017e bylo Mobi \u0161est let, jej\u00ed rodi\u010de se rozvedli. Vznikla \u010ceskoslovensk\u00e1 republika, nastal nov\u00fd \u017eivot. <\/span><span style=\"font-weight: 400;\"><br \/>\n<\/span><span style=\"font-weight: 400;\">O p\u011bt let pozd\u011bji se stala slavnou, kdy\u017e vystoupila na letn\u00edm karnevalu v l\u00e1zn\u00edch Pod\u011bbrady. Toto vystoupen\u00ed j\u00ed otev\u0159elo mj. br\u00e1ny N\u00e1rodn\u00edho divadla a mohla se u\u010dit u zdej\u0161\u00ed primabaler\u00edny Heleny \u0160t\u011bp\u00e1nkov\u00e9. Anga\u017eovala se pak n\u00e1sledn\u011b v organizac\u00edch spojen\u00fdch s problematikou hluchon\u011bm\u00fdch a stala se vzorem pro v\u0161echny takto posti\u017een\u00e9. Je dolo\u017eeno v \u00fastn\u00edch vzpom\u00ednk\u00e1ch, \u017ee vystupovala nejenom v Praze ale i ve Velk\u00e9 Chuchli. <\/span><span style=\"font-weight: 400;\"><br \/>\n<\/span><span style=\"font-weight: 400;\">Zem\u0159ela 22. 1. 1988 a po dlouh\u00e9m p\u00e1tr\u00e1n\u00ed se poda\u0159ilo naj\u00edt jej\u00ed hrob na Vinohradsk\u00e9m h\u0159bitov\u011b, kde je poh\u0159ben tak\u00e9 jej\u00ed man\u017eel Karel Tom\u00e1\u0161 Sever a jej\u00ed maminka Emilie Bublov\u00e1. Hrob lze velmi lehce naj\u00edt, nach\u00e1z\u00ed vedle hrobu prezidenta republiky Emila H\u00e1chy.\u00a0<\/span><span style=\"font-weight: 400;\"><br \/>\n<\/span><\/p>\n<p>Mgr. Tom\u00e1\u0161 Hrom\u00e1dka<\/p>\n<p>kronik\u00e1\u0159 m\u011bstsk\u00e9 \u010d\u00e1sti Praha &#8211; Velk\u00e1 Chuchle<\/p>\n<p>(Chuchelsk\u00fd zpravodaj 5-6\/2014, s. 6)<\/p>\n<h1><\/h1>\n<p><strong>Z\u00e1znam tance Mobi Urbanov\u00e9 z N\u00e1rodn\u00edho filmov\u00e9ho archivu na YouTube Unie nesly\u0161\u00edc\u00edch Brno, z. s. \u00a0<\/strong><\/p>\n<p><iframe loading=\"lazy\" title=\"N\u00e1rodn\u00ed filmov\u00fd archiv - Mobi Urbanov\u00e1\" width=\"584\" height=\"329\" src=\"https:\/\/www.youtube.com\/embed\/WVV8y0EetEI?feature=oembed\" frameborder=\"0\" allow=\"accelerometer; autoplay; clipboard-write; encrypted-media; gyroscope; picture-in-picture; web-share\" referrerpolicy=\"strict-origin-when-cross-origin\" allowfullscreen><\/iframe><\/p>\n<p>&nbsp;<\/p>\n","protected":false},"excerpt":{"rendered":"<p>V ulici Pod Ak\u00e1ty \u010dp. 169 \u017eila v zapomn\u011bn\u00ed v\u00fdznamn\u00e1 tane\u010dnice Em\u00edlie Urbanov\u00e1. Narodila se 28. 7. 1914 ve dnech pon\u011bkud p\u0159\u00edzna\u010dn\u00fdch pro d\u011bjiny na\u0161eho n\u00e1roda. Tehdy\u00a0 byla rakousk\u00fdm c\u00edsa\u0159em Franti\u0161kem Josefem I. zn\u00e1mou listinou &#8222;M\u00fdm n\u00e1rod\u016fm&#8220; vyhl\u00e1\u0161ena mobilizace rakousko-uhersk\u00e9 &hellip; <a href=\"https:\/\/regionplus.cz\/chuchle\/vyznamne-osobnosti\/urbanova-mobi\/\">Cel\u00fd p\u0159\u00edsp\u011bvek <span class=\"meta-nav\">&rarr;<\/span><\/a><\/p>\n","protected":false},"author":1,"featured_media":0,"parent":96,"menu_order":0,"comment_status":"closed","ping_status":"closed","template":"","meta":{"footnotes":""},"class_list":["post-143","page","type-page","status-publish","hentry"],"_links":{"self":[{"href":"https:\/\/regionplus.cz\/chuchle\/wp-json\/wp\/v2\/pages\/143","targetHints":{"allow":["GET"]}}],"collection":[{"href":"https:\/\/regionplus.cz\/chuchle\/wp-json\/wp\/v2\/pages"}],"about":[{"href":"https:\/\/regionplus.cz\/chuchle\/wp-json\/wp\/v2\/types\/page"}],"author":[{"embeddable":true,"href":"https:\/\/regionplus.cz\/chuchle\/wp-json\/wp\/v2\/users\/1"}],"replies":[{"embeddable":true,"href":"https:\/\/regionplus.cz\/chuchle\/wp-json\/wp\/v2\/comments?post=143"}],"version-history":[{"count":6,"href":"https:\/\/regionplus.cz\/chuchle\/wp-json\/wp\/v2\/pages\/143\/revisions"}],"predecessor-version":[{"id":595,"href":"https:\/\/regionplus.cz\/chuchle\/wp-json\/wp\/v2\/pages\/143\/revisions\/595"}],"up":[{"embeddable":true,"href":"https:\/\/regionplus.cz\/chuchle\/wp-json\/wp\/v2\/pages\/96"}],"wp:attachment":[{"href":"https:\/\/regionplus.cz\/chuchle\/wp-json\/wp\/v2\/media?parent=143"}],"curies":[{"name":"wp","href":"https:\/\/api.w.org\/{rel}","templated":true}]}}