{"id":137,"date":"2021-10-02T23:08:23","date_gmt":"2021-10-02T21:08:23","guid":{"rendered":"http:\/\/regionplus.cz\/chuchle\/?page_id=137"},"modified":"2023-05-10T21:44:59","modified_gmt":"2023-05-10T19:44:59","slug":"suk-josef","status":"publish","type":"page","link":"https:\/\/regionplus.cz\/chuchle\/vyznamne-osobnosti\/suk-josef\/","title":{"rendered":"Suk Josef"},"content":{"rendered":"<p>1836 \u2013 12. 8. 1890<\/p>\n<p>P\u016fvodn\u011b zbraslavsk\u00fd podu\u010ditel poch\u00e1zel z L\u00ed\u0161nice a v roce 1860, kdy nastoupil jako \u0159\u00edd\u00edc\u00ed u\u010ditel do \u0161koly v Mal\u00e9 Chuchli, mu bylo 24 let. Do \u017eivota obce se zapojil ihned jako \u0159editel k\u016fru a kosteln\u00edk v chr\u00e1mu Narozen\u00ed Panny Marie. V roce 1873 zalo\u017eil \u0161koln\u00ed knihovnu, o sedm let pozd\u011bji se vzdal ve prosp\u011bch \u0161koly u\u010ditelsk\u00e9 zahrady a v t\u00e9m\u017ee roce inicioval my\u0161lenku roz\u0161\u00ed\u0159en\u00ed \u0161koln\u00ed budovy vzhledem ke zvy\u0161uj\u00edc\u00edmu se po\u010dtu d\u011bt\u00ed. P\u0159\u00edstavba byla ji\u017e za necel\u00fd rok hotova a Josefu Sukovi bylo pod\u011bkov\u00e1no nejen \u0161koln\u00ed inspekc\u00ed a gener\u00e1ln\u00edm vik\u00e1\u0159em, ale tak\u00e9 chuchelsk\u00fdmi ob\u010dany. Ti ho obdivovali za jeho znalosti, schopnosti i lidsk\u00fd p\u0159\u00edstup k\u00a0d\u011btem, a tak se 12. \u010dervence 1885 zastupitel\u00e9 spojen\u00fdch obc\u00ed Mal\u00e1 a Velk\u00e1 Chuchle rozhodli ud\u011blit J. Sukovi \u010destn\u00e9 ob\u010danstv\u00ed obce p\u0159i p\u0159\u00edle\u017eitosti jeho 25 let\u00e9ho p\u016fsoben\u00ed v\u00a0chuchelsk\u00e9 \u0161kole.<\/p>\n<p><em>\u201eUzn\u00e1vaj\u00edce z\u00e1sluhy, kter\u00fdch sob\u011b o rozkv\u011bt \u0161kolstv\u00ed a obce na\u0161\u00ed plnou m\u011brou vydobil ct\u011bn\u00fd \u0159\u00edd\u00edc\u00ed u\u010ditel pan Josef Suk blahod\u00e1rn\u00fdm p\u016fsoben\u00edm sv\u00fdm po dobu p\u011btadvaceti let z\u00a0\u00facty a vd\u011b\u010dnosti jmenujeme Jej \u010destn\u00fdm ob\u010danem obce Velk\u00e9 a Mal\u00e9 Chuchle. <\/em><\/p>\n<p><em>\u017d\u00e1d\u00e1me\u00a0 z\u00e1rove\u0148 pana obecn\u00edho starostu, aby zhotoviti dal slu\u0161n\u00fd diplom \u010destn\u00e9ho ob\u010danstv\u00ed na \u00fatraty obce zdej\u0161\u00ed a diplom ten budi\u017e oslavenci panu Josefu Sukovi v\u00a0den ukon\u010den\u00ed \u0161koln\u00edho roku dne 18. \u010dervence t. r. u ve\u010der slavnostn\u00edm zp\u016fsobem u p\u0159\u00edtomnosti v\u0161ech \u010dlen\u016f obecn\u00edho zastupitelstva panem obecn\u00edm starostou odevzd\u00e1n.\u201c<\/em><\/p>\n<p>Velkolep\u00e1 slavnost na jeho po\u010dest se konala 18. \u010dervence 1885. Sraz byl u chuchelsk\u00e9 \u0161koly, kde se st\u0159\u00edlelo z\u00a0hmo\u017ed\u00ed\u0159\u016f, d\u011bti i rodi\u010de zp\u00edvali hymnu a dal\u0161\u00ed p\u00edsn\u011b. Pak zazn\u011bly v\u00a0pod\u00e1n\u00ed sboru pod veden\u00edm \u0159\u00edd\u00edc\u00edho u\u010ditele Jav\u016frka z\u00a0Ko\u0161\u00ed\u0159 \u010dtverozp\u011bvy a byl vyp\u00e1len oh\u0148ostroj. Po kr\u00e1tk\u00e9m projevu starosty Mat\u011bje Ou\u0159ady, oslavenec pod\u011bkoval a p\u0159\u00edtomn\u00ed ob\u010dan\u00e9 se p\u0159esunuli do hostince \u201eu \u010cesk\u00e9 koruny,\u201c kde byl uspo\u0159\u00e1d\u00e1n p\u0159\u00e1telsk\u00fd ve\u010der. \u0158adu p\u0159\u00edpitk\u016f zah\u00e1jil u\u010ditel Michal Hole\u010dek. Nenucen\u00e1 z\u00e1bava, o kterou se hlavn\u011b starali \u010dlenov\u00e9 \u010cten\u00e1\u0159sk\u00e9 besedy, trvala dlouho do p\u016flnoci.<\/p>\n<p>Druh\u00e9ho dne se Mal\u00e1 Chuchle obl\u00e9kla do slavnostn\u00edho h\u00e1vu. V\u0161ude visely prapory v\u00a0n\u00e1rodn\u00edch barv\u00e1ch, m\u00ed\u0159ili sem des\u00edtky lid\u00ed. Nechyb\u011bli chuchel\u0161t\u00ed zastupitel\u00e9, m\u00edstn\u00ed \u0161koln\u00ed rada, \u010dlenov\u00e9 \u010cten\u00e1\u0159sk\u00e9 besedy i u\u010ditel\u00e9 z\u00a0okoln\u00edch obc\u00ed. Po m\u0161i svat\u00e9, kterou slou\u017eil zbraslavsk\u00fd far\u00e1\u0159 Franti\u0161ek Trankler a kr\u00e1tk\u00e9m proslovu, kter\u00fd pronesla \u017e\u00e1kyn\u011b \u0161koly, se \u010dlenov\u00e9 zastupitelstva a m\u00edstn\u00ed rada odebrali do \u0161koly, kde p\u0159edali Josefu Sukovi diplom \u010destn\u00e9ho ob\u010danstv\u00ed. Krom\u011b toho p\u0159i\u0161la tak\u00e9 delegace m\u00edstn\u00edch ob\u010dan\u016f a l\u00e1ze\u0148sk\u00fdch host\u016f ve slo\u017een\u00ed: sl. Mach\u00e1\u010dkov\u00e1, Jaroslav Vrchlick\u00fd a J. Seifert (\u010dlen N\u00e1rodn\u00edho divadla), kter\u00e1 p\u0159edala \u010destn\u00e9mu ob\u010danu st\u0159\u00edbrn\u00fd poh\u00e1r. Na slavnost se tak\u00e9 s\u00a0blahop\u0159ejn\u00fdm diplomem dostavili z\u00e1stupci \u00fa\u0159edn\u00edk\u016f zbraslavsk\u00e9ho okresu. V\u00a0poledne byl uspo\u0159\u00e1d\u00e1n ve \u0161kole banket pro pozvan\u00e9 hosty, odpoledne pak \u010cten\u00e1\u0159skou besedou v\u00a0hostinci \u201eu \u010cesk\u00e9 koruny\u201c byla p\u0159ipravena zahradn\u00ed z\u00e1bava ve prosp\u011bch \u00dast\u0159edn\u00ed matice \u0161kolsk\u00e9.<\/p>\n<p>Josef Suk zem\u0159el po dlouh\u00e9 a t\u011b\u017ek\u00e9 nemoci 12. srpna 1890 ve v\u011bku pouh\u00fdch 54 let. Poh\u0159eb se uskute\u010dnil o dva dny pozd\u011bji na chuchelsk\u00e9m h\u0159bitov\u011b, za velik\u00e9 \u00fa\u010dasti m\u00edstn\u00edch i p\u0159espoln\u00edch obyvatel. Smutn\u00fd pr\u016fvod vedl vik\u00e1\u0159 P. Franti\u0161ek Micka a u hrobu hovo\u0159il zbraslavsk\u00fd kanovn\u00edk a far\u00e1\u0159 Franti\u0161ek Trankler, jeho\u017e byl Josef Suk \u017e\u00e1kem. \u0160kole pak zem\u0159el\u00fd \u0159\u00edd\u00edc\u00ed u\u010ditel a \u010destn\u00fd ob\u010dan obce odk\u00e1zal vkladn\u00ed kn\u00ed\u017eku se 150 zlat\u00fdmi. Z\u00a0\u00farok\u016f vkladu byly zakupov\u00e1ny tu\u017eky, se\u0161ity a dal\u0161\u00ed pom\u016fcky pro chud\u00e9 d\u011bti.<\/p>\n<p>Je poh\u0159ben\u00fd ve Velk\u00e9 Chuchli na star\u00e9m h\u0159bitov\u011b, \u010d\u00edslo hrobu 77.<\/p>\n","protected":false},"excerpt":{"rendered":"<p>1836 \u2013 12. 8. 1890 P\u016fvodn\u011b zbraslavsk\u00fd podu\u010ditel poch\u00e1zel z L\u00ed\u0161nice a v roce 1860, kdy nastoupil jako \u0159\u00edd\u00edc\u00ed u\u010ditel do \u0161koly v Mal\u00e9 Chuchli, mu bylo 24 let. Do \u017eivota obce se zapojil ihned jako \u0159editel k\u016fru a kosteln\u00edk &hellip; <a href=\"https:\/\/regionplus.cz\/chuchle\/vyznamne-osobnosti\/suk-josef\/\">Cel\u00fd p\u0159\u00edsp\u011bvek <span class=\"meta-nav\">&rarr;<\/span><\/a><\/p>\n","protected":false},"author":1,"featured_media":0,"parent":96,"menu_order":0,"comment_status":"closed","ping_status":"closed","template":"","meta":{"footnotes":""},"class_list":["post-137","page","type-page","status-publish","hentry"],"_links":{"self":[{"href":"https:\/\/regionplus.cz\/chuchle\/wp-json\/wp\/v2\/pages\/137","targetHints":{"allow":["GET"]}}],"collection":[{"href":"https:\/\/regionplus.cz\/chuchle\/wp-json\/wp\/v2\/pages"}],"about":[{"href":"https:\/\/regionplus.cz\/chuchle\/wp-json\/wp\/v2\/types\/page"}],"author":[{"embeddable":true,"href":"https:\/\/regionplus.cz\/chuchle\/wp-json\/wp\/v2\/users\/1"}],"replies":[{"embeddable":true,"href":"https:\/\/regionplus.cz\/chuchle\/wp-json\/wp\/v2\/comments?post=137"}],"version-history":[{"count":3,"href":"https:\/\/regionplus.cz\/chuchle\/wp-json\/wp\/v2\/pages\/137\/revisions"}],"predecessor-version":[{"id":680,"href":"https:\/\/regionplus.cz\/chuchle\/wp-json\/wp\/v2\/pages\/137\/revisions\/680"}],"up":[{"embeddable":true,"href":"https:\/\/regionplus.cz\/chuchle\/wp-json\/wp\/v2\/pages\/96"}],"wp:attachment":[{"href":"https:\/\/regionplus.cz\/chuchle\/wp-json\/wp\/v2\/media?parent=137"}],"curies":[{"name":"wp","href":"https:\/\/api.w.org\/{rel}","templated":true}]}}