{"id":133,"date":"2021-10-02T23:07:30","date_gmt":"2021-10-02T21:07:30","guid":{"rendered":"http:\/\/regionplus.cz\/chuchle\/?page_id=133"},"modified":"2023-05-10T21:42:44","modified_gmt":"2023-05-10T19:42:44","slug":"serafin-josef","status":"publish","type":"page","link":"https:\/\/regionplus.cz\/chuchle\/vyznamne-osobnosti\/serafin-josef\/","title":{"rendered":"Seraf\u00edn Josef"},"content":{"rendered":"<p><a href=\"http:\/\/regionplus.cz\/chuchle\/wp-content\/uploads\/sites\/2\/2022\/02\/josef_serafin.jpg\"><img loading=\"lazy\" decoding=\"async\" class=\"alignleft size-full wp-image-476\" src=\"http:\/\/regionplus.cz\/chuchle\/wp-content\/uploads\/sites\/2\/2022\/02\/josef_serafin.jpg\" alt=\"\" width=\"300\" height=\"314\" srcset=\"https:\/\/regionplus.cz\/chuchle\/wp-content\/uploads\/sites\/2\/2022\/02\/josef_serafin.jpg 300w, https:\/\/regionplus.cz\/chuchle\/wp-content\/uploads\/sites\/2\/2022\/02\/josef_serafin-287x300.jpg 287w\" sizes=\"auto, (max-width: 300px) 100vw, 300px\" \/><\/a>3.2.1922 \u2013 11.9.2006<\/p>\n<p>Narodil se na v\u00fdchodn\u00edm Slovensku v Kamenn\u00e9 Porub\u011b jako nejstar\u0161\u00ed ze \u010dty\u0159 sourozenc\u016f. V dob\u011b druh\u00e9 sv\u011btov\u00e9 v\u00e1lky narukoval do slovensk\u00e9 arm\u00e1dy, kter\u00e1 bojovala po boku fa\u0161istick\u00e9ho N\u011bmecka. V roce 1943 slou\u017eil v z\u00e1lo\u017en\u00ed divizi v B\u011blorusku. Na konci roku byla tato divize pro nespolehlivost a sympatie k b\u011blorusk\u00fdm partyz\u00e1n\u016fm p\u0159evelena jako technick\u00e1 brig\u00e1da do It\u00e1lie, kde se \u00fa\u010dastnila boj\u016f u Monte Cassina. Zde v italsk\u00fdch hor\u00e1ch v\u011bt\u0161ina voj\u00e1k\u016f p\u0159e\u0161la na opa\u010dnou stranu fronty. Mezi nimi byl i Josef Seraf\u00edn. Voj\u00e1ci byli p\u0159esunuti nejprve do Al\u017e\u00edru a odsud pak vojensk\u00fdm konvojem St\u0159edozemn\u00edm mo\u0159em do Brit\u00e1nie. Zde se stal \u010dlenem \u010deskoslovensk\u00e9 obrn\u011bn\u00e9 brig\u00e1dy, kter\u00e1 se \u00fa\u010dastnila druh\u00e9ho vylod\u011bn\u00ed v Normandii. 2. \u0159\u00edjna 1944 tato jednotka obl\u00e9hala Dunkerque. Josef Seraf\u00edn zde p\u016fsobil jako \u0159idi\u010d sanity a\u017e do kv\u011btna 1945, kdy se vr\u00e1til do \u010ceskoslovenska.<\/p>\n<p>Po v\u00e1lce se usadil v Litv\u00ednov\u011b, kde p\u016fsobil jako \u0159idi\u010d a dispe\u010der \u010cSAD. S n\u00e1stupem komunismu v \u010ceskoslovensku byl Josef Seraf\u00edn jako p\u0159\u00edslu\u0161n\u00edk z\u00e1padn\u00edho odboje vzat v nemilost a n\u011bkolikr\u00e1t mu hrozilo zat\u010den\u00ed. V t\u00e9to pohnut\u00e9 dob\u011b jako hluboce v\u011b\u0159\u00edc\u00ed \u010dlov\u011bk a p\u0159\u00edslu\u0161n\u00edk \u0159eckokatolick\u00e9 c\u00edrkve n\u011bkolikr\u00e1t pomohl \u0159eckokatolick\u00fdm kn\u011b\u017e\u00edm, kte\u0159\u00ed byli deportov\u00e1ni z v\u00fdchodn\u00edho Slovenska a nemohli vykon\u00e1vat svoji \u010dinnost.<\/p>\n<p>Po sedmat\u0159iceti letech se pak Josef Seraf\u00edn s rodinou p\u0159est\u011bhoval do Velk\u00e9 Chuchle, kde se aktivn\u011b zapojil do \u010dinnosti zdej\u0161\u00edch odboj\u00e1\u0159sk\u00fdch organizac\u00ed. Organizoval ve\u0161ker\u00e9 p\u0159ipom\u00ednky v\u00fdro\u010d\u00ed vzniku \u010ceskoslovenska a Kv\u011btnov\u00e9ho povst\u00e1n\u00ed 1945 a staral se o zdej\u0161\u00ed pomn\u00ed\u010dky a pietn\u00ed m\u00edsta. P\u0159ipravoval tak\u00e9 pro d\u011bti z\u00e1kladn\u00edch \u0161kol v regionu autobusov\u00e9 z\u00e1jezdy na pam\u00e1tn\u00e1 m\u00edsta spojen\u00e1 s v\u00e1lkou a odbojem a prov\u00e1d\u011bl rozs\u00e1hlou osv\u011btovou \u010dinnost.<\/p>\n<div id=\"attachment_478\" style=\"width: 810px\" class=\"wp-caption aligncenter\"><a href=\"http:\/\/regionplus.cz\/chuchle\/wp-content\/uploads\/sites\/2\/2022\/02\/kveten2003josef_serafin.jpg\"><img loading=\"lazy\" decoding=\"async\" aria-describedby=\"caption-attachment-478\" class=\"size-full wp-image-478\" src=\"http:\/\/regionplus.cz\/chuchle\/wp-content\/uploads\/sites\/2\/2022\/02\/kveten2003josef_serafin.jpg\" alt=\"\" width=\"800\" height=\"534\" srcset=\"https:\/\/regionplus.cz\/chuchle\/wp-content\/uploads\/sites\/2\/2022\/02\/kveten2003josef_serafin.jpg 800w, https:\/\/regionplus.cz\/chuchle\/wp-content\/uploads\/sites\/2\/2022\/02\/kveten2003josef_serafin-300x200.jpg 300w, https:\/\/regionplus.cz\/chuchle\/wp-content\/uploads\/sites\/2\/2022\/02\/kveten2003josef_serafin-768x513.jpg 768w, https:\/\/regionplus.cz\/chuchle\/wp-content\/uploads\/sites\/2\/2022\/02\/kveten2003josef_serafin-449x300.jpg 449w, https:\/\/regionplus.cz\/chuchle\/wp-content\/uploads\/sites\/2\/2022\/02\/kveten2003josef_serafin-120x80.jpg 120w\" sizes=\"auto, (max-width: 800px) 100vw, 800px\" \/><\/a><p id=\"caption-attachment-478\" class=\"wp-caption-text\">Josef Seraf\u00edn p\u0159\u00ed projevu v kv\u011btnu 2003 p\u0159ed Z\u0160 Charlotty Masarykov\u00e9<\/p><\/div>\n<p>Byl velice skromn\u00fd, a tak o jeho \u017eivotn\u00edch osudech jsme se poprv\u00e9 dozv\u011bd\u011bli a\u017e v souvislosti s 60. v\u00fdro\u010d\u00edm operace Overlord v roce 2004. Tehdy p\u0159i p\u0159\u00edle\u017eitosti oslav v\u00fdro\u010d\u00ed jmenoval francouzsk\u00fd prezident Jacques Chirac Josefa Seraf\u00edna Ryt\u00ed\u0159em \u010destn\u00e9 legie Francouzsk\u00e9 republiky. Kdy\u017e Josefu Seraf\u00ednovi p\u0159ed\u00e1val vyznamen\u00e1n\u00ed francouzsk\u00fd ambasador Joel de Zorzi v Praze, gratuloval legion\u00e1\u0159i prezident V\u00e1clav Klaus. Z\u00e1sluhy Josefa Seraf\u00edna ocenila i jeho rodn\u00e1 obec Kamenn\u00e1 Poruba, kdy\u017e ho kr\u00e1tce p\u0159ed smrt\u00ed jmenovala \u010destn\u00fdm ob\u010danem obce. V roce 2015 mu byla v Kamenn\u00e9 Porub\u011b na n\u00e1vsi p\u0159ed obecn\u00edm \u00fa\u0159adem odhalena pam\u011btn\u00ed deska.<\/p>\n<p>Je poh\u0159ben\u00fd na star\u00e9m h\u0159bitov\u011b ve Velk\u00e9 Chuchli, \u010d\u00edslo hrobu 123.<\/p>\n<hr \/>\n<p>D\u0148a 9.\u00a08. 2015 sa uskuto\u010dnilo v Kamennej Porube sl\u00e1vnostn\u00e9 odhalenie pam\u00e4tnej tabule miestnemu rod\u00e1kovi mjr. Jozefovi Seraf\u00ednovi. Organiz\u00e1torom tejto akcie bola obec Kamenn\u00e1 Poruba, Okresn\u00fd \u00farad Vranov n. T., Hornozempl\u00ednska kni\u017enica vo Vranove v spolupr\u00e1ci s Odborom Mladej Matice v Kamennej Porube.<\/p>\n<p>Na sl\u00e1vnostnom odhalen\u00ed vyst\u00fapili viacer\u00ed re\u010dn\u00edci: prednosta Okresn\u00e9ho \u00faradu Pavol Mol\u010dan, poslanec NR SR \u0160tefan Hreha, syn Du\u0161an a mnoho in\u00fdch. Podujatia podporili svojou \u00fa\u010das\u0165ou aj mati\u010diari pod veden\u00edm podpredsedu MS Mari\u00e1na Ge\u0161pera a riadite\u013eka Hornozempl\u00ednskej kni\u017enice Em\u00edlia Antolikov\u00e1, ktor\u00e1 akciu moderovala. Ceremoni\u00e1l v\u00fdznamne spestrili mlad\u00ed mati\u010diari z Kamennej Porube. Jozef Seraf\u00edn bol symbolicky vyznamenan\u00fd v dramatickej sc\u00e9nke, kde ho stv\u00e1rnil jeho prasynovec J\u00falius Seraf\u00edn, ktor\u00fd je predsedom OMM v Kamennej Porube. Mlad\u00ed mati\u010diari potom v dobov\u00fdch uniform\u00e1ch polo\u017eili vence k jeho pam\u00e4tn\u00edku a st\u00e1li pri \u0148om na str\u00e1\u017ei po\u010das posv\u00e4tenia gr\u00e9ckokatol\u00edckym k\u0148azom. Na z\u00e1ver si v\u0161etci z\u00fa\u010dastnen\u00ed, ktor\u00ed sa zi\u0161li v hojnom mno\u017estve, zaspievali s jeho synom otcove ob\u013e\u00faben\u00e9 slovensk\u00e9 piesne. Cerem\u00f3nie sa z\u00fa\u010dastnilo mno\u017estvo \u013eud\u00ed z cel\u00e9ho okolia, medzi pozvan\u00fdmi hos\u0165ami nech\u00fdbali ani hostia zo zahrani\u010dia.<\/p>\n<p>Zdroj: <a href=\"http:\/\/matica.sk\/pocta-mjr-jozefovi-serafinovi\/\">http:\/\/matica.sk\/pocta-mjr-jozefovi-serafinovi\/<\/a>\u00a0(citov\u00e1no dne 23. 2. 2022)<\/p>\n<hr \/>\n<p class=\"news-detail__perex\">Sedmi \u010desk\u00fdm v\u00e1le\u010dn\u00fdm veter\u00e1n\u016fm, kte\u0159\u00ed bojovali v dob\u011b 2. sv\u011btov\u00e9 v\u00e1lky za svobodu Francie p\u0159edal v p\u00e1tek 4. \u010dervna 2004 francouzsk\u00fd velvyslanec Jo\u00ebl de Zorzi hodnost ryt\u00ed\u0159e \u010cestn\u00e9 legie, kterou deseti b\u00fdval\u00fdm \u010desk\u00fdm voj\u00e1k\u016fm ud\u011blil prezident Francouzsk\u00e9 republiky Jacques Chirac.<\/p>\n<p>Slavnostn\u00edho p\u0159ed\u00e1n\u00ed u p\u0159\u00edle\u017eitosti 60. v\u00fdro\u010d\u00ed bitvy o Normandii byl p\u0159\u00edtomen prezident \u010cesk\u00e9 republiky V\u00e1clav Klaus, kter\u00fd ve sv\u00e9m projevu ocenil z\u00e1sluhy v\u00e1le\u010dn\u00fdch veter\u00e1n\u016f a sl\u00edbil, \u017ee se zasad\u00ed o to, aby na jejich \u010diny nebylo nikdy zapomenuto.<\/p>\n<p>Za Ministerstvo obrany \u010cesk\u00e9 republiky pogratulovali vyznamenan\u00fdm \u00fa\u010dastn\u00edk\u016fm z\u00e1padn\u00edho odboje &#8211; p\u0159\u00edslu\u0161n\u00edk\u016fm \u010deskoslovensk\u00e9 samostatn\u00e9 obrn\u011bn\u00e9 brig\u00e1dy n\u00e1m\u011bstkyn\u011b ministra obrany Jaroslava P\u0159ibylov\u00e1 a prvn\u00ed z\u00e1stupce n\u00e1\u010deln\u00edka Gener\u00e1ln\u00edho \u0161t\u00e1bu Arm\u00e1dy \u010cesk\u00e9 republiky gener\u00e1lmajor Jaroslav Kolkus.<\/p>\n<p>P\u0159\u00edtomen byl tak\u00e9 p\u0159edseda \u010ceskoslovensk\u00e9 obce legion\u00e1\u0159sk\u00e9 gener\u00e1lmajor Anton\u00edn \u0160pa\u010dek, kter\u00fd by m\u011bl p\u0159evz\u00edt toto vysok\u00e9 francouzsk\u00e9 vyznamen\u00e1n\u00ed na oslav\u00e1ch 60. v\u00fdro\u010d\u00ed boj\u016f u Normandii v m\u011bste\u010dku Arromanches v ned\u011bli 6. \u010dervna 2004.<\/p>\n<p>Na francouzsk\u00e9m velvyslanectv\u00ed v Praze p\u0159evzali \u0158\u00e1d \u010cestn\u00e9 legie plukovn\u00edci ve v\u00fdslu\u017eb\u011b Josef Herz, Stanislav Li\u0161ka, V\u00e1clav Straka a V\u00e1clav Vondr\u00e1k, majo\u0159i Josef Serafin, Karel Ra\u0161ka a Ludv\u00edk Holeska.<\/p>\n<p>Zdroj: <a href=\"https:\/\/www.army.cz\/scripts\/detail.php?id=3543\">https:\/\/www.army.cz\/scripts\/detail.php?id=3543<\/a> (citov\u00e1no dne 23. 2. 2022)<\/p>\n<p><a href=\"http:\/\/regionplus.cz\/chuchle\/wp-content\/uploads\/sites\/2\/2022\/02\/rad-cestne-legie-2004.jpg\"><img loading=\"lazy\" decoding=\"async\" class=\"aligncenter size-full wp-image-474\" src=\"http:\/\/regionplus.cz\/chuchle\/wp-content\/uploads\/sites\/2\/2022\/02\/rad-cestne-legie-2004.jpg\" alt=\"\" width=\"800\" height=\"600\" srcset=\"https:\/\/regionplus.cz\/chuchle\/wp-content\/uploads\/sites\/2\/2022\/02\/rad-cestne-legie-2004.jpg 800w, https:\/\/regionplus.cz\/chuchle\/wp-content\/uploads\/sites\/2\/2022\/02\/rad-cestne-legie-2004-300x225.jpg 300w, https:\/\/regionplus.cz\/chuchle\/wp-content\/uploads\/sites\/2\/2022\/02\/rad-cestne-legie-2004-768x576.jpg 768w, https:\/\/regionplus.cz\/chuchle\/wp-content\/uploads\/sites\/2\/2022\/02\/rad-cestne-legie-2004-400x300.jpg 400w, https:\/\/regionplus.cz\/chuchle\/wp-content\/uploads\/sites\/2\/2022\/02\/rad-cestne-legie-2004-160x120.jpg 160w\" sizes=\"auto, (max-width: 800px) 100vw, 800px\" \/><\/a><\/p>\n<p style=\"text-align: center;\">Major Josef Seraf\u00edn t\u0159et\u00ed zprava<\/p>\n<hr \/>\n<p>100. v\u00fdro\u010d\u00ed narozen\u00ed mjr. Josefa Seraf\u00edna p\u0159ipomenula Matice slovensk\u00e1 \u010dl\u00e1nkem Mgr. Martina Hajn\u00edka: <a href=\"https:\/\/matica.sk\/storocnica-jozefa-serafina-hrdinu-z-kamennej-poruby\/?fbclid=IwAR25BU9WdO_SBZRNu408yXYlWDt_gvWSP6UarQZrv1eDBrGzaSdtGoPBrMM\">Storo\u010dnica Jozefa Serafina, hrdinu z Kamennej Poruby <\/a>(16. 2. 2022)<\/p>\n","protected":false},"excerpt":{"rendered":"<p>3.2.1922 \u2013 11.9.2006 Narodil se na v\u00fdchodn\u00edm Slovensku v Kamenn\u00e9 Porub\u011b jako nejstar\u0161\u00ed ze \u010dty\u0159 sourozenc\u016f. V dob\u011b druh\u00e9 sv\u011btov\u00e9 v\u00e1lky narukoval do slovensk\u00e9 arm\u00e1dy, kter\u00e1 bojovala po boku fa\u0161istick\u00e9ho N\u011bmecka. V roce 1943 slou\u017eil v z\u00e1lo\u017en\u00ed divizi v B\u011blorusku. &hellip; <a href=\"https:\/\/regionplus.cz\/chuchle\/vyznamne-osobnosti\/serafin-josef\/\">Cel\u00fd p\u0159\u00edsp\u011bvek <span class=\"meta-nav\">&rarr;<\/span><\/a><\/p>\n","protected":false},"author":1,"featured_media":0,"parent":96,"menu_order":0,"comment_status":"closed","ping_status":"closed","template":"","meta":{"footnotes":""},"class_list":["post-133","page","type-page","status-publish","hentry"],"_links":{"self":[{"href":"https:\/\/regionplus.cz\/chuchle\/wp-json\/wp\/v2\/pages\/133","targetHints":{"allow":["GET"]}}],"collection":[{"href":"https:\/\/regionplus.cz\/chuchle\/wp-json\/wp\/v2\/pages"}],"about":[{"href":"https:\/\/regionplus.cz\/chuchle\/wp-json\/wp\/v2\/types\/page"}],"author":[{"embeddable":true,"href":"https:\/\/regionplus.cz\/chuchle\/wp-json\/wp\/v2\/users\/1"}],"replies":[{"embeddable":true,"href":"https:\/\/regionplus.cz\/chuchle\/wp-json\/wp\/v2\/comments?post=133"}],"version-history":[{"count":9,"href":"https:\/\/regionplus.cz\/chuchle\/wp-json\/wp\/v2\/pages\/133\/revisions"}],"predecessor-version":[{"id":679,"href":"https:\/\/regionplus.cz\/chuchle\/wp-json\/wp\/v2\/pages\/133\/revisions\/679"}],"up":[{"embeddable":true,"href":"https:\/\/regionplus.cz\/chuchle\/wp-json\/wp\/v2\/pages\/96"}],"wp:attachment":[{"href":"https:\/\/regionplus.cz\/chuchle\/wp-json\/wp\/v2\/media?parent=133"}],"curies":[{"name":"wp","href":"https:\/\/api.w.org\/{rel}","templated":true}]}}