{"id":129,"date":"2021-10-02T23:06:27","date_gmt":"2021-10-02T21:06:27","guid":{"rendered":"http:\/\/regionplus.cz\/chuchle\/?page_id=129"},"modified":"2022-01-20T15:41:40","modified_gmt":"2022-01-20T14:41:40","slug":"pribik-vladimir","status":"publish","type":"page","link":"https:\/\/regionplus.cz\/chuchle\/vyznamne-osobnosti\/pribik-vladimir\/","title":{"rendered":"P\u0159ib\u00edk Vladim\u00edr"},"content":{"rendered":"<p>3. 7. 1857 Mn\u00ed\u0161ek pod Brdy \u2013 1. 2. 1936 Mal\u00e1 Chuchle<\/p>\n<p>Vladim\u00edr P\u0159ib\u00edk poch\u00e1zel z u\u010ditelsk\u00e9 rodiny. Jeho otec a d\u011bd p\u016fsobili jako \u0159\u00edd\u00edc\u00ed u\u010ditel\u00e9 v Mn\u00ed\u0161ku pod Brdy a tak nebylo divu, \u017ee z\u016fstal v\u011brn\u00fd tradici a po studi\u00edch se rovn\u011b\u017e v\u011bnoval u\u010ditelsk\u00e9mu posl\u00e1n\u00ed. V Mal\u00e9 Chuchli za\u010dal u\u010dit po n\u011bkolika p\u0159edchoz\u00edch u\u010ditelsk\u00fdch m\u00edstech v roce 1890. Za\u010d\u00e1tek jeho p\u016fsoben\u00ed poznamenala zna\u010dn\u00fdm zp\u016fsobem povode\u0148 ve dnech 3. a 4. z\u00e1\u0159\u00ed 1890. S\u00e1m na tuto katastrofickou ud\u00e1lost vzpom\u00ednal ve \u0161koln\u00ed kronice: <em>\u201eDoprava na dr\u00e1ze \u00fapln\u011b a\u017e do 8. z\u00e1\u0159\u00ed musela b\u00fdti zastavena. P\u0159\u00edstup ke \u0161kole, kter\u00e1 t\u00e9\u017e byla sm\u011brem ke dr\u00e1ze \u00fapln\u011b zatopena, byl mo\u017en\u00fd jen od l\u00e1zn\u00ed. D\u00edtky \u0161koln\u00ed mohly j\u00edt do \u0161koly teprve 9. z\u00e1\u0159\u00ed. Pon\u011bvad\u017e povodn\u00ed byly ve\u0161ker\u00e9 silnice vymlety, a u\u010din\u011bny k\u00a0doprav\u011b po nich nezp\u016fsobil\u00fdmi, mohl. zat. \u0159\u00edd. u\u010d. s\u00a0velik\u00fdm nam\u00e1h\u00e1n\u00edm teprve 12. z\u00e1\u0159\u00ed v\u011bci sv\u00e9 ze \u0158evnic d\u00e1t p\u0159ist\u011bhovati. N\u00e1sledkem povodn\u011b sesadila se p\u016fda tak velice, \u017ee kamna v\u00a0kuchyni \u0161koln\u00ed dvakr\u00e1te po sob\u011b se zbo\u0159ila, a dla\u017edice v\u00a0chodb\u011b a spi\u017e\u00edrn\u011b se \u00fapln\u011b probo\u0159ily.\u201c<\/em><\/p>\n<p>Velmi brzy se zapojil do \u017eivota obce a hlavn\u011b mezi d\u011btmi byl obl\u00edben pro svoji m\u00edrnou a p\u0159\u00e1telskou povahu. Krom\u011b tradi\u010dn\u00edch p\u0159edm\u011bt\u016f u\u010dil tak\u00e9 n\u00e1bo\u017eenstv\u00ed, co\u017e nebylo u b\u011b\u017en\u00e9ho u\u010ditele obvykl\u00e9. B\u011bhem sv\u00e9ho v\u00edce ne\u017e t\u0159iat\u0159icetilet\u00e9ho p\u016fsoben\u00ed m\u011bl p\u0159\u00edle\u017eitost pedagogicky zap\u016fsobit na generace zdej\u0161\u00edch d\u011bt\u00ed. Mezi lidmi byl zn\u00e1m p\u0159edn\u011b sv\u00fdm z\u00e1jmem o historii a pam\u00e1tky v\u016fbec, na p\u0159elomu 19. a 20. stolet\u00ed upozornil na \u017ealostn\u00fd stav kostela sv. Jana Nepomuck\u00e9ho.<\/p>\n<p>Rovn\u011b\u017e byl nad\u0161en\u00fdm numizmatikem a \u010dlenem \u010cesk\u00e9 numismatick\u00e9 spole\u010dnosti. Jeho sb\u00edrka medail\u00ed s n\u00e1bo\u017eenskou tematikou \u010d\u00edtala 2000 ks a byla sv\u00e9ho \u010dasu nejv\u011bt\u0161\u00ed v\u00a0Rakousko\u2013Uhersku. Sv\u00e9 unik\u00e1ty p\u0159\u00edle\u017eitostn\u011b prezentoval na ve\u0159ejnosti, nap\u0159\u00edklad v roce 1895 na N\u00e1rodopisn\u00e9 v\u00fdstav\u011b nebo v roce 1906 na Okresn\u00ed v\u00fdstav\u011b ve Zbraslavi. Byl rovn\u011b\u017e vydavatelem n\u011bkolika p\u0159\u00edle\u017eitostn\u00fdch medail\u00ed.<\/p>\n<p>21. \u0159\u00edjna 1923 se usneslo obecn\u00ed zastupitelstvo Velk\u00e9 Chuchle jmenovat Vladim\u00edra P\u0159ib\u00edka \u010destn\u00fdm ob\u010danem Velk\u00e9 Chuchle, co\u017e se stalo p\u0159i slavnosti v Mal\u00e9 Chuchli 28. \u0159\u00edjna 1923. Zem\u0159el 1. \u00fanora 1936, poh\u0159ben je na h\u0159bitov\u011b v Mn\u00ed\u0161ku pod Brdy.<\/p>\n","protected":false},"excerpt":{"rendered":"<p>3. 7. 1857 Mn\u00ed\u0161ek pod Brdy \u2013 1. 2. 1936 Mal\u00e1 Chuchle Vladim\u00edr P\u0159ib\u00edk poch\u00e1zel z u\u010ditelsk\u00e9 rodiny. Jeho otec a d\u011bd p\u016fsobili jako \u0159\u00edd\u00edc\u00ed u\u010ditel\u00e9 v Mn\u00ed\u0161ku pod Brdy a tak nebylo divu, \u017ee z\u016fstal v\u011brn\u00fd tradici a po &hellip; <a href=\"https:\/\/regionplus.cz\/chuchle\/vyznamne-osobnosti\/pribik-vladimir\/\">Cel\u00fd p\u0159\u00edsp\u011bvek <span class=\"meta-nav\">&rarr;<\/span><\/a><\/p>\n","protected":false},"author":1,"featured_media":0,"parent":96,"menu_order":0,"comment_status":"closed","ping_status":"closed","template":"","meta":{"footnotes":""},"class_list":["post-129","page","type-page","status-publish","hentry"],"_links":{"self":[{"href":"https:\/\/regionplus.cz\/chuchle\/wp-json\/wp\/v2\/pages\/129","targetHints":{"allow":["GET"]}}],"collection":[{"href":"https:\/\/regionplus.cz\/chuchle\/wp-json\/wp\/v2\/pages"}],"about":[{"href":"https:\/\/regionplus.cz\/chuchle\/wp-json\/wp\/v2\/types\/page"}],"author":[{"embeddable":true,"href":"https:\/\/regionplus.cz\/chuchle\/wp-json\/wp\/v2\/users\/1"}],"replies":[{"embeddable":true,"href":"https:\/\/regionplus.cz\/chuchle\/wp-json\/wp\/v2\/comments?post=129"}],"version-history":[{"count":3,"href":"https:\/\/regionplus.cz\/chuchle\/wp-json\/wp\/v2\/pages\/129\/revisions"}],"predecessor-version":[{"id":420,"href":"https:\/\/regionplus.cz\/chuchle\/wp-json\/wp\/v2\/pages\/129\/revisions\/420"}],"up":[{"embeddable":true,"href":"https:\/\/regionplus.cz\/chuchle\/wp-json\/wp\/v2\/pages\/96"}],"wp:attachment":[{"href":"https:\/\/regionplus.cz\/chuchle\/wp-json\/wp\/v2\/media?parent=129"}],"curies":[{"name":"wp","href":"https:\/\/api.w.org\/{rel}","templated":true}]}}