{"id":117,"date":"2021-10-02T23:04:01","date_gmt":"2021-10-02T21:04:01","guid":{"rendered":"http:\/\/regionplus.cz\/chuchle\/?page_id=117"},"modified":"2022-01-20T16:22:12","modified_gmt":"2022-01-20T15:22:12","slug":"lebeda-otakar","status":"publish","type":"page","link":"https:\/\/regionplus.cz\/chuchle\/vyznamne-osobnosti\/lebeda-otakar\/","title":{"rendered":"Lebeda Otakar"},"content":{"rendered":"<p>Zaj\u00edmav\u00e9 osudy potkaly v\u011bt\u0161inu osobnost\u00ed, kter\u00e9 v\u00a0Chuchli \u017eily nebo zde alespo\u0148 pob\u00fdvaly. Ani v p\u0159\u00edpad\u011b v\u00fdznamn\u00e9ho \u010desk\u00e9ho mal\u00ed\u0159e Otakara Lebedy (1877\u20131901) tomu nebylo jinak. Chuchle je toti\u017e spojena s jeho tragick\u00fdm koncem \u017eivota.<\/p>\n<p>Svoji profesn\u00ed dr\u00e1hu zah\u00e1jil v\u00a0roce 1892 u profesora J. Ma\u0159\u00e1ka na pra\u017esk\u00e9 Akademii v\u00fdtvarn\u00fdch um\u011bn\u00ed. Jeho sou\u010dasn\u00edk Alois Kalvoda o n\u011bm soudil, \u017ee: <em>\u201ebyl plach\u00fd, proto i v\u00a0sebe uzav\u0159en\u00fd, tento romantick\u00fd hoch, \u010dernovlas\u00fd, s\u00a0tajemn\u00fdm pohledem oka, zaclon\u011bn\u00e9ho dlouh\u00fdmi \u0159asami. Ji\u017e\u00a0 ve \u0161kole m\u011bl Lebeda mimo\u0159\u00e1dn\u00e9 \u00fasp\u011bchy.\u201c<\/em><\/p>\n<p>Jeho talent byl skute\u010dn\u011b v\u00fdrazn\u00fd, spolu s\u00a0dal\u0161\u00edmi \u017e\u00e1ky Ma\u0159\u00e1kovy \u0161koly pro\u017e\u00edval okouzlen\u00ed d\u00edlem A. Chittussiho, v\u00a0dob\u011b, kdy se \u010desk\u00e9 krajin\u00e1\u0159stv\u00ed rozch\u00e1zelo s\u00a0popisn\u00fdm realismem a romantick\u00fdm aran\u017eov\u00e1n\u00edm p\u0159\u00edrodn\u00edch motiv\u016f. Lebeda v\u0161ak p\u0159edstavoval mezi sv\u00fdmi vrstevn\u00edky v\u00fdraznou individualitu, pracoval nejrad\u011bji s\u00e1m, neru\u0161en, av\u0161ak, jak p\u0159ipom\u00edn\u00e1 Kalvoda, <em>\u201ejeho oko vyt\u011b\u017eilo z\u00a0tajemn\u00fdch z\u00e1kout\u00ed p\u0159\u00edrody tolik kr\u00e1sy, \u017ee jsme b\u00fdvali ohromeni.\u201c <\/em><\/p>\n<p>V\u00a0obdob\u00ed sv\u00fdch za\u010d\u00e1tk\u016f jej p\u0159itahovaly zasmu\u0161il\u00e9 motivy t\u016fn\u00ed a horsk\u00fdch jezer, baladick\u00e1 a ponur\u00e1 krajina. Ve sv\u00fdch de\u0161tiv\u00fdch n\u00e1lad\u00e1ch a l\u00ed\u010den\u00ed horsk\u00e9ho prost\u0159ed\u00ed se vracel k\u00a0realismu. Jeho obrazy Jez\u00edrko v\u00a0hor\u00e1ch a Vznik B\u00edl\u00e9ho Labe jsou ulo\u017eeny v\u00a0N\u00e1rodn\u00ed galerii. V\u00a0pozd\u011bj\u0161\u00edm obdob\u00ed byl ji\u017e ovlivn\u011bn impresionismem, a to hlavn\u011b pod vlivem sv\u00e9 cesty do Francie, kde tak\u00e9 putoval po stop\u00e1ch obl\u00edben\u00e9ho Chittussiho. V\u00a0t\u00e9 dob\u011b se barvy jeho obraz\u016f zjasnily, co\u017e je zejm\u00e9na patrn\u00e9 z\u00a0obraz\u016f, kter\u00e9 maloval na breta\u0148sk\u00e9m pob\u0159e\u017e\u00ed. Vlivy exprese v\u0161ak st\u00e1le p\u0159eva\u017eovaly. Po n\u00e1vratu maloval hlavn\u011b v ji\u017en\u00edch \u010cech\u00e1ch, v\u00a0okol\u00ed Bechyn\u011b. Mezi zn\u00e1m\u00e1 d\u00edla pat\u0159\u00ed i jeho obraz \u017eelezni\u010dn\u00edho n\u00e1spu v\u00a0Mal\u00e9 Chuchli. Vrcholem jeho tvorby mohl snad b\u00fdt obraz \u201eBleskem zabit\u00fd,\u201c kter\u00fd maloval podle pro\u017eit\u00e9 pr\u00e1zdninov\u00e9 ud\u00e1losti kdesi na Chodsku. Z\u016fstal v\u0161ak ji\u017e nedokon\u010den.<\/p>\n<p>Zem\u0159el 12. dubna 1901 a na z\u00e1v\u011br jeho \u017eivota op\u011bt vzpom\u00edn\u00e1 jeho p\u0159\u00edtel Alois Kalvoda:\u00a0 <em>\u201eOdch\u00e1zel od stolu tak klidn\u011b, \u017ee jsme si toho ani valn\u011b nev\u0161imli. Za hodinu po sv\u00e9m odchodu stanul nad Chuchl\u00ed u lesa, kde se jeho mlad\u00e9 t\u011blo sk\u00e1celo mrtvo. Z\u00a0r\u00e1ny proudila krev do tr\u00e1vy, v\u00a0n\u00ed\u017e ukazovaly se prvn\u00ed jarn\u00ed kv\u011bty. Jeho pravice nad jin\u00e9 povolan\u00e1, aby vytv\u00e1\u0159ela jedine\u010dn\u00e9 harmonie barevn\u00fdch n\u00e1lad, t\u0159\u00edmala zbra\u0148, kter\u00e1 ukon\u010dila jakousi nep\u0159ekonatelnou t\u00edhu mlad\u00e9ho nad\u011bjn\u00e9ho \u017eivota.\u201c<\/em><\/p>\n","protected":false},"excerpt":{"rendered":"<p>Zaj\u00edmav\u00e9 osudy potkaly v\u011bt\u0161inu osobnost\u00ed, kter\u00e9 v\u00a0Chuchli \u017eily nebo zde alespo\u0148 pob\u00fdvaly. Ani v p\u0159\u00edpad\u011b v\u00fdznamn\u00e9ho \u010desk\u00e9ho mal\u00ed\u0159e Otakara Lebedy (1877\u20131901) tomu nebylo jinak. Chuchle je toti\u017e spojena s jeho tragick\u00fdm koncem \u017eivota. Svoji profesn\u00ed dr\u00e1hu zah\u00e1jil v\u00a0roce 1892 u &hellip; <a href=\"https:\/\/regionplus.cz\/chuchle\/vyznamne-osobnosti\/lebeda-otakar\/\">Cel\u00fd p\u0159\u00edsp\u011bvek <span class=\"meta-nav\">&rarr;<\/span><\/a><\/p>\n","protected":false},"author":1,"featured_media":0,"parent":96,"menu_order":0,"comment_status":"closed","ping_status":"closed","template":"","meta":{"footnotes":""},"class_list":["post-117","page","type-page","status-publish","hentry"],"_links":{"self":[{"href":"https:\/\/regionplus.cz\/chuchle\/wp-json\/wp\/v2\/pages\/117","targetHints":{"allow":["GET"]}}],"collection":[{"href":"https:\/\/regionplus.cz\/chuchle\/wp-json\/wp\/v2\/pages"}],"about":[{"href":"https:\/\/regionplus.cz\/chuchle\/wp-json\/wp\/v2\/types\/page"}],"author":[{"embeddable":true,"href":"https:\/\/regionplus.cz\/chuchle\/wp-json\/wp\/v2\/users\/1"}],"replies":[{"embeddable":true,"href":"https:\/\/regionplus.cz\/chuchle\/wp-json\/wp\/v2\/comments?post=117"}],"version-history":[{"count":2,"href":"https:\/\/regionplus.cz\/chuchle\/wp-json\/wp\/v2\/pages\/117\/revisions"}],"predecessor-version":[{"id":444,"href":"https:\/\/regionplus.cz\/chuchle\/wp-json\/wp\/v2\/pages\/117\/revisions\/444"}],"up":[{"embeddable":true,"href":"https:\/\/regionplus.cz\/chuchle\/wp-json\/wp\/v2\/pages\/96"}],"wp:attachment":[{"href":"https:\/\/regionplus.cz\/chuchle\/wp-json\/wp\/v2\/media?parent=117"}],"curies":[{"name":"wp","href":"https:\/\/api.w.org\/{rel}","templated":true}]}}