{"id":106,"date":"2021-10-02T22:55:30","date_gmt":"2021-10-02T20:55:30","guid":{"rendered":"http:\/\/regionplus.cz\/chuchle\/?page_id=106"},"modified":"2025-06-05T20:17:30","modified_gmt":"2025-06-05T18:17:30","slug":"hauner-jaroslav","status":"publish","type":"page","link":"https:\/\/regionplus.cz\/chuchle\/vyznamne-osobnosti\/hauner-jaroslav\/","title":{"rendered":"Hauner Jaroslav"},"content":{"rendered":"<p><a href=\"http:\/\/regionplus.cz\/chuchle\/wp-content\/uploads\/sites\/2\/2023\/06\/jaroslav_hauner.jpg\"><img loading=\"lazy\" decoding=\"async\" class=\"alignright size-full wp-image-707\" src=\"http:\/\/regionplus.cz\/chuchle\/wp-content\/uploads\/sites\/2\/2023\/06\/jaroslav_hauner.jpg\" alt=\"\" width=\"350\" height=\"502\" srcset=\"https:\/\/regionplus.cz\/chuchle\/wp-content\/uploads\/sites\/2\/2023\/06\/jaroslav_hauner.jpg 350w, https:\/\/regionplus.cz\/chuchle\/wp-content\/uploads\/sites\/2\/2023\/06\/jaroslav_hauner-209x300.jpg 209w\" sizes=\"auto, (max-width: 350px) 100vw, 350px\" \/><\/a><\/p>\n<p>Jaroslav Hauner se narodil 1. listopadu 1923 v Praze, \u017eil s rodinou ve Velk\u00e9 Chuchli a vyu\u010dil se um\u011bleck\u00fdm klemp\u00ed\u0159em. Ve sv\u00e9m d\u011btstv\u00ed byl aktivn\u00ed v p\u00e1t\u00e9m odd\u00edle vodn\u00edch skaut\u016f v Praze. V dob\u011b nacistick\u00e9 okupace se zapojil do odbojov\u00e9 \u010dinnosti, mimo jin\u00e9 rozn\u00e1\u0161el ileg\u00e1ln\u011b vyd\u00e1van\u00e9 tiskoviny a pomohl ukr\u00fdt uprchl\u00e9ho v\u011bzn\u00e9 z koncentra\u010dn\u00edho t\u00e1bora. Snad nejl\u00e9pe to, jak\u00fd byl, vystihuj\u00ed ve sv\u00fdch vzpom\u00ednk\u00e1ch ostatn\u00ed odboj\u00e1\u0159i:\u00a0<em>\u201eJeho pom\u011br k vlasti, n\u00e1rodu, \u010dlov\u011bku, formovan\u00fd od \u00fatl\u00e9ho ml\u00e1d\u00ed rodinnou v\u00fdchovou v duchu pravdy, spravedlnosti a lidskosti, to bylo to, co p\u0159ivedlo mlad\u00e9ho Haunera hned v prv\u00fdch hodin\u00e1ch povst\u00e1n\u00ed do t\u00e1bora bojovn\u00edk\u016f. On dob\u0159e poci\u0165oval, \u017ee n\u00e1rod \u017eil po dlouh\u00fdch \u0161est let v zajet\u00ed n\u00e1sil\u00ed a bezpr\u00e1v\u00ed a \u017ee kone\u010dn\u011b nast\u00e1v\u00e1 okam\u017eik z\u00fa\u010dtov\u00e1n\u00ed. Proto jsme u n\u011bho vid\u011bli tolik nad\u0161en\u00ed pro povst\u00e1n\u00ed a tolik odhodl\u00e1n\u00ed.\u201c\u00a0<\/em><\/p>\n<p>Jaroslav Hauner v kv\u011btnu 1945 nejprve vykon\u00e1val funkci spojky zdej\u0161\u00edho revolu\u010dn\u00edho n\u00e1rodn\u00edho v\u00fdboru. Jeliko\u017e byl nevoj\u00e1k, nebyl za\u010dlen\u011bn mezi \u0159adov\u00e9 bojovn\u00edky a nebyl ani vyzbrojen. Jeho \u00fakolem bylo p\u0159ekl\u00e1dat rozhlasov\u00e9 zpr\u00e1vy z angli\u010dtiny.\u00a0 Rozhodl se pom\u00e1hat zdravotnick\u00e9mu person\u00e1lu ve \u0161kole, kde tehdy byla o\u0161et\u0159ovna. Otec mu\u00a0 (podle dochovan\u00e9ho anonymn\u00edho sv\u011bdectv\u00ed ve Skautsk\u00e9m archivu) domlouval, aby se tak\u00e9 schoval, \u017ee mu hroz\u00ed nebezpe\u010d\u00ed. Na to mu Jaroslav Hauner odpov\u011bd\u011bl:\u00a0<strong>\u201eKdyby ka\u017ed\u00fd utekl, jak by to dopadlo? A potom \u2013 nejkr\u00e1sn\u011bj\u0161\u00ed smrt je za vlast!\u201c<\/strong> Kdy\u017e N\u011bmci 8. kv\u011btna 1945 vstoupili na pozemek \u0161koly, na\u0161li p\u0159ed budovou j\u00edzdn\u00ed kolo, na n\u011bm\u017e byl zav\u011b\u0161en p\u00e1s s n\u00e1boji. Kdy\u017e vy\u0161et\u0159ovali, komu kolo pat\u0159\u00ed, Jaroslav Hauner se p\u0159iznal. Po asi patn\u00e1ctiminutov\u00e9m v\u00fdslechu ho u zdi \u010din\u017eovn\u00edho domu (\u010dp. 182) uprost\u0159ed obce zast\u0159elili.<\/p>\n<h2>Zaj\u00edmavosti<\/h2>\n<ul>\n<li>Na pam\u00e1tku syna Jaroslava Haunera zalo\u017eili ve Velk\u00e9 Chuchli jeho rodi\u010de skautsk\u00e9 odd\u00edly.<\/li>\n<li>Jeho otec se v roce 1959 pod\u00edlel na v\u00fdzdob\u011b Pomn\u00edku ob\u011btem odboje a revoluce na n\u00e1m\u011bst\u00ed Chuchelsk\u00fdch bojovn\u00edk\u016f (kovov\u00e9 ozdoby ve tvaru lipov\u00fdch list\u016f, znak \u010desk\u00e9ho lva)<\/li>\n<li>V roce 2012 byla jedna z ulic v lokalit\u011b Lahovsk\u00e1 pojmenov\u00e1na po Jaroslavu Haunerovi.<\/li>\n<li>Od roku 2016 po\u0159\u00e1d\u00e1 Z\u0160 Charlotty Masarykov\u00e9 brann\u00fd z\u00e1vod hl\u00eddek v Chuchelsk\u00e9m h\u00e1ji, kter\u00fd se jmenuje &#8222;Memori\u00e1l Jaroslava Haunera.&#8220; Jedno ze zastaven\u00ed z\u00e1vodu je u pam\u00e1tn\u00edku padl\u00fdch v kv\u011btnu 1945 nedaleko h\u0159bitova.<\/li>\n<\/ul>\n<p style=\"text-align: center;\"><strong>Dokumenty z fondu Rudolf Plajner (Skautsk\u00fd archiv)<\/strong><\/p>\n<p style=\"text-align: center;\">Vzpom\u00ednka z bulletinu vodn\u00ed p\u011btky<\/p>\n<p><a href=\"http:\/\/regionplus.cz\/chuchle\/wp-content\/uploads\/sites\/2\/2025\/05\/hauner-skautsky-archiv.jpeg\"><img loading=\"lazy\" decoding=\"async\" class=\"aligncenter size-full wp-image-1122\" src=\"http:\/\/regionplus.cz\/chuchle\/wp-content\/uploads\/sites\/2\/2025\/05\/hauner-skautsky-archiv.jpeg\" alt=\"\" width=\"2048\" height=\"687\" srcset=\"https:\/\/regionplus.cz\/chuchle\/wp-content\/uploads\/sites\/2\/2025\/05\/hauner-skautsky-archiv.jpeg 2048w, https:\/\/regionplus.cz\/chuchle\/wp-content\/uploads\/sites\/2\/2025\/05\/hauner-skautsky-archiv-300x101.jpeg 300w, https:\/\/regionplus.cz\/chuchle\/wp-content\/uploads\/sites\/2\/2025\/05\/hauner-skautsky-archiv-1024x344.jpeg 1024w, https:\/\/regionplus.cz\/chuchle\/wp-content\/uploads\/sites\/2\/2025\/05\/hauner-skautsky-archiv-768x258.jpeg 768w, https:\/\/regionplus.cz\/chuchle\/wp-content\/uploads\/sites\/2\/2025\/05\/hauner-skautsky-archiv-1536x515.jpeg 1536w, https:\/\/regionplus.cz\/chuchle\/wp-content\/uploads\/sites\/2\/2025\/05\/hauner-skautsky-archiv-500x168.jpeg 500w\" sizes=\"auto, (max-width: 2048px) 100vw, 2048px\" \/><\/a><\/p>\n<p style=\"text-align: center;\"><a href=\"http:\/\/regionplus.cz\/chuchle\/wp-content\/uploads\/sites\/2\/2025\/05\/Hauner-Jaroslav-Z-F-Plajner.pdf\">Neautorizovan\u00e1 vzpom\u00ednka na posledn\u00ed okam\u017eiky Jaroslava Haunera (PDF)<\/a><\/p>\n<hr \/>\n<p style=\"text-align: center;\"><strong>Vzpom\u00ednka Ing. Stanislava Mart\u00ednka &#8211; jednatele 68. z\u00e1kladn\u00ed organizace \u010cesk\u00e9ho svazu bojovn\u00edk\u016f za svobodu ve Velk\u00e9 Chuchli z 28. 2. 1991<\/strong><\/p>\n<p><a href=\"http:\/\/regionplus.cz\/chuchle\/wp-content\/uploads\/sites\/2\/2025\/06\/hauner-vzpominka-martinek-1991.jpg\"><img loading=\"lazy\" decoding=\"async\" class=\"aligncenter size-full wp-image-1178\" src=\"http:\/\/regionplus.cz\/chuchle\/wp-content\/uploads\/sites\/2\/2025\/06\/hauner-vzpominka-martinek-1991.jpg\" alt=\"\" width=\"1065\" height=\"249\" srcset=\"https:\/\/regionplus.cz\/chuchle\/wp-content\/uploads\/sites\/2\/2025\/06\/hauner-vzpominka-martinek-1991.jpg 1065w, https:\/\/regionplus.cz\/chuchle\/wp-content\/uploads\/sites\/2\/2025\/06\/hauner-vzpominka-martinek-1991-300x70.jpg 300w, https:\/\/regionplus.cz\/chuchle\/wp-content\/uploads\/sites\/2\/2025\/06\/hauner-vzpominka-martinek-1991-1024x239.jpg 1024w, https:\/\/regionplus.cz\/chuchle\/wp-content\/uploads\/sites\/2\/2025\/06\/hauner-vzpominka-martinek-1991-768x180.jpg 768w, https:\/\/regionplus.cz\/chuchle\/wp-content\/uploads\/sites\/2\/2025\/06\/hauner-vzpominka-martinek-1991-500x117.jpg 500w\" sizes=\"auto, (max-width: 1065px) 100vw, 1065px\" \/><\/a><\/p>\n","protected":false},"excerpt":{"rendered":"<p>Jaroslav Hauner se narodil 1. listopadu 1923 v Praze, \u017eil s rodinou ve Velk\u00e9 Chuchli a vyu\u010dil se um\u011bleck\u00fdm klemp\u00ed\u0159em. Ve sv\u00e9m d\u011btstv\u00ed byl aktivn\u00ed v p\u00e1t\u00e9m odd\u00edle vodn\u00edch skaut\u016f v Praze. V dob\u011b nacistick\u00e9 okupace se zapojil do odbojov\u00e9 &hellip; <a href=\"https:\/\/regionplus.cz\/chuchle\/vyznamne-osobnosti\/hauner-jaroslav\/\">Cel\u00fd p\u0159\u00edsp\u011bvek <span class=\"meta-nav\">&rarr;<\/span><\/a><\/p>\n","protected":false},"author":1,"featured_media":0,"parent":96,"menu_order":0,"comment_status":"closed","ping_status":"closed","template":"","meta":{"footnotes":""},"class_list":["post-106","page","type-page","status-publish","hentry"],"_links":{"self":[{"href":"https:\/\/regionplus.cz\/chuchle\/wp-json\/wp\/v2\/pages\/106","targetHints":{"allow":["GET"]}}],"collection":[{"href":"https:\/\/regionplus.cz\/chuchle\/wp-json\/wp\/v2\/pages"}],"about":[{"href":"https:\/\/regionplus.cz\/chuchle\/wp-json\/wp\/v2\/types\/page"}],"author":[{"embeddable":true,"href":"https:\/\/regionplus.cz\/chuchle\/wp-json\/wp\/v2\/users\/1"}],"replies":[{"embeddable":true,"href":"https:\/\/regionplus.cz\/chuchle\/wp-json\/wp\/v2\/comments?post=106"}],"version-history":[{"count":7,"href":"https:\/\/regionplus.cz\/chuchle\/wp-json\/wp\/v2\/pages\/106\/revisions"}],"predecessor-version":[{"id":1179,"href":"https:\/\/regionplus.cz\/chuchle\/wp-json\/wp\/v2\/pages\/106\/revisions\/1179"}],"up":[{"embeddable":true,"href":"https:\/\/regionplus.cz\/chuchle\/wp-json\/wp\/v2\/pages\/96"}],"wp:attachment":[{"href":"https:\/\/regionplus.cz\/chuchle\/wp-json\/wp\/v2\/media?parent=106"}],"curies":[{"name":"wp","href":"https:\/\/api.w.org\/{rel}","templated":true}]}}